{"id":118,"date":"2017-07-27T14:01:49","date_gmt":"2017-07-27T12:01:49","guid":{"rendered":"http:\/\/www.bio-nickl.de\/wordpress\/?page_id=118"},"modified":"2024-12-21T09:33:30","modified_gmt":"2024-12-21T08:33:30","slug":"ich-ueber-mich","status":"publish","type":"page","link":"https:\/\/www.bio-nickl.de\/wordpress\/ich-ueber-mich\/","title":{"rendered":"\u00dcber mich"},"content":{"rendered":"<p><strong>Mein Name ist Thomas Nickl.<\/strong><\/p>\n<figure id=\"attachment_121\" aria-describedby=\"caption-attachment-121\" style=\"width: 192px\" class=\"wp-caption alignright\"><img loading=\"lazy\" decoding=\"async\" class=\"size-medium wp-image-121\" src=\"http:\/\/www.bio-nickl.de\/wordpress\/wp-content\/uploads\/2017\/07\/IMG_3204-AA-192x300.jpg\" alt=\"\" width=\"192\" height=\"300\" srcset=\"https:\/\/www.bio-nickl.de\/wordpress\/wp-content\/uploads\/2017\/07\/IMG_3204-AA-192x300.jpg 192w, https:\/\/www.bio-nickl.de\/wordpress\/wp-content\/uploads\/2017\/07\/IMG_3204-AA-768x1198.jpg 768w, https:\/\/www.bio-nickl.de\/wordpress\/wp-content\/uploads\/2017\/07\/IMG_3204-AA-656x1024.jpg 656w, https:\/\/www.bio-nickl.de\/wordpress\/wp-content\/uploads\/2017\/07\/IMG_3204-AA.jpg 1096w\" sizes=\"auto, (max-width: 192px) 100vw, 192px\" \/><figcaption id=\"caption-attachment-121\" class=\"wp-caption-text\">The Daffodils und Thomas Nickl<\/figcaption><\/figure>\n<ul>\n<li>Baujahr 1953<\/li>\n<li>Diplombiologe<\/li>\n<li>Lehramt Biologie, Chemie, Geographie (Gymnasium Unterhaching, Oskar-Maria-Graf-Gymnasium Neufahrn)<\/li>\n<li>Auslandsdienst (Deutsche Schule Bilbao 1993-99)<\/li>\n<li>Seminarlehrer f\u00fcr Biologie (Lise-Meitner-Gymnasium Unterhaching, Rupprecht-Gymnasium M\u00fcnchen)<\/li>\n<li>Mitarbeit u. a. bei den Projekten Chik (Chemie im Kontext), DEMO (Teilchenmodell in der Unterstufe), &#8222;Bio? &#8211; Logisch!&#8220; (Praktikumsordner Biologie)<\/li>\n<li>Berater beim Buchner Verlag<\/li>\n<\/ul>\n<figure id=\"attachment_124\" aria-describedby=\"caption-attachment-124\" style=\"width: 300px\" class=\"wp-caption alignnone\"><img loading=\"lazy\" decoding=\"async\" class=\"size-medium wp-image-124\" src=\"http:\/\/www.bio-nickl.de\/wordpress\/wp-content\/uploads\/2017\/07\/27.7.17-Hamlet-mit-Tiger-B-Auss.-min-300x217.jpg\" alt=\"\" width=\"300\" height=\"217\" srcset=\"https:\/\/www.bio-nickl.de\/wordpress\/wp-content\/uploads\/2017\/07\/27.7.17-Hamlet-mit-Tiger-B-Auss.-min-300x217.jpg 300w, https:\/\/www.bio-nickl.de\/wordpress\/wp-content\/uploads\/2017\/07\/27.7.17-Hamlet-mit-Tiger-B-Auss.-min-768x556.jpg 768w, https:\/\/www.bio-nickl.de\/wordpress\/wp-content\/uploads\/2017\/07\/27.7.17-Hamlet-mit-Tiger-B-Auss.-min-1024x741.jpg 1024w, https:\/\/www.bio-nickl.de\/wordpress\/wp-content\/uploads\/2017\/07\/27.7.17-Hamlet-mit-Tiger-B-Auss.-min.jpg 1043w\" sizes=\"auto, (max-width: 300px) 100vw, 300px\" \/><figcaption id=\"caption-attachment-124\" class=\"wp-caption-text\">To be or not to be &#8230; (Tigersch\u00e4del aus der altehrw\u00fcrdigen Sammlung des Rupprecht-Gymnasiums und Thomas Nickl)<\/figcaption><\/figure>\n<h3><img loading=\"lazy\" decoding=\"async\" class=\"\" src=\"https:\/\/www.bio-nickl.de\/wordpress\/wp-content\/uploads\/2024\/06\/21.12.23-Portrait-Nikos-fertig.jpg\" width=\"291\" height=\"350\" \/><\/h3>\n<p><em>Portrait Thomas Nickl 2023 von dem K\u00fcnstler Nikos W. Dettmer<\/em><\/p>\n<h3><span style=\"color: #0000ff;\">Ganz herzlichen Dank an meinen Kollegen Felix Leitenberger f\u00fcr die unerm\u00fcdliche Hilfe bei den technischen Fragen!<\/span><\/h3>\n<p>&nbsp;<\/p>\n<p><strong>Ich habe nie eine Grundschule besucht, bin nicht nach der 4. Klasse in eine h\u00f6here Schule \u00fcbergetreten, nie in ein Gymnasium eingeschult worden und schon garnicht in eine 5. Klasse und habe streng genommen nicht einmal das Abitur abgelegt.<\/strong><\/p>\n<p>In meinem Jahrgang ist das nicht ungew\u00f6hnlich, denn 1959 gab es noch die gute, alte Volksschule (von der 1. bis zur 8. Klasse), die erst in der Mitte der Sechzigerjahre in Grund- und (damals) Hauptschule getrennt wurde. Der \u00dcbertritt in eine h\u00f6here Schule erfolgte in dieser Zeit regul\u00e4r entweder nach der 4. oder nach der 5. Klasse, je nach Entwicklungsstand \u2013 und bei mir hat sich das f\u00fcnfte Volksschuljahr immer positiv ausgewirkt.<\/p>\n<figure id=\"attachment_1114\" aria-describedby=\"caption-attachment-1114\" style=\"width: 754px\" class=\"wp-caption alignnone\"><img loading=\"lazy\" decoding=\"async\" class=\"wp-image-1114 size-full\" src=\"http:\/\/www.bio-nickl.de\/wordpress\/wp-content\/uploads\/2017\/12\/IR_Wirkorte_Freilassing_2016.jpg\" alt=\"\" width=\"754\" height=\"445\" srcset=\"https:\/\/www.bio-nickl.de\/wordpress\/wp-content\/uploads\/2017\/12\/IR_Wirkorte_Freilassing_2016.jpg 754w, https:\/\/www.bio-nickl.de\/wordpress\/wp-content\/uploads\/2017\/12\/IR_Wirkorte_Freilassing_2016-300x177.jpg 300w\" sizes=\"auto, (max-width: 706px) 89vw, (max-width: 767px) 82vw, 740px\" \/><figcaption id=\"caption-attachment-1114\" class=\"wp-caption-text\">Zentralschulhaus Freilassing, in dem ich nicht nur f\u00fcnf Jahre lang in die Volksschule ging, sondern auch meine Wohnung hatte. (Aufnahme nach der Renovierung: 2016) Dieser Anblick ist auch in Gerhard Polts Film &#8222;Und \u00c4ktschn!&#8220; zu sehen.<\/figcaption><\/figure>\n<p>Noch 1964 durfte nur eine altsprachliche h\u00f6here Schule den Namen Gymnasium beanspruchen; ich kam dagegen in die Oberrealschule (die heutige Realschule hie\u00df damals Mittelschule) mit grundst\u00e4ndigem Englisch und mathematisch-naturwissenschaftlich ausgerichtet. Die Z\u00e4hlung begann wieder von vorne mit der 1. Klasse, so dass ich diese Jahrgangsstufe nominell zwei Mal im Abstand von f\u00fcnf Jahren besucht habe. Aufgrund der bundesweiten Schulreform r\u00fcckte ich allerdings schon ein Jahr sp\u00e4ter statt in die 2. gleich in die 6. Klasse vor. Nach neun Jahren legte ich die Reifepr\u00fcfung ab; man sprach zwar auch damals vom Abitur, aber auf meinem Reifezeugnis taucht dieser Begriff nicht auf. Daf\u00fcr gab es 1973 ein Bonus-Malus-System, einen L\u00e4nderausgleich der Abiturnoten, bei dem Bayern aufgrund seines guten Durchschnitts einen Malus von insgesamt 0,2 kassierte, Berlin dagegen einen Bonus.<\/p>\n<figure id=\"attachment_1112\" aria-describedby=\"caption-attachment-1112\" style=\"width: 576px\" class=\"wp-caption alignnone\"><img loading=\"lazy\" decoding=\"async\" class=\"wp-image-1112 size-full\" src=\"http:\/\/www.bio-nickl.de\/wordpress\/wp-content\/uploads\/2017\/12\/IR_Wirkorte_Villa_Karg.jpg\" alt=\"\" width=\"576\" height=\"470\" srcset=\"https:\/\/www.bio-nickl.de\/wordpress\/wp-content\/uploads\/2017\/12\/IR_Wirkorte_Villa_Karg.jpg 576w, https:\/\/www.bio-nickl.de\/wordpress\/wp-content\/uploads\/2017\/12\/IR_Wirkorte_Villa_Karg-300x245.jpg 300w\" sizes=\"auto, (max-width: 576px) 100vw, 576px\" \/><figcaption id=\"caption-attachment-1112\" class=\"wp-caption-text\">Die Villa Karg, Altbau des Karlsgymnasiums Bad Reichenhall, vom Park aus gesehen. Anfang der Siebzigerjahre waren die Giebel noch bemalt und die Freitreppe f\u00fchrte noch hinab in den Karlspark.<\/figcaption><\/figure>\n<div id='gallery-1' class='gallery galleryid-118 gallery-columns-3 gallery-size-thumbnail'><figure class='gallery-item'>\n\t\t\t<div class='gallery-icon landscape'>\n\t\t\t\t<a href='https:\/\/www.bio-nickl.de\/wordpress\/ich-ueber-mich\/olympus-digital-camera-189\/'><img loading=\"lazy\" decoding=\"async\" width=\"150\" height=\"150\" src=\"https:\/\/www.bio-nickl.de\/wordpress\/wp-content\/uploads\/2018\/08\/9.08-Karlsgymn.-008-Giebel-150x150.jpg\" class=\"attachment-thumbnail size-thumbnail\" alt=\"\" aria-describedby=\"gallery-1-2722\" srcset=\"https:\/\/www.bio-nickl.de\/wordpress\/wp-content\/uploads\/2018\/08\/9.08-Karlsgymn.-008-Giebel-150x150.jpg 150w, https:\/\/www.bio-nickl.de\/wordpress\/wp-content\/uploads\/2018\/08\/9.08-Karlsgymn.-008-Giebel-100x100.jpg 100w\" sizes=\"auto, 100vw\" \/><\/a>\n\t\t\t<\/div>\n\t\t\t\t<figcaption class='wp-caption-text gallery-caption' id='gallery-1-2722'>\n\t\t\t\tKarlsgymnasium Bad Reichenhall: der eine Giebel &#8230;\n\t\t\t\t<\/figcaption><\/figure><figure class='gallery-item'>\n\t\t\t<div class='gallery-icon landscape'>\n\t\t\t\t<a href='https:\/\/www.bio-nickl.de\/wordpress\/ich-ueber-mich\/olympus-digital-camera-190\/'><img loading=\"lazy\" decoding=\"async\" width=\"150\" height=\"150\" src=\"https:\/\/www.bio-nickl.de\/wordpress\/wp-content\/uploads\/2018\/08\/9.08-Karlsgymn.-017-Giebel-150x150.jpg\" class=\"attachment-thumbnail size-thumbnail\" alt=\"\" aria-describedby=\"gallery-1-2723\" srcset=\"https:\/\/www.bio-nickl.de\/wordpress\/wp-content\/uploads\/2018\/08\/9.08-Karlsgymn.-017-Giebel-150x150.jpg 150w, https:\/\/www.bio-nickl.de\/wordpress\/wp-content\/uploads\/2018\/08\/9.08-Karlsgymn.-017-Giebel-100x100.jpg 100w\" sizes=\"auto, 100vw\" \/><\/a>\n\t\t\t<\/div>\n\t\t\t\t<figcaption class='wp-caption-text gallery-caption' id='gallery-1-2723'>\n\t\t\t\tKarlsgymnasium Bad Reichenhall: &#8230; und der andere von Hermann Matt\n\t\t\t\t<\/figcaption><\/figure><figure class='gallery-item'>\n\t\t\t<div class='gallery-icon portrait'>\n\t\t\t\t<a href='https:\/\/www.bio-nickl.de\/wordpress\/ich-ueber-mich\/olympus-digital-camera-191\/'><img loading=\"lazy\" decoding=\"async\" width=\"150\" height=\"150\" src=\"https:\/\/www.bio-nickl.de\/wordpress\/wp-content\/uploads\/2018\/08\/9.08-Karlsgymn.-035-Instrumente-150x150.jpg\" class=\"attachment-thumbnail size-thumbnail\" alt=\"\" aria-describedby=\"gallery-1-2724\" srcset=\"https:\/\/www.bio-nickl.de\/wordpress\/wp-content\/uploads\/2018\/08\/9.08-Karlsgymn.-035-Instrumente-150x150.jpg 150w, https:\/\/www.bio-nickl.de\/wordpress\/wp-content\/uploads\/2018\/08\/9.08-Karlsgymn.-035-Instrumente-100x100.jpg 100w\" sizes=\"auto, 100vw\" \/><\/a>\n\t\t\t<\/div>\n\t\t\t\t<figcaption class='wp-caption-text gallery-caption' id='gallery-1-2724'>\n\t\t\t\tZwei meiner Instrumente im Rondell des Karlsgymnasiums\n\t\t\t\t<\/figcaption><\/figure>\n\t\t<\/div>\n\n<p>Befl\u00fcgelt von der Idee, es Konrad Lorenz gleichzutun und ein charismatischer Verhaltensforscher zu werden, studierte ich begeistert Biologie an der LMU (besuchte aber auch ganz im Sinne eines <em>studium generale<\/em> die Forstwissenschaftler, Sozialp\u00e4dagogen und Hispanisten), legte das Diplom ab (damals der einzige wissenschaftliche Studienabschluss) und stellte fest, dass ich weder das Zeug f\u00fcr einen erfolgreichen Verhaltensforscher hatte, noch mit der Perspektive der kurzfristigen Arbeitsvertr\u00e4ge an den Universit\u00e4ten klar kam. Zwei Monate als Aushilfe f\u00fcr eine erkrankte Lehrkraft an M\u00fcnchner Klosterschulen best\u00e4rkten mich in der Annahme, dass das Lehramt f\u00fcr mich die bessere Alternative sei.<\/p>\n<figure id=\"attachment_1113\" aria-describedby=\"caption-attachment-1113\" style=\"width: 532px\" class=\"wp-caption alignnone\"><img loading=\"lazy\" decoding=\"async\" class=\"wp-image-1113 size-full\" src=\"http:\/\/www.bio-nickl.de\/wordpress\/wp-content\/uploads\/2017\/12\/IR_Wirkorte_LMU_1974.jpg\" alt=\"\" width=\"532\" height=\"548\" srcset=\"https:\/\/www.bio-nickl.de\/wordpress\/wp-content\/uploads\/2017\/12\/IR_Wirkorte_LMU_1974.jpg 532w, https:\/\/www.bio-nickl.de\/wordpress\/wp-content\/uploads\/2017\/12\/IR_Wirkorte_LMU_1974-291x300.jpg 291w\" sizes=\"auto, (max-width: 532px) 100vw, 532px\" \/><figcaption id=\"caption-attachment-1113\" class=\"wp-caption-text\">Das chemische Institut der Ludwig-Maximilians-Universit\u00e4t M\u00fcnchen in der Meiserstra\u00dfe nahe dem Hauptbahnhof 1974.<\/figcaption><\/figure>\n<figure id=\"attachment_4924\" aria-describedby=\"caption-attachment-4924\" style=\"width: 537px\" class=\"wp-caption alignnone\"><img loading=\"lazy\" decoding=\"async\" class=\" wp-image-4924\" src=\"https:\/\/www.bio-nickl.de\/wordpress\/wp-content\/uploads\/2020\/02\/P1012609-300x225.jpg\" alt=\"\" width=\"537\" height=\"403\" srcset=\"https:\/\/www.bio-nickl.de\/wordpress\/wp-content\/uploads\/2020\/02\/P1012609-300x225.jpg 300w, https:\/\/www.bio-nickl.de\/wordpress\/wp-content\/uploads\/2020\/02\/P1012609-1024x768.jpg 1024w, https:\/\/www.bio-nickl.de\/wordpress\/wp-content\/uploads\/2020\/02\/P1012609-768x576.jpg 768w, https:\/\/www.bio-nickl.de\/wordpress\/wp-content\/uploads\/2020\/02\/P1012609-1536x1152.jpg 1536w, https:\/\/www.bio-nickl.de\/wordpress\/wp-content\/uploads\/2020\/02\/P1012609-2048x1536.jpg 2048w\" sizes=\"auto, (max-width: 537px) 100vw, 537px\" \/><figcaption id=\"caption-attachment-4924\" class=\"wp-caption-text\">Das Geb\u00e4ude im Botanischen Garten M\u00fcnchen 2020. Hinter der rundlichen Ausbuchtung erstreckte sich zu meiner Studienzeit der gro\u00dfe H\u00f6rsaal, der im Wintersemester nie \u00fcber 16 \u00b0C erreichte.<\/figcaption><\/figure>\n<p>Und so h\u00e4ngte ich noch ein Lehramtsstudium an mit ein paar Scheinen in Chemie und einem Turbostudium in Geographie. In meiner Studienzeit widmete ich mich au\u00dferdem intensiv der Jugendarbeit im Naturschutz (ich war an der Gr\u00fcndung der Jugendorganisation des Bund Naturschutz in Bayern beteiligt), tingelte ein paar Jahre mit Vortr\u00e4gen \u00fcber Waschmittel durchs Land (damals eines der ersten \u00f6kologischen Themen, die ein breites Publikum interessierten) und musizierte mit der Liedermachergruppe Vielfalter auf Bayerns Kleinkunstb\u00fchnen.<\/p>\n<p>Nach zehn Jahren Studentendasein stellte ich mich endlich dem Ernst des Lebens in Form des Referendariats am Rupprecht-Gymnasium M\u00fcnchen mit Zweigschuleinsatz am Michaeli-Gymnasium M\u00fcnchen.<\/p>\n<p>Als einziger von uns acht Biologie-Chemie- bzw. acht Geographie-Referendaren erhielt ich sofort eine Lebenszeit-Anstellung, denn meine Name stand als einziger auf der Liste mit den drei Hauptf\u00e4chern B\/Ch\/Ek (damals hie\u00df die Schulgeographie noch Erdkunde) und somit unabh\u00e4ngig von meiner Note auf Platz\u00a01. Der Tipp aus dem Ministerium, Erdkunde als Haupt- und nicht als Nebenfach einzustufen, war also Gold wert.<\/p>\n<p>Siebeneinhalb Jahre verdiente ich mir die Sporen am Gymnasium Unterhaching, wo mir liebenswerte Kollegen den letzten Schliff verpassten.<\/p>\n<p>Dann f\u00fchlte ich mich reif f\u00fcr den Auslandsdienst und war gl\u00fccklich, f\u00fcr sechs Jahre nach Spanien zu kommen, dessen Sprache ich bereits beherrschte. In Bilbao musste ich allerdings feststellen, dass die Menschen dort zwar alle spanisch sprechen, sich viele aber ausschlie\u00dflich als Basken, allenfalls noch als Europ\u00e4er f\u00fchlen und in Spanien eher einen Gegner sehen. Da es kaum deutsche Sch\u00fcler an der Deutschen Schule gab und ich vorwiegend Chemie vor spanischsprachigen Sch\u00fclern auf Deutsch hielt, hatte ich gen\u00fcgend Anlass, mich um das zu k\u00fcmmern, was heute \u201esprachsensibler Unterricht\u201c genannt wird. In Bilbao wurden auch meine Kinder geboren, ein Umstand, der meine T\u00e4tigkeit als Lehrer nachhaltig beeinflusst hat.<\/p>\n<figure id=\"attachment_1116\" aria-describedby=\"caption-attachment-1116\" style=\"width: 318px\" class=\"wp-caption alignnone\"><img loading=\"lazy\" decoding=\"async\" class=\"wp-image-1116 \" src=\"http:\/\/www.bio-nickl.de\/wordpress\/wp-content\/uploads\/2017\/12\/IR_Wirkorte_Bilbao-239x300.jpg\" alt=\"\" width=\"318\" height=\"399\" srcset=\"https:\/\/www.bio-nickl.de\/wordpress\/wp-content\/uploads\/2017\/12\/IR_Wirkorte_Bilbao-239x300.jpg 239w, https:\/\/www.bio-nickl.de\/wordpress\/wp-content\/uploads\/2017\/12\/IR_Wirkorte_Bilbao.jpg 459w\" sizes=\"auto, (max-width: 318px) 100vw, 318px\" \/><figcaption id=\"caption-attachment-1116\" class=\"wp-caption-text\">Das ist nicht die Deutsche Schule Bilbao, sondern das ber\u00fchmteste Wahrzeichen der baskischen Stadt: das Guggenheim-Museum und zwar aus einer der Perspektiven des James-Bond-Films &#8222;The World Is Not Enough&#8220;, dessen erste Szenen 1999 dort gedreht wurden.<\/figcaption><\/figure>\n<p>Nach meinem Auslandsdienst wurde ich dem Oskar-Maria-Graf-Gymnasium in Neufahrn (bei IKEA) zugeteilt, wo ich zun\u00e4chst f\u00fcr vier Funktionen (Fachbetreuung und Sammlungsleitung jeweils in Biologie und Chemie) eine Erm\u00e4\u00dfigung von genau einer Stunde erhielt (was aber im Jahr darauf bereits verdoppelt wurde, immerhin) und das erste Abitur der noch jungen Schule abnahm. In den siebeneinhalb Jahren dort entstand in kongenialer Zusammenarbeit mit Jochen Meyer unter anderem ein erfolgreiches Konzept f\u00fcr \u201eNaturwissenschaftliches Arbeiten\u201c.<\/p>\n<figure id=\"attachment_1111\" aria-describedby=\"caption-attachment-1111\" style=\"width: 1200px\" class=\"wp-caption alignnone\"><img loading=\"lazy\" decoding=\"async\" class=\"wp-image-1111 size-full\" src=\"http:\/\/www.bio-nickl.de\/wordpress\/wp-content\/uploads\/2017\/12\/IR_Wirkorte_Neufahrn.jpg\" alt=\"\" width=\"1200\" height=\"514\" srcset=\"https:\/\/www.bio-nickl.de\/wordpress\/wp-content\/uploads\/2017\/12\/IR_Wirkorte_Neufahrn.jpg 1200w, https:\/\/www.bio-nickl.de\/wordpress\/wp-content\/uploads\/2017\/12\/IR_Wirkorte_Neufahrn-300x129.jpg 300w, https:\/\/www.bio-nickl.de\/wordpress\/wp-content\/uploads\/2017\/12\/IR_Wirkorte_Neufahrn-768x329.jpg 768w, https:\/\/www.bio-nickl.de\/wordpress\/wp-content\/uploads\/2017\/12\/IR_Wirkorte_Neufahrn-1024x439.jpg 1024w\" sizes=\"auto, (max-width: 767px) 89vw, (max-width: 1000px) 54vw, (max-width: 1071px) 543px, 580px\" \/><figcaption id=\"caption-attachment-1111\" class=\"wp-caption-text\">Innenbereich des hufeisenf\u00f6rmigen Oskar-Maria-Graf-Gymnasiums in Neufahrn bei Freising mit dem gr\u00fcnen Musikbau, hinter dem der Bereich Biologie-Chemie liegt.<\/figcaption><\/figure>\n<p>Der immer st\u00e4rker werdende Drang, meine Lehrerfahrungen weiterzugeben, f\u00fchrte mich zur\u00fcck nach Unterhaching, wo die Schule inzwischen massiv vergr\u00f6\u00dfert und mit einem neuen Namen versehen worden war: Lise-Meitner-Gymnasium Unterhaching. Dort baute ich mit Helga Meyer das neu gegr\u00fcndete Biologie-Chemie-Seminar als Dependance des Maximiliansgymnasiums auf.<\/p>\n<p>&nbsp;<\/p>\n<figure id=\"attachment_2725\" aria-describedby=\"caption-attachment-2725\" style=\"width: 252px\" class=\"wp-caption alignnone\"><img loading=\"lazy\" decoding=\"async\" class=\"size-medium wp-image-2725\" src=\"http:\/\/www.bio-nickl.de\/wordpress\/wp-content\/uploads\/2018\/08\/LMGU-Aug.10-C-252x300.jpg\" alt=\"\" width=\"252\" height=\"300\" srcset=\"https:\/\/www.bio-nickl.de\/wordpress\/wp-content\/uploads\/2018\/08\/LMGU-Aug.10-C-252x300.jpg 252w, https:\/\/www.bio-nickl.de\/wordpress\/wp-content\/uploads\/2018\/08\/LMGU-Aug.10-C-768x913.jpg 768w, https:\/\/www.bio-nickl.de\/wordpress\/wp-content\/uploads\/2018\/08\/LMGU-Aug.10-C-861x1024.jpg 861w\" sizes=\"auto, (max-width: 252px) 100vw, 252px\" \/><figcaption id=\"caption-attachment-2725\" class=\"wp-caption-text\">Der frisch gebackene Seminarlehrer am LMGU 2008<\/figcaption><\/figure>\n<p>Der Wunsch nach k\u00fcrzerer Fahrzeit an den Arbeitsplatz brachte mich nach wenigen Jahren zur\u00fcck an das Rupprecht-Gymnasium, wo ich stolz den Platz meiner ehemaligen Biologie-Seminarlehrerin, Frau Dr. Drevs, einnahm und damit den Bogen meines beruflichen Lebens abrundete.<\/p>\n<figure id=\"attachment_1504\" aria-describedby=\"caption-attachment-1504\" style=\"width: 922px\" class=\"wp-caption alignnone\"><img loading=\"lazy\" decoding=\"async\" class=\"wp-image-1504 size-full\" src=\"http:\/\/www.bio-nickl.de\/wordpress\/wp-content\/uploads\/2018\/01\/IR_Wirkorte_RGM.jpg\" alt=\"\" width=\"922\" height=\"632\" srcset=\"https:\/\/www.bio-nickl.de\/wordpress\/wp-content\/uploads\/2018\/01\/IR_Wirkorte_RGM.jpg 922w, https:\/\/www.bio-nickl.de\/wordpress\/wp-content\/uploads\/2018\/01\/IR_Wirkorte_RGM-300x206.jpg 300w, https:\/\/www.bio-nickl.de\/wordpress\/wp-content\/uploads\/2018\/01\/IR_Wirkorte_RGM-768x526.jpg 768w\" sizes=\"auto, (max-width: 767px) 89vw, (max-width: 1000px) 54vw, (max-width: 1071px) 543px, 580px\" \/><figcaption id=\"caption-attachment-1504\" class=\"wp-caption-text\">Das Rupprecht-Gymnasium M\u00fcnchen (Altbau im Jugendstil, Br\u00fccke zum Neubau Nachkriegsmoderne)<\/figcaption><\/figure>\n<p>Seit 16. Februar 2019 bin ich in Pension. Zum Schulaustritt hat mir meine Tochter eine Schult\u00fcte gebastelt:<\/p>\n<p><img loading=\"lazy\" decoding=\"async\" class=\"size-medium wp-image-3432\" src=\"http:\/\/www.bio-nickl.de\/wordpress\/wp-content\/uploads\/2019\/03\/3.9.18-Schult\u00fcte-2m-237x300.jpg\" alt=\"\" width=\"237\" height=\"300\" srcset=\"https:\/\/www.bio-nickl.de\/wordpress\/wp-content\/uploads\/2019\/03\/3.9.18-Schult\u00fcte-2m-237x300.jpg 237w, https:\/\/www.bio-nickl.de\/wordpress\/wp-content\/uploads\/2019\/03\/3.9.18-Schult\u00fcte-2m.jpg 646w\" sizes=\"auto, (max-width: 237px) 100vw, 237px\" \/><\/p>\n<p>F\u00fcr einen leidenschaftlichen Lehrer besteht beim \u00dcbertritt in die Pensionsphase die Gefahr, in ein schwarzes Loch zu fallen. Nun hatte ich sicher nie zu wenige Interessen und Hobbies, war mir aber nicht sicher, wie ich mich f\u00fchlen w\u00fcrde, wenn ein bedeutender Teil des Sozialkontakts und der Wertsch\u00e4tzung (&#8222;gebraucht werden&#8220;) wegfallen. In den Jahren vor meiner Pensionierung habe ich mich durch Lesen entsprechender B\u00fccher, Gespr\u00e4chen mit \u00e4lteren Ex-Kollegen und eigenes Nachdenken im stillen K\u00e4mmerlein ernsthaft mit der Frage besch\u00e4ftigt, wie mein Leben aussehen k\u00f6nnte und sollte, &#8222;wenn das Wochenende 7 Tage hat&#8220; (Zitat: Herbert Stumpf). Mir wurde durchaus etwas bang, als das berufliche Ende sp\u00fcrbar n\u00e4her r\u00fcckte. Aber in meinen letzten zw\u00f6lf Monaten beobachtete ich mich selbst, wie es mir bei jeder Kleinigkeit ging, die ich nunmehr zum letzten Mal machte. Und ich war etwas erstaunt, dass mein Gef\u00fchl jedesmal sagte: &#8222;Sch\u00f6n, dass ich das so lange Zeit \u00fcber gemacht habe, aber auch sch\u00f6n, dass ich es nicht mehr machen muss.&#8220; Am letzten Schultag Mitte Februar 2019 fuhr ich mittags als Lehrer heim, machte meinen Nachmittagsschlaf und wachte bereits als Pensionist auf. Ich bin \u00fcberzeugt, dass dieser m\u00fchelose \u00dcbergang auf meine rechtzeitige Besch\u00e4ftigung mit der Problematik zur\u00fcckzuf\u00fchren ist. Herbert Stumpf* empfiehlt Menschen mit Freude an ihrem Beruf, ihre berufliche T\u00e4tigkeit nicht abrupt zu stoppen, sondern ausklingen zu lassen. Ich setze das insofern um, als ich nach wie vor im Lehrerchor mitsinge, didaktische Fortbildungen halte (u. a. f\u00fcr den vbio) und diese Webseite betreibe. Jetzt muss ich noch lernen, mir nicht zu viel vorzunehmen f\u00fcr meine viele freie Zeit (Musik, Reisen, Gartenbauverein, Schlaraffia: vgl. &#8222;Erholung&#8220; &gt; &#8222;Erholung f\u00fcr M\u00e4nner&#8220;).<\/p>\n<p>Ab dem Biologiebuch f\u00fcr die 8. Klasse nach LehrplanPLUS bin ich als Berater beim Buchner Verlag t\u00e4tig und habe vor, das auch bis zum Buch f\u00fcr die 13. Jahrgangsstufe zu bleiben.<\/p>\n<p><em>* F\u00fcr diese Nennung erhalte ich keinerlei Verg\u00fcnstigungen; ich finde das Buch &#8222;Wenn das Wochenende 7 Tage hat&#8220; einfach hilfreich.<\/em><\/p>\n<p>Nachtrag im Dezember 2024: Der Lockdown 2020 hat meiner Mitwirkung am Lehrerchor ein Ende gesetzt. Aber ich treffe mich nach wie vor mit Kollegen und Kolleginnen. Das Biologiebuch f\u00fcr Q13 habe ich durchgearbeitet, an meinen Bio-Nickl-Skripten f\u00fcr die Q13 arbeite ich noch und halte nach wie vor meine Fortbildungs-Veranstaltungen, seit dem Lockdown allerdings online, und freue mich \u00fcber den regen Zuspruch.<\/p>\n","protected":false},"excerpt":{"rendered":"<p>Mein Name ist Thomas Nickl. Baujahr 1953 Diplombiologe Lehramt Biologie, Chemie, Geographie (Gymnasium Unterhaching, Oskar-Maria-Graf-Gymnasium Neufahrn) Auslandsdienst (Deutsche Schule Bilbao 1993-99) Seminarlehrer f\u00fcr Biologie (Lise-Meitner-Gymnasium Unterhaching, Rupprecht-Gymnasium M\u00fcnchen) Mitarbeit u. a. bei den Projekten Chik (Chemie im Kontext), DEMO (Teilchenmodell in der Unterstufe), &#8222;Bio? &#8211; Logisch!&#8220; (Praktikumsordner Biologie) Berater beim Buchner Verlag Portrait Thomas Nickl &hellip; <\/p>\n<p class=\"link-more\"><a href=\"https:\/\/www.bio-nickl.de\/wordpress\/ich-ueber-mich\/\" class=\"more-link\"><span class=\"screen-reader-text\">\u201e\u00dcber mich\u201c<\/span> weiterlesen<\/a><\/p>\n","protected":false},"author":1,"featured_media":0,"parent":0,"menu_order":0,"comment_status":"closed","ping_status":"closed","template":"","meta":{"om_disable_all_campaigns":false,"_monsterinsights_skip_tracking":false,"_monsterinsights_sitenote_active":false,"_monsterinsights_sitenote_note":"","_monsterinsights_sitenote_category":0,"footnotes":""},"class_list":["post-118","page","type-page","status-publish","hentry"],"aioseo_notices":[],"_links":{"self":[{"href":"https:\/\/www.bio-nickl.de\/wordpress\/wp-json\/wp\/v2\/pages\/118","targetHints":{"allow":["GET"]}}],"collection":[{"href":"https:\/\/www.bio-nickl.de\/wordpress\/wp-json\/wp\/v2\/pages"}],"about":[{"href":"https:\/\/www.bio-nickl.de\/wordpress\/wp-json\/wp\/v2\/types\/page"}],"author":[{"embeddable":true,"href":"https:\/\/www.bio-nickl.de\/wordpress\/wp-json\/wp\/v2\/users\/1"}],"replies":[{"embeddable":true,"href":"https:\/\/www.bio-nickl.de\/wordpress\/wp-json\/wp\/v2\/comments?post=118"}],"version-history":[{"count":32,"href":"https:\/\/www.bio-nickl.de\/wordpress\/wp-json\/wp\/v2\/pages\/118\/revisions"}],"predecessor-version":[{"id":7898,"href":"https:\/\/www.bio-nickl.de\/wordpress\/wp-json\/wp\/v2\/pages\/118\/revisions\/7898"}],"wp:attachment":[{"href":"https:\/\/www.bio-nickl.de\/wordpress\/wp-json\/wp\/v2\/media?parent=118"}],"curies":[{"name":"wp","href":"https:\/\/api.w.org\/{rel}","templated":true}]}}