{"id":2508,"date":"2018-07-22T09:05:33","date_gmt":"2018-07-22T07:05:33","guid":{"rendered":"http:\/\/www.bio-nickl.de\/wordpress\/?page_id=2508"},"modified":"2018-09-16T12:34:15","modified_gmt":"2018-09-16T10:34:15","slug":"fotos-verbreitung-von-samen-und-fruechten","status":"publish","type":"page","link":"https:\/\/www.bio-nickl.de\/wordpress\/fotos-verbreitung-von-samen-und-fruechten\/","title":{"rendered":"Photos Verbreitung von Samen und Fr\u00fcchten"},"content":{"rendered":"<h4><a href=\"#botverbrwind\"><span style=\"color: #0000ff;\">Windverbreitung<\/span><\/a><\/h4>\n<h4><a href=\"#botverbtier\"><span style=\"color: #0000ff;\"><strong>Tierverbreitung<\/strong><\/span><\/a><\/h4>\n<h4><strong><span style=\"color: #0000ff;\"><span id=\"botverbrwind\" class=\"sta-anchor \" aria-hidden=\"true\"><\/span>Windverbreitung<\/span><\/strong><\/h4>\n<p>Die Fr\u00fcchte der <strong>Ahorne<\/strong> bilden Propellerflieger, die das Absinken stark verz\u00f6gern, so dass ein Seitenwind sie weit verbreiten kann. Die folgenden Bilder von Feldahorn und Spitzahorn stammen vom 2. Juni 2018.<\/p>\n<div id='gallery-1' class='gallery galleryid-2508 gallery-columns-3 gallery-size-thumbnail'><figure class='gallery-item'>\n\t\t\t<div class='gallery-icon landscape'>\n\t\t\t\t<a href='https:\/\/www.bio-nickl.de\/wordpress\/fotos-verbreitung-von-samen-und-fruechten\/olympus-digital-camera-103\/'><img loading=\"lazy\" decoding=\"async\" width=\"150\" height=\"150\" src=\"https:\/\/www.bio-nickl.de\/wordpress\/wp-content\/uploads\/2018\/07\/Wind-Feldahorn-in-situ-1-150x150.jpg\" class=\"attachment-thumbnail size-thumbnail\" alt=\"\" aria-describedby=\"gallery-1-2537\" srcset=\"https:\/\/www.bio-nickl.de\/wordpress\/wp-content\/uploads\/2018\/07\/Wind-Feldahorn-in-situ-1-150x150.jpg 150w, https:\/\/www.bio-nickl.de\/wordpress\/wp-content\/uploads\/2018\/07\/Wind-Feldahorn-in-situ-1-100x100.jpg 100w\" sizes=\"auto, 100vw\" \/><\/a>\n\t\t\t<\/div>\n\t\t\t\t<figcaption class='wp-caption-text gallery-caption' id='gallery-1-2537'>\n\t\t\t\tFeldahorn (Acer campestre)\n\t\t\t\t<\/figcaption><\/figure><figure class='gallery-item'>\n\t\t\t<div class='gallery-icon landscape'>\n\t\t\t\t<a href='https:\/\/www.bio-nickl.de\/wordpress\/fotos-verbreitung-von-samen-und-fruechten\/olympus-digital-camera-102\/'><img loading=\"lazy\" decoding=\"async\" width=\"150\" height=\"150\" src=\"https:\/\/www.bio-nickl.de\/wordpress\/wp-content\/uploads\/2018\/07\/Wind-Feldahorn-in-situ-2-150x150.jpg\" class=\"attachment-thumbnail size-thumbnail\" alt=\"\" aria-describedby=\"gallery-1-2535\" srcset=\"https:\/\/www.bio-nickl.de\/wordpress\/wp-content\/uploads\/2018\/07\/Wind-Feldahorn-in-situ-2-150x150.jpg 150w, https:\/\/www.bio-nickl.de\/wordpress\/wp-content\/uploads\/2018\/07\/Wind-Feldahorn-in-situ-2-100x100.jpg 100w\" sizes=\"auto, 100vw\" \/><\/a>\n\t\t\t<\/div>\n\t\t\t\t<figcaption class='wp-caption-text gallery-caption' id='gallery-1-2535'>\n\t\t\t\tFeldahorn (Acer campestre)\n\t\t\t\t<\/figcaption><\/figure><figure class='gallery-item'>\n\t\t\t<div class='gallery-icon landscape'>\n\t\t\t\t<a href='https:\/\/www.bio-nickl.de\/wordpress\/fotos-verbreitung-von-samen-und-fruechten\/olympus-digital-camera-101\/'><img loading=\"lazy\" decoding=\"async\" width=\"150\" height=\"150\" src=\"https:\/\/www.bio-nickl.de\/wordpress\/wp-content\/uploads\/2018\/07\/Wind-Feldahorn-Zweig-150x150.jpg\" class=\"attachment-thumbnail size-thumbnail\" alt=\"\" aria-describedby=\"gallery-1-2534\" srcset=\"https:\/\/www.bio-nickl.de\/wordpress\/wp-content\/uploads\/2018\/07\/Wind-Feldahorn-Zweig-150x150.jpg 150w, https:\/\/www.bio-nickl.de\/wordpress\/wp-content\/uploads\/2018\/07\/Wind-Feldahorn-Zweig-100x100.jpg 100w\" sizes=\"auto, 100vw\" \/><\/a>\n\t\t\t<\/div>\n\t\t\t\t<figcaption class='wp-caption-text gallery-caption' id='gallery-1-2534'>\n\t\t\t\tFeldahorn (Acer campestre)\n\t\t\t\t<\/figcaption><\/figure><figure class='gallery-item'>\n\t\t\t<div class='gallery-icon landscape'>\n\t\t\t\t<a href='https:\/\/www.bio-nickl.de\/wordpress\/fotos-verbreitung-von-samen-und-fruechten\/olympus-digital-camera-100\/'><img loading=\"lazy\" decoding=\"async\" width=\"150\" height=\"150\" src=\"https:\/\/www.bio-nickl.de\/wordpress\/wp-content\/uploads\/2018\/07\/Wind-Feldahorn-Fr\u00fcchte-150x150.jpg\" class=\"attachment-thumbnail size-thumbnail\" alt=\"\" aria-describedby=\"gallery-1-2532\" srcset=\"https:\/\/www.bio-nickl.de\/wordpress\/wp-content\/uploads\/2018\/07\/Wind-Feldahorn-Fr\u00fcchte-150x150.jpg 150w, https:\/\/www.bio-nickl.de\/wordpress\/wp-content\/uploads\/2018\/07\/Wind-Feldahorn-Fr\u00fcchte-100x100.jpg 100w\" sizes=\"auto, 100vw\" \/><\/a>\n\t\t\t<\/div>\n\t\t\t\t<figcaption class='wp-caption-text gallery-caption' id='gallery-1-2532'>\n\t\t\t\tFeldahorn (Acer campestre)\n\t\t\t\t<\/figcaption><\/figure>\n\t\t<\/div>\n\n<p>Die beiden Fr\u00fcchte bilden beim Spitzahorn einen sehr flachen Winkel, beim Bergahorn dagegen einen spitzen.<\/p>\n<div id='gallery-2' class='gallery galleryid-2508 gallery-columns-3 gallery-size-thumbnail'><figure class='gallery-item'>\n\t\t\t<div class='gallery-icon landscape'>\n\t\t\t\t<a href='https:\/\/www.bio-nickl.de\/wordpress\/fotos-verbreitung-von-samen-und-fruechten\/wind-spitzahorn-4\/'><img loading=\"lazy\" decoding=\"async\" width=\"150\" height=\"150\" src=\"https:\/\/www.bio-nickl.de\/wordpress\/wp-content\/uploads\/2018\/07\/Wind-Spitzahorn-4-150x150.jpg\" class=\"attachment-thumbnail size-thumbnail\" alt=\"\" aria-describedby=\"gallery-2-2542\" srcset=\"https:\/\/www.bio-nickl.de\/wordpress\/wp-content\/uploads\/2018\/07\/Wind-Spitzahorn-4-150x150.jpg 150w, https:\/\/www.bio-nickl.de\/wordpress\/wp-content\/uploads\/2018\/07\/Wind-Spitzahorn-4-100x100.jpg 100w\" sizes=\"auto, 100vw\" \/><\/a>\n\t\t\t<\/div>\n\t\t\t\t<figcaption class='wp-caption-text gallery-caption' id='gallery-2-2542'>\n\t\t\t\tSpitzahorn (Acer platanoides)\n\t\t\t\t<\/figcaption><\/figure><figure class='gallery-item'>\n\t\t\t<div class='gallery-icon landscape'>\n\t\t\t\t<a href='https:\/\/www.bio-nickl.de\/wordpress\/fotos-verbreitung-von-samen-und-fruechten\/wind-spitzahorn-3\/'><img loading=\"lazy\" decoding=\"async\" width=\"150\" height=\"150\" src=\"https:\/\/www.bio-nickl.de\/wordpress\/wp-content\/uploads\/2018\/07\/Wind-Spitzahorn-3-150x150.jpg\" class=\"attachment-thumbnail size-thumbnail\" alt=\"\" aria-describedby=\"gallery-2-2541\" srcset=\"https:\/\/www.bio-nickl.de\/wordpress\/wp-content\/uploads\/2018\/07\/Wind-Spitzahorn-3-150x150.jpg 150w, https:\/\/www.bio-nickl.de\/wordpress\/wp-content\/uploads\/2018\/07\/Wind-Spitzahorn-3-100x100.jpg 100w\" sizes=\"auto, 100vw\" \/><\/a>\n\t\t\t<\/div>\n\t\t\t\t<figcaption class='wp-caption-text gallery-caption' id='gallery-2-2541'>\n\t\t\t\tSpitzahorn (Acer platanoides)\n\t\t\t\t<\/figcaption><\/figure><figure class='gallery-item'>\n\t\t\t<div class='gallery-icon landscape'>\n\t\t\t\t<a href='https:\/\/www.bio-nickl.de\/wordpress\/fotos-verbreitung-von-samen-und-fruechten\/olympus-digital-camera-105\/'><img loading=\"lazy\" decoding=\"async\" width=\"150\" height=\"150\" src=\"https:\/\/www.bio-nickl.de\/wordpress\/wp-content\/uploads\/2018\/07\/Wind-Spitzahorn-2-150x150.jpg\" class=\"attachment-thumbnail size-thumbnail\" alt=\"\" aria-describedby=\"gallery-2-2540\" srcset=\"https:\/\/www.bio-nickl.de\/wordpress\/wp-content\/uploads\/2018\/07\/Wind-Spitzahorn-2-150x150.jpg 150w, https:\/\/www.bio-nickl.de\/wordpress\/wp-content\/uploads\/2018\/07\/Wind-Spitzahorn-2-100x100.jpg 100w\" sizes=\"auto, 100vw\" \/><\/a>\n\t\t\t<\/div>\n\t\t\t\t<figcaption class='wp-caption-text gallery-caption' id='gallery-2-2540'>\n\t\t\t\tSpitzahorn (Acer platanoides)\n\t\t\t\t<\/figcaption><\/figure><figure class='gallery-item'>\n\t\t\t<div class='gallery-icon landscape'>\n\t\t\t\t<a href='https:\/\/www.bio-nickl.de\/wordpress\/fotos-verbreitung-von-samen-und-fruechten\/olympus-digital-camera-104\/'><img loading=\"lazy\" decoding=\"async\" width=\"150\" height=\"150\" src=\"https:\/\/www.bio-nickl.de\/wordpress\/wp-content\/uploads\/2018\/07\/Wind-Spitzahorn-1-150x150.jpg\" class=\"attachment-thumbnail size-thumbnail\" alt=\"\" aria-describedby=\"gallery-2-2539\" srcset=\"https:\/\/www.bio-nickl.de\/wordpress\/wp-content\/uploads\/2018\/07\/Wind-Spitzahorn-1-150x150.jpg 150w, https:\/\/www.bio-nickl.de\/wordpress\/wp-content\/uploads\/2018\/07\/Wind-Spitzahorn-1-100x100.jpg 100w\" sizes=\"auto, 100vw\" \/><\/a>\n\t\t\t<\/div>\n\t\t\t\t<figcaption class='wp-caption-text gallery-caption' id='gallery-2-2539'>\n\t\t\t\tSpitzahorn (Acer platanoides)\n\t\t\t\t<\/figcaption><\/figure>\n\t\t<\/div>\n\n<p>Die <strong>Ulmen<\/strong> bilden Segelfr\u00fcchte aus, die so leicht sind, dass sie vom Wind weit vertragen werden (Foto: Anfang Mai).<\/p>\n<figure id=\"attachment_2543\" aria-describedby=\"caption-attachment-2543\" style=\"width: 300px\" class=\"wp-caption alignnone\"><img loading=\"lazy\" decoding=\"async\" class=\"size-medium wp-image-2543\" src=\"http:\/\/www.bio-nickl.de\/wordpress\/wp-content\/uploads\/2018\/07\/Wind-Bergulme-300x249.jpg\" alt=\"\" width=\"300\" height=\"249\" srcset=\"https:\/\/www.bio-nickl.de\/wordpress\/wp-content\/uploads\/2018\/07\/Wind-Bergulme-300x249.jpg 300w, https:\/\/www.bio-nickl.de\/wordpress\/wp-content\/uploads\/2018\/07\/Wind-Bergulme-768x638.jpg 768w, https:\/\/www.bio-nickl.de\/wordpress\/wp-content\/uploads\/2018\/07\/Wind-Bergulme-1024x851.jpg 1024w\" sizes=\"auto, (max-width: 300px) 100vw, 300px\" \/><figcaption id=\"caption-attachment-2543\" class=\"wp-caption-text\">Bergulme (Ulmus glabra)<\/figcaption><\/figure>\n<p>Die <strong>Hainbuche<\/strong> (<em>Carpinus betulus<\/em>) erzeugt Fruchtst\u00e4nde mit Fl\u00fcgeln\u00fcssen (Schraubenflieger). Aufnahmen: Anfang August.<\/p>\n<div id='gallery-3' class='gallery galleryid-2508 gallery-columns-3 gallery-size-thumbnail'><figure class='gallery-item'>\n\t\t\t<div class='gallery-icon landscape'>\n\t\t\t\t<a href='https:\/\/www.bio-nickl.de\/wordpress\/fotos-verbreitung-von-samen-und-fruechten\/hainbuche-in-situ-gegenlicht-3-8-18\/'><img loading=\"lazy\" decoding=\"async\" width=\"150\" height=\"150\" src=\"https:\/\/www.bio-nickl.de\/wordpress\/wp-content\/uploads\/2018\/08\/Hainbuche-in-situ-Gegenlicht-3.8.18-150x150.jpg\" class=\"attachment-thumbnail size-thumbnail\" alt=\"\" aria-describedby=\"gallery-3-2709\" srcset=\"https:\/\/www.bio-nickl.de\/wordpress\/wp-content\/uploads\/2018\/08\/Hainbuche-in-situ-Gegenlicht-3.8.18-150x150.jpg 150w, https:\/\/www.bio-nickl.de\/wordpress\/wp-content\/uploads\/2018\/08\/Hainbuche-in-situ-Gegenlicht-3.8.18-100x100.jpg 100w\" sizes=\"auto, 100vw\" \/><\/a>\n\t\t\t<\/div>\n\t\t\t\t<figcaption class='wp-caption-text gallery-caption' id='gallery-3-2709'>\n\t\t\t\tHainbuche in situ Gegenlicht\n\t\t\t\t<\/figcaption><\/figure><figure class='gallery-item'>\n\t\t\t<div class='gallery-icon portrait'>\n\t\t\t\t<a href='https:\/\/www.bio-nickl.de\/wordpress\/fotos-verbreitung-von-samen-und-fruechten\/hainbuche-in-situ-3-8-18\/'><img loading=\"lazy\" decoding=\"async\" width=\"150\" height=\"150\" src=\"https:\/\/www.bio-nickl.de\/wordpress\/wp-content\/uploads\/2018\/08\/Hainbuche-in-situ-3.8.18-150x150.jpg\" class=\"attachment-thumbnail size-thumbnail\" alt=\"\" aria-describedby=\"gallery-3-2708\" srcset=\"https:\/\/www.bio-nickl.de\/wordpress\/wp-content\/uploads\/2018\/08\/Hainbuche-in-situ-3.8.18-150x150.jpg 150w, https:\/\/www.bio-nickl.de\/wordpress\/wp-content\/uploads\/2018\/08\/Hainbuche-in-situ-3.8.18-100x100.jpg 100w\" sizes=\"auto, 100vw\" \/><\/a>\n\t\t\t<\/div>\n\t\t\t\t<figcaption class='wp-caption-text gallery-caption' id='gallery-3-2708'>\n\t\t\t\tHainbuche in situ\n\t\t\t\t<\/figcaption><\/figure><figure class='gallery-item'>\n\t\t\t<div class='gallery-icon portrait'>\n\t\t\t\t<a href='https:\/\/www.bio-nickl.de\/wordpress\/fotos-verbreitung-von-samen-und-fruechten\/hainbuche-zweig-mit-fruchtstand-3-8-18\/'><img loading=\"lazy\" decoding=\"async\" width=\"150\" height=\"150\" src=\"https:\/\/www.bio-nickl.de\/wordpress\/wp-content\/uploads\/2018\/08\/Hainbuche-Zweig-mit-Fruchtstand-3.8.18-150x150.jpg\" class=\"attachment-thumbnail size-thumbnail\" alt=\"\" aria-describedby=\"gallery-3-2710\" srcset=\"https:\/\/www.bio-nickl.de\/wordpress\/wp-content\/uploads\/2018\/08\/Hainbuche-Zweig-mit-Fruchtstand-3.8.18-150x150.jpg 150w, https:\/\/www.bio-nickl.de\/wordpress\/wp-content\/uploads\/2018\/08\/Hainbuche-Zweig-mit-Fruchtstand-3.8.18-100x100.jpg 100w\" sizes=\"auto, 100vw\" \/><\/a>\n\t\t\t<\/div>\n\t\t\t\t<figcaption class='wp-caption-text gallery-caption' id='gallery-3-2710'>\n\t\t\t\tHainbuche Zweig mit Fruchtstand\n\t\t\t\t<\/figcaption><\/figure><figure class='gallery-item'>\n\t\t\t<div class='gallery-icon landscape'>\n\t\t\t\t<a href='https:\/\/www.bio-nickl.de\/wordpress\/fotos-verbreitung-von-samen-und-fruechten\/hainbuche-einzelfruechte-lineal-3-8-18\/'><img loading=\"lazy\" decoding=\"async\" width=\"150\" height=\"150\" src=\"https:\/\/www.bio-nickl.de\/wordpress\/wp-content\/uploads\/2018\/08\/Hainbuche-Einzelfr\u00fcchte-Lineal-3.8.18-150x150.jpg\" class=\"attachment-thumbnail size-thumbnail\" alt=\"\" aria-describedby=\"gallery-3-2707\" srcset=\"https:\/\/www.bio-nickl.de\/wordpress\/wp-content\/uploads\/2018\/08\/Hainbuche-Einzelfr\u00fcchte-Lineal-3.8.18-150x150.jpg 150w, https:\/\/www.bio-nickl.de\/wordpress\/wp-content\/uploads\/2018\/08\/Hainbuche-Einzelfr\u00fcchte-Lineal-3.8.18-100x100.jpg 100w\" sizes=\"auto, 100vw\" \/><\/a>\n\t\t\t<\/div>\n\t\t\t\t<figcaption class='wp-caption-text gallery-caption' id='gallery-3-2707'>\n\t\t\t\tHainbuche Einzelfr\u00fcchte Lineal\n\t\t\t\t<\/figcaption><\/figure><figure class='gallery-item'>\n\t\t\t<div class='gallery-icon portrait'>\n\t\t\t\t<a href='https:\/\/www.bio-nickl.de\/wordpress\/fotos-verbreitung-von-samen-und-fruechten\/hainbuche-zweig-von-oben-3-8-18\/'><img loading=\"lazy\" decoding=\"async\" width=\"150\" height=\"150\" src=\"https:\/\/www.bio-nickl.de\/wordpress\/wp-content\/uploads\/2018\/08\/Hainbuche-Zweig-von-oben-3.8.18-150x150.jpg\" class=\"attachment-thumbnail size-thumbnail\" alt=\"\" aria-describedby=\"gallery-3-2711\" srcset=\"https:\/\/www.bio-nickl.de\/wordpress\/wp-content\/uploads\/2018\/08\/Hainbuche-Zweig-von-oben-3.8.18-150x150.jpg 150w, https:\/\/www.bio-nickl.de\/wordpress\/wp-content\/uploads\/2018\/08\/Hainbuche-Zweig-von-oben-3.8.18-100x100.jpg 100w\" sizes=\"auto, 100vw\" \/><\/a>\n\t\t\t<\/div>\n\t\t\t\t<figcaption class='wp-caption-text gallery-caption' id='gallery-3-2711'>\n\t\t\t\tHainbuche Zweig von oben\n\t\t\t\t<\/figcaption><\/figure>\n\t\t<\/div>\n\n<p>Die <strong>Linde<\/strong> (Tilia) verbreitet sich mit Fl\u00fcgel-Nussfr\u00fcchten, die ganz anders konstruiert sind als die der Hainbuche. Aufnahmen: Anfang August.<\/p>\n<div id='gallery-4' class='gallery galleryid-2508 gallery-columns-3 gallery-size-thumbnail'><figure class='gallery-item'>\n\t\t\t<div class='gallery-icon portrait'>\n\t\t\t\t<a href='https:\/\/www.bio-nickl.de\/wordpress\/fotos-verbreitung-von-samen-und-fruechten\/linde-zweig-3-8-18\/'><img loading=\"lazy\" decoding=\"async\" width=\"150\" height=\"150\" src=\"https:\/\/www.bio-nickl.de\/wordpress\/wp-content\/uploads\/2018\/08\/Linde-Zweig-3.8.18-150x150.jpg\" class=\"attachment-thumbnail size-thumbnail\" alt=\"\" aria-describedby=\"gallery-4-2713\" srcset=\"https:\/\/www.bio-nickl.de\/wordpress\/wp-content\/uploads\/2018\/08\/Linde-Zweig-3.8.18-150x150.jpg 150w, https:\/\/www.bio-nickl.de\/wordpress\/wp-content\/uploads\/2018\/08\/Linde-Zweig-3.8.18-100x100.jpg 100w\" sizes=\"auto, 100vw\" \/><\/a>\n\t\t\t<\/div>\n\t\t\t\t<figcaption class='wp-caption-text gallery-caption' id='gallery-4-2713'>\n\t\t\t\tLinde Zweig\n\t\t\t\t<\/figcaption><\/figure><figure class='gallery-item'>\n\t\t\t<div class='gallery-icon landscape'>\n\t\t\t\t<a href='https:\/\/www.bio-nickl.de\/wordpress\/fotos-verbreitung-von-samen-und-fruechten\/linde-frucht-lineal-3-8-18\/'><img loading=\"lazy\" decoding=\"async\" width=\"150\" height=\"150\" src=\"https:\/\/www.bio-nickl.de\/wordpress\/wp-content\/uploads\/2018\/08\/Linde-Frucht-Lineal-3.8.18-150x150.jpg\" class=\"attachment-thumbnail size-thumbnail\" alt=\"\" aria-describedby=\"gallery-4-2712\" srcset=\"https:\/\/www.bio-nickl.de\/wordpress\/wp-content\/uploads\/2018\/08\/Linde-Frucht-Lineal-3.8.18-150x150.jpg 150w, https:\/\/www.bio-nickl.de\/wordpress\/wp-content\/uploads\/2018\/08\/Linde-Frucht-Lineal-3.8.18-100x100.jpg 100w\" sizes=\"auto, 100vw\" \/><\/a>\n\t\t\t<\/div>\n\t\t\t\t<figcaption class='wp-caption-text gallery-caption' id='gallery-4-2712'>\n\t\t\t\tLinde Frucht\n\t\t\t\t<\/figcaption><\/figure>\n\t\t<\/div>\n\n<p>Der <strong>L\u00f6wenzahn<\/strong> erzeugt im Mai und Juni zahlreiche Schirmchen-Fr\u00fcchte, die der Wind oft sehr weit vertr\u00e4gt (&#8222;Pusteblume&#8220;). Wegen seiner rauen Oberfl\u00e4che verhakt sich der Samenbeh\u00e4lter mit dem Untergrund.<\/p>\n<div id='gallery-5' class='gallery galleryid-2508 gallery-columns-3 gallery-size-thumbnail'><figure class='gallery-item'>\n\t\t\t<div class='gallery-icon portrait'>\n\t\t\t\t<a href='https:\/\/www.bio-nickl.de\/wordpress\/fotos-botanik\/fotos-pflanzenfamilien\/olympus-digital-camera-67\/'><img loading=\"lazy\" decoding=\"async\" width=\"150\" height=\"150\" src=\"https:\/\/www.bio-nickl.de\/wordpress\/wp-content\/uploads\/2018\/07\/2018.05.05-L\u00f6wenzahn-Bl\u00fcte-150x150.jpg\" class=\"attachment-thumbnail size-thumbnail\" alt=\"\" aria-describedby=\"gallery-5-2453\" srcset=\"https:\/\/www.bio-nickl.de\/wordpress\/wp-content\/uploads\/2018\/07\/2018.05.05-L\u00f6wenzahn-Bl\u00fcte-150x150.jpg 150w, https:\/\/www.bio-nickl.de\/wordpress\/wp-content\/uploads\/2018\/07\/2018.05.05-L\u00f6wenzahn-Bl\u00fcte-100x100.jpg 100w\" sizes=\"auto, 100vw\" \/><\/a>\n\t\t\t<\/div>\n\t\t\t\t<figcaption class='wp-caption-text gallery-caption' id='gallery-5-2453'>\n\t\t\t\tL\u00f6wenzahn (Taraxacum), im April dominierend\n\t\t\t\t<\/figcaption><\/figure><figure class='gallery-item'>\n\t\t\t<div class='gallery-icon landscape'>\n\t\t\t\t<a href='https:\/\/www.bio-nickl.de\/wordpress\/fotos-verbreitung-von-samen-und-fruechten\/olympus-digital-camera-107\/'><img loading=\"lazy\" decoding=\"async\" width=\"150\" height=\"150\" src=\"https:\/\/www.bio-nickl.de\/wordpress\/wp-content\/uploads\/2018\/07\/Wind-L\u00f6wenzahn-Fruchtstand-1-150x150.jpg\" class=\"attachment-thumbnail size-thumbnail\" alt=\"\" aria-describedby=\"gallery-5-2544\" srcset=\"https:\/\/www.bio-nickl.de\/wordpress\/wp-content\/uploads\/2018\/07\/Wind-L\u00f6wenzahn-Fruchtstand-1-150x150.jpg 150w, https:\/\/www.bio-nickl.de\/wordpress\/wp-content\/uploads\/2018\/07\/Wind-L\u00f6wenzahn-Fruchtstand-1-100x100.jpg 100w\" sizes=\"auto, 100vw\" \/><\/a>\n\t\t\t<\/div>\n\t\t\t\t<figcaption class='wp-caption-text gallery-caption' id='gallery-5-2544'>\n\t\t\t\tL\u00f6wenzahn (Taraxacum), Fruchtstand\n\t\t\t\t<\/figcaption><\/figure><figure class='gallery-item'>\n\t\t\t<div class='gallery-icon portrait'>\n\t\t\t\t<a href='https:\/\/www.bio-nickl.de\/wordpress\/fotos-verbreitung-von-samen-und-fruechten\/olympus-digital-camera-108\/'><img loading=\"lazy\" decoding=\"async\" width=\"150\" height=\"150\" src=\"https:\/\/www.bio-nickl.de\/wordpress\/wp-content\/uploads\/2018\/07\/Wind-L\u00f6wenzahn-Einzelfr\u00fcchte-150x150.jpg\" class=\"attachment-thumbnail size-thumbnail\" alt=\"\" aria-describedby=\"gallery-5-2545\" srcset=\"https:\/\/www.bio-nickl.de\/wordpress\/wp-content\/uploads\/2018\/07\/Wind-L\u00f6wenzahn-Einzelfr\u00fcchte-150x150.jpg 150w, https:\/\/www.bio-nickl.de\/wordpress\/wp-content\/uploads\/2018\/07\/Wind-L\u00f6wenzahn-Einzelfr\u00fcchte-100x100.jpg 100w\" sizes=\"auto, 100vw\" \/><\/a>\n\t\t\t<\/div>\n\t\t\t\t<figcaption class='wp-caption-text gallery-caption' id='gallery-5-2545'>\n\t\t\t\tL\u00f6wenzahn (Taraxacum), Einzelfr\u00fcchte\n\t\t\t\t<\/figcaption><\/figure>\n\t\t<\/div>\n\n<p><strong>Weidenr\u00f6schen<\/strong> besitzen einen sehr langen, d\u00fcnnen Fruchtknoten. Aus ihm entwickelt sich eine Kapselfrucht, die in vier Klappen aufspringt und etliche Samen entl\u00e4sst, die lange Samenf\u00e4den besitzen. Die folgenden Bilder stammen vom Kleinbl\u00fctigen Weidenr\u00f6schen (<em>Epilobium parviflorum<\/em>), Anfang August.<\/p>\n<div id='gallery-6' class='gallery galleryid-2508 gallery-columns-3 gallery-size-thumbnail'><figure class='gallery-item'>\n\t\t\t<div class='gallery-icon landscape'>\n\t\t\t\t<a href='https:\/\/www.bio-nickl.de\/wordpress\/fotos-verbreitung-von-samen-und-fruechten\/olympus-digital-camera-184\/'><img loading=\"lazy\" decoding=\"async\" width=\"150\" height=\"150\" src=\"https:\/\/www.bio-nickl.de\/wordpress\/wp-content\/uploads\/2018\/08\/Epilobium-parviflorum-3.8.18-C-150x150.jpg\" class=\"attachment-thumbnail size-thumbnail\" alt=\"\" aria-describedby=\"gallery-6-2692\" srcset=\"https:\/\/www.bio-nickl.de\/wordpress\/wp-content\/uploads\/2018\/08\/Epilobium-parviflorum-3.8.18-C-150x150.jpg 150w, https:\/\/www.bio-nickl.de\/wordpress\/wp-content\/uploads\/2018\/08\/Epilobium-parviflorum-3.8.18-C-100x100.jpg 100w\" sizes=\"auto, 100vw\" \/><\/a>\n\t\t\t<\/div>\n\t\t\t\t<figcaption class='wp-caption-text gallery-caption' id='gallery-6-2692'>\n\t\t\t\tKleinbl\u00fctiges Weidenr\u00f6schen, Knospen und Bl\u00fcten\n\t\t\t\t<\/figcaption><\/figure><figure class='gallery-item'>\n\t\t\t<div class='gallery-icon landscape'>\n\t\t\t\t<a href='https:\/\/www.bio-nickl.de\/wordpress\/fotos-verbreitung-von-samen-und-fruechten\/olympus-digital-camera-185\/'><img loading=\"lazy\" decoding=\"async\" width=\"150\" height=\"150\" src=\"https:\/\/www.bio-nickl.de\/wordpress\/wp-content\/uploads\/2018\/08\/Epilobium-parviflorum-3.8.18-B-150x150.jpg\" class=\"attachment-thumbnail size-thumbnail\" alt=\"\" aria-describedby=\"gallery-6-2693\" srcset=\"https:\/\/www.bio-nickl.de\/wordpress\/wp-content\/uploads\/2018\/08\/Epilobium-parviflorum-3.8.18-B-150x150.jpg 150w, https:\/\/www.bio-nickl.de\/wordpress\/wp-content\/uploads\/2018\/08\/Epilobium-parviflorum-3.8.18-B-100x100.jpg 100w\" sizes=\"auto, 100vw\" \/><\/a>\n\t\t\t<\/div>\n\t\t\t\t<figcaption class='wp-caption-text gallery-caption' id='gallery-6-2693'>\n\t\t\t\tKleinbl\u00fctiges Weidenr\u00f6schen, frisch aufgesprungene Kapselfrucht\n\t\t\t\t<\/figcaption><\/figure><figure class='gallery-item'>\n\t\t\t<div class='gallery-icon landscape'>\n\t\t\t\t<a href='https:\/\/www.bio-nickl.de\/wordpress\/fotos-verbreitung-von-samen-und-fruechten\/olympus-digital-camera-186\/'><img loading=\"lazy\" decoding=\"async\" width=\"150\" height=\"150\" src=\"https:\/\/www.bio-nickl.de\/wordpress\/wp-content\/uploads\/2018\/08\/Epilobium-parviflorum-3.8.18-A-150x150.jpg\" class=\"attachment-thumbnail size-thumbnail\" alt=\"\" aria-describedby=\"gallery-6-2694\" srcset=\"https:\/\/www.bio-nickl.de\/wordpress\/wp-content\/uploads\/2018\/08\/Epilobium-parviflorum-3.8.18-A-150x150.jpg 150w, https:\/\/www.bio-nickl.de\/wordpress\/wp-content\/uploads\/2018\/08\/Epilobium-parviflorum-3.8.18-A-100x100.jpg 100w\" sizes=\"auto, 100vw\" \/><\/a>\n\t\t\t<\/div>\n\t\t\t\t<figcaption class='wp-caption-text gallery-caption' id='gallery-6-2694'>\n\t\t\t\tKleinbl\u00fctiges Weidenr\u00f6schen, Samen mit Samenf\u00e4den\n\t\t\t\t<\/figcaption><\/figure>\n\t\t<\/div>\n\n<h4><strong><span style=\"color: #0000ff;\"><span id=\"botverbtier\" class=\"sta-anchor \" aria-hidden=\"true\"><\/span>Tierverbreitung<\/span><\/strong><\/h4>\n<p>Klare Hinweise auf Tierverbreitung sind auff\u00e4llige F\u00e4rbung und n\u00e4hrstoffreiches Fruchtfleisch. Eine andere Strategie verfolgen die Klettfr\u00fcchte, die sich in den Haaren von S\u00e4ugetieren verfangen und an anderer Stelle zu Boden fallen.<\/p>\n<p>Am Ende der Frucht der <strong>Echten Nelkenwurz<\/strong> ist ein Widerhaken zu erkennen. Dieser Haken ist bei der <strong>Bach-Nelkenwurz<\/strong> deutlich kleiner ausgebildet;\u00a0allerdings eignen sich die Haare auch f\u00fcr die Windverbreitung (Federschweifflieger) Die Fotos der beiden Nelkenwurz-Arten stammen vom 2. Juni 2018.<\/p>\n<div id='gallery-7' class='gallery galleryid-2508 gallery-columns-3 gallery-size-thumbnail'><figure class='gallery-item'>\n\t\t\t<div class='gallery-icon portrait'>\n\t\t\t\t<a href='https:\/\/www.bio-nickl.de\/wordpress\/fotos-verbreitung-von-samen-und-fruechten\/olympus-digital-camera-110\/'><img loading=\"lazy\" decoding=\"async\" width=\"150\" height=\"150\" src=\"https:\/\/www.bio-nickl.de\/wordpress\/wp-content\/uploads\/2018\/07\/Tier-Geum-urbanum-2-150x150.jpg\" class=\"attachment-thumbnail size-thumbnail\" alt=\"\" aria-describedby=\"gallery-7-2547\" srcset=\"https:\/\/www.bio-nickl.de\/wordpress\/wp-content\/uploads\/2018\/07\/Tier-Geum-urbanum-2-150x150.jpg 150w, https:\/\/www.bio-nickl.de\/wordpress\/wp-content\/uploads\/2018\/07\/Tier-Geum-urbanum-2-100x100.jpg 100w\" sizes=\"auto, 100vw\" \/><\/a>\n\t\t\t<\/div>\n\t\t\t\t<figcaption class='wp-caption-text gallery-caption' id='gallery-7-2547'>\n\t\t\t\tEchte Nelkenwurz (Geum urbanum)\n\t\t\t\t<\/figcaption><\/figure><figure class='gallery-item'>\n\t\t\t<div class='gallery-icon portrait'>\n\t\t\t\t<a href='https:\/\/www.bio-nickl.de\/wordpress\/fotos-verbreitung-von-samen-und-fruechten\/olympus-digital-camera-109\/'><img loading=\"lazy\" decoding=\"async\" width=\"150\" height=\"150\" src=\"https:\/\/www.bio-nickl.de\/wordpress\/wp-content\/uploads\/2018\/07\/Tier-Geum-urbanum-1-150x150.jpg\" class=\"attachment-thumbnail size-thumbnail\" alt=\"\" aria-describedby=\"gallery-7-2546\" srcset=\"https:\/\/www.bio-nickl.de\/wordpress\/wp-content\/uploads\/2018\/07\/Tier-Geum-urbanum-1-150x150.jpg 150w, https:\/\/www.bio-nickl.de\/wordpress\/wp-content\/uploads\/2018\/07\/Tier-Geum-urbanum-1-100x100.jpg 100w\" sizes=\"auto, 100vw\" \/><\/a>\n\t\t\t<\/div>\n\t\t\t\t<figcaption class='wp-caption-text gallery-caption' id='gallery-7-2546'>\n\t\t\t\tEchte Nelkenwurz (Geum urbanum)\n\t\t\t\t<\/figcaption><\/figure><figure class='gallery-item'>\n\t\t\t<div class='gallery-icon landscape'>\n\t\t\t\t<a href='https:\/\/www.bio-nickl.de\/wordpress\/fotos-verbreitung-von-samen-und-fruechten\/tier-geum-rivale-am-steg\/'><img loading=\"lazy\" decoding=\"async\" width=\"150\" height=\"150\" src=\"https:\/\/www.bio-nickl.de\/wordpress\/wp-content\/uploads\/2018\/07\/Tier-Geum-rivale-am-Steg-150x150.jpg\" class=\"attachment-thumbnail size-thumbnail\" alt=\"\" aria-describedby=\"gallery-7-2548\" srcset=\"https:\/\/www.bio-nickl.de\/wordpress\/wp-content\/uploads\/2018\/07\/Tier-Geum-rivale-am-Steg-150x150.jpg 150w, https:\/\/www.bio-nickl.de\/wordpress\/wp-content\/uploads\/2018\/07\/Tier-Geum-rivale-am-Steg-100x100.jpg 100w\" sizes=\"auto, 100vw\" \/><\/a>\n\t\t\t<\/div>\n\t\t\t\t<figcaption class='wp-caption-text gallery-caption' id='gallery-7-2548'>\n\t\t\t\tBach-Nelkenwurz (Geum rivale)\n\t\t\t\t<\/figcaption><\/figure><figure class='gallery-item'>\n\t\t\t<div class='gallery-icon portrait'>\n\t\t\t\t<a href='https:\/\/www.bio-nickl.de\/wordpress\/fotos-verbreitung-von-samen-und-fruechten\/olympus-digital-camera-111\/'><img loading=\"lazy\" decoding=\"async\" width=\"150\" height=\"150\" src=\"https:\/\/www.bio-nickl.de\/wordpress\/wp-content\/uploads\/2018\/07\/Tier-Geum-rivale-2-150x150.jpg\" class=\"attachment-thumbnail size-thumbnail\" alt=\"\" aria-describedby=\"gallery-7-2549\" srcset=\"https:\/\/www.bio-nickl.de\/wordpress\/wp-content\/uploads\/2018\/07\/Tier-Geum-rivale-2-150x150.jpg 150w, https:\/\/www.bio-nickl.de\/wordpress\/wp-content\/uploads\/2018\/07\/Tier-Geum-rivale-2-100x100.jpg 100w\" sizes=\"auto, 100vw\" \/><\/a>\n\t\t\t<\/div>\n\t\t\t\t<figcaption class='wp-caption-text gallery-caption' id='gallery-7-2549'>\n\t\t\t\tBach-Nelkenwurz (Geum rivale)\n\t\t\t\t<\/figcaption><\/figure><figure class='gallery-item'>\n\t\t\t<div class='gallery-icon portrait'>\n\t\t\t\t<a href='https:\/\/www.bio-nickl.de\/wordpress\/fotos-verbreitung-von-samen-und-fruechten\/olympus-digital-camera-112\/'><img loading=\"lazy\" decoding=\"async\" width=\"150\" height=\"150\" src=\"https:\/\/www.bio-nickl.de\/wordpress\/wp-content\/uploads\/2018\/07\/Tier-Geum-rivale-1-150x150.jpg\" class=\"attachment-thumbnail size-thumbnail\" alt=\"\" aria-describedby=\"gallery-7-2550\" srcset=\"https:\/\/www.bio-nickl.de\/wordpress\/wp-content\/uploads\/2018\/07\/Tier-Geum-rivale-1-150x150.jpg 150w, https:\/\/www.bio-nickl.de\/wordpress\/wp-content\/uploads\/2018\/07\/Tier-Geum-rivale-1-100x100.jpg 100w\" sizes=\"auto, 100vw\" \/><\/a>\n\t\t\t<\/div>\n\t\t\t\t<figcaption class='wp-caption-text gallery-caption' id='gallery-7-2550'>\n\t\t\t\tBach-Nelkenwurz (Geum rivale)\n\t\t\t\t<\/figcaption><\/figure>\n\t\t<\/div>\n\n","protected":false},"excerpt":{"rendered":"<p>Windverbreitung Tierverbreitung Windverbreitung Die Fr\u00fcchte der Ahorne bilden Propellerflieger, die das Absinken stark verz\u00f6gern, so dass ein Seitenwind sie weit verbreiten kann. Die folgenden Bilder von Feldahorn und Spitzahorn stammen vom 2. Juni 2018. Die beiden Fr\u00fcchte bilden beim Spitzahorn einen sehr flachen Winkel, beim Bergahorn dagegen einen spitzen. Die Ulmen bilden Segelfr\u00fcchte aus, die &hellip; <\/p>\n<p class=\"link-more\"><a href=\"https:\/\/www.bio-nickl.de\/wordpress\/fotos-verbreitung-von-samen-und-fruechten\/\" class=\"more-link\"><span class=\"screen-reader-text\">\u201ePhotos Verbreitung von Samen und Fr\u00fcchten\u201c<\/span> weiterlesen<\/a><\/p>\n","protected":false},"author":1,"featured_media":0,"parent":0,"menu_order":0,"comment_status":"closed","ping_status":"closed","template":"","meta":{"om_disable_all_campaigns":false,"_monsterinsights_skip_tracking":false,"_monsterinsights_sitenote_active":false,"_monsterinsights_sitenote_note":"","_monsterinsights_sitenote_category":0,"footnotes":""},"class_list":["post-2508","page","type-page","status-publish","hentry"],"aioseo_notices":[],"_links":{"self":[{"href":"https:\/\/www.bio-nickl.de\/wordpress\/wp-json\/wp\/v2\/pages\/2508","targetHints":{"allow":["GET"]}}],"collection":[{"href":"https:\/\/www.bio-nickl.de\/wordpress\/wp-json\/wp\/v2\/pages"}],"about":[{"href":"https:\/\/www.bio-nickl.de\/wordpress\/wp-json\/wp\/v2\/types\/page"}],"author":[{"embeddable":true,"href":"https:\/\/www.bio-nickl.de\/wordpress\/wp-json\/wp\/v2\/users\/1"}],"replies":[{"embeddable":true,"href":"https:\/\/www.bio-nickl.de\/wordpress\/wp-json\/wp\/v2\/comments?post=2508"}],"version-history":[{"count":10,"href":"https:\/\/www.bio-nickl.de\/wordpress\/wp-json\/wp\/v2\/pages\/2508\/revisions"}],"predecessor-version":[{"id":3119,"href":"https:\/\/www.bio-nickl.de\/wordpress\/wp-json\/wp\/v2\/pages\/2508\/revisions\/3119"}],"wp:attachment":[{"href":"https:\/\/www.bio-nickl.de\/wordpress\/wp-json\/wp\/v2\/media?parent=2508"}],"curies":[{"name":"wp","href":"https:\/\/api.w.org\/{rel}","templated":true}]}}