{"id":5121,"date":"2020-03-31T09:40:12","date_gmt":"2020-03-31T07:40:12","guid":{"rendered":"https:\/\/www.bio-nickl.de\/wordpress\/?page_id=5121"},"modified":"2026-02-16T14:39:51","modified_gmt":"2026-02-16T13:39:51","slug":"materialien-mittelstufe-lehrplanplus","status":"publish","type":"page","link":"https:\/\/www.bio-nickl.de\/wordpress\/materialien-mittelstufe-lehrplanplus\/","title":{"rendered":"Materialien Mittelstufe LehrplanPLUS"},"content":{"rendered":"<p><img loading=\"lazy\" decoding=\"async\" class=\"size-medium wp-image-4233\" src=\"https:\/\/www.bio-nickl.de\/wordpress\/wp-content\/uploads\/2019\/12\/ALP-Ordner-506-261x300.jpg\" alt=\"\" width=\"261\" height=\"300\" srcset=\"https:\/\/www.bio-nickl.de\/wordpress\/wp-content\/uploads\/2019\/12\/ALP-Ordner-506-261x300.jpg 261w, https:\/\/www.bio-nickl.de\/wordpress\/wp-content\/uploads\/2019\/12\/ALP-Ordner-506-768x883.jpg 768w, https:\/\/www.bio-nickl.de\/wordpress\/wp-content\/uploads\/2019\/12\/ALP-Ordner-506-891x1024.jpg 891w, https:\/\/www.bio-nickl.de\/wordpress\/wp-content\/uploads\/2019\/12\/ALP-Ordner-506.jpg 1841w\" sizes=\"auto, (max-width: 261px) 100vw, 261px\" \/><\/p>\n<p>Der <strong>Praktikumsordner \u201eBio? \u2013 Logisch!\u201c<\/strong>, Akademiebericht 506 der Akademie f\u00fcr Lehrerfortbildung und Personalf\u00fchrung Dillingen (ALP) enth\u00e4lt Beschreibungen und Unterlagen zu Experimenten, Untersuchungen, Rollenspielen usw. f\u00fcr den Biologie-Unterricht. Er kann nur in Dillingen bestellt werden:<span style=\"color: #ff6600;\"> <a style=\"color: #ff6600;\" href=\"https:\/\/alp.dillingen.de\/akademie\/akademieberichte\/\">https:\/\/alp.dillingen.de\/akademie\/akademieberichte\/<\/a><\/span> Stichwort \u201e506\u201c oder \u201ebio logisch\u201c; Kostenpunkt: 45,00 Euro.<\/p>\n<p>Mit der 2. Auflage ver\u00e4ndern sich einige Nummern der Praktikumsbl\u00e4tter. Hier ist eine \u00dcbersicht dazu:<span style=\"color: #ff6600;\"> [<a style=\"color: #ff6600;\" href=\"https:\/\/www.bio-nickl.de\/wordpress\/wp-content\/uploads\/2021\/08\/Bio-Logisch-geaenderte-Nummern-der-Blaetter.docx\">word<\/a>] [<a style=\"color: #ff6600;\" href=\"https:\/\/www.bio-nickl.de\/wordpress\/wp-content\/uploads\/2021\/08\/Bio-Logisch-geaenderte-Nummern-der-Blaetter.pdf\">pdf<\/a>]<\/span>. Ab der Mittelstufe verweise ich in meinen Skripten auf die Seiten in der zweiten, \u00fcberarbeiteten Auflage des Ordners, der seit Ende Oktober 2022 in Dillingen erh\u00e4ltlich ist: Bestellnummer 506 <span style=\"color: #ff6600;\">[<a style=\"color: #ff6600;\" href=\"https:\/\/alp.dillingen.de\/akademie\/akademieberichte\/\">Link zur ALP-Seite<\/a>]<br \/>\n<\/span><\/p>\n<p>Infoblog mit kurzen Beitr\u00e4gen, die ggf. auch von Sch\u00fclern als Quelle verwendet werden k\u00f6nnen: <span style=\"color: #ff6600;\"><a style=\"color: #ff6600;\" href=\"https:\/\/www.biowisskomm.de\/blog\/\">https:\/\/www.biowisskomm.de\/blog\/ <\/a><\/span>. Gr\u00fcnder und Gesch\u00e4ftsf\u00fchrer von BioWissKomm ist Prof. Wolfgang Nellen, ein renommierter Biologe. &#8222;Wer wir sind&#8220; zeigt deutlich, wie eine glaubhafte Quelle zu erkennen ist.<\/p>\n<p>(F\u00fcr diese Hinweise erhalte ich keinerlei Verg\u00fcnstigungen.)<\/p>\n<p><strong>Berufsbilder aus dem Bereich Biologie:<\/strong> Dazu hat der vbio eine Brosch\u00fcre herausgebracht, die kostenlos als pdf heruntergeladen werden kann: <span style=\"color: #0000ff;\"><a style=\"color: #0000ff;\" href=\"https:\/\/www.vbio.de\/publikationen\/zukunft-biowissenschaften\">https:\/\/www.vbio.de\/publikationen\/zukunft-biowissenschaften<\/a><\/span><\/p>\n<p><span style=\"color: #ff0000;\">Meine didaktisch-methodischen Ausf\u00fchrungen beziehen sich auf den Normalbetrieb bei voller Stundenzahl (in Pr\u00e4senz) und bei normalem Unterrichtsbetrieb in den Vorjahren. Durch Corona bedingte Einschr\u00e4nkungen m\u00fcssen Sie selbst in der Unterrichtsplanung ber\u00fccksichtigten, ebenso eventuell fehlendes Vorwissen.<\/span><\/p>\n<p>Hier finden Sie Links zu meinen Materialien f\u00fcr die Mittelstufe sowie Grundwissenlisten des Rupprecht-Gymnasiums M\u00fcnchen (RGM), sobald diese fertig gestellt sind.<\/p>\n<p><span style=\"color: #000000;\">Die <strong>Multimedia-Pr\u00e4sentationen<\/strong> zu meinen Fortbildungs-Veranstaltungen finden Sie jetzt auf der Seite &#8222;Fortbildungen&#8220;.<\/span><\/p>\n<h2><span style=\"color: #0000ff;\"><strong>Jahrgangs\u00fcbergreifende Materialien<\/strong><\/span><\/h2>\n<p><strong>Ikons der drei Betrachtungsebenen (\u201eWelten\u201c):<\/strong><\/p>\n<ul>\n<li><span style=\"color: #ff6600;\">makroskopisch [<a style=\"color: #ff6600;\" href=\"https:\/\/www.bio-nickl.de\/wordpress\/wp-content\/uploads\/2020\/02\/Ikon-makroskopisch.png\">jpg<\/a>]<\/span><\/li>\n<li><span style=\"color: #ff6600;\">mikroskopisch [<a style=\"color: #ff6600;\" href=\"https:\/\/www.bio-nickl.de\/wordpress\/wp-content\/uploads\/2020\/02\/Ikon-mikroskopisch.png\">jpg<\/a>]<\/span><\/li>\n<li><span style=\"color: #ff6600;\">submikroskopisch [<a style=\"color: #ff6600;\" href=\"https:\/\/www.bio-nickl.de\/wordpress\/wp-content\/uploads\/2020\/02\/Ikon-submikroskopisch.png\">jpg<\/a>]<\/span><\/li>\n<li><span style=\"color: #ff6600;\">alle drei Ikons mit Beschriftung [<a style=\"color: #ff6600;\" href=\"https:\/\/www.bio-nickl.de\/wordpress\/wp-content\/uploads\/2019\/09\/AM_B10_Betrachtungsebenen.pdf\">pdf<\/a>]<\/span><\/li>\n<\/ul>\n<p><strong>Ikons f\u00fcr die vier haupts\u00e4chlichen Anforderungen an Lebewesen:<\/strong><\/p>\n<ul>\n<li><span style=\"color: #ff6600;\">aktive Bewegung [<a style=\"color: #ff6600;\" href=\"https:\/\/www.bio-nickl.de\/wordpress\/wp-content\/uploads\/2020\/02\/Ikon-Aktive-Bewegung.jpg\">jpg<\/a>]<\/span><\/li>\n<li><span style=\"color: #ff6600;\">Fortpflanzung, Wachstum und Individualentwicklung: Familie [<a style=\"color: #ff6600;\" href=\"https:\/\/www.bio-nickl.de\/wordpress\/wp-content\/uploads\/2020\/02\/Ikon-Fortpflanzung.jpg\">jpg<\/a>], Alternative zellul\u00e4r [<a style=\"color: #ff6600;\" href=\"https:\/\/www.bio-nickl.de\/wordpress\/wp-content\/uploads\/2020\/02\/Ikon-Fortpflanzung-zellul\u00e4r.jpg\">jpg<\/a>]<\/span><\/li>\n<li><span style=\"color: #ff6600;\">Informationsaufnahme, Informationsverarbeitung und Reaktion [<a style=\"color: #ff6600;\" href=\"https:\/\/www.bio-nickl.de\/wordpress\/wp-content\/uploads\/2020\/02\/Ikon-Sinne-scaled.jpg\">jpg<\/a>]<\/span><\/li>\n<li><span style=\"color: #ff6600;\">Stoffwechsel: Stoff- und Energieumwandlung: Lagerfeuer [<a style=\"color: #ff6600;\" href=\"https:\/\/www.bio-nickl.de\/wordpress\/wp-content\/uploads\/2020\/02\/Ikon-Stoffwechsel-Feuer.jpg\">jpg<\/a>]; verschiedene Alternativen [<a style=\"color: #ff6600;\" href=\"https:\/\/www.bio-nickl.de\/wordpress\/wp-content\/uploads\/2020\/02\/Ikon-Stoffwechsel-N1.jpg\">jpg<\/a>] [<a style=\"color: #ff6600;\" href=\"https:\/\/www.bio-nickl.de\/wordpress\/wp-content\/uploads\/2020\/02\/Ikon-Stoffwechsel-N2.jpg\">jpg<\/a>] [<a style=\"color: #ff6600;\" href=\"https:\/\/www.bio-nickl.de\/wordpress\/wp-content\/uploads\/2020\/02\/Ikon-Stoffwechsel-N3-einfach.jpg\">jpg<\/a>] [<a style=\"color: #ff6600;\" href=\"https:\/\/www.bio-nickl.de\/wordpress\/wp-content\/uploads\/2020\/02\/Ikon-Stoffwechsel-N4.jpg\">jpg<\/a>] [<a style=\"color: #ff6600;\" href=\"https:\/\/www.bio-nickl.de\/wordpress\/wp-content\/uploads\/2020\/02\/Ikon-Stoffwechsel-N5.jpg\">jpg<\/a>] [<a style=\"color: #ff6600;\" href=\"https:\/\/www.bio-nickl.de\/wordpress\/wp-content\/uploads\/2020\/02\/Ikon-Stoffwechsel-N6.jpg\">jpg<\/a>]<\/span><\/li>\n<\/ul>\n<p><strong>Weitere Materialien:<\/strong><\/p>\n<ul>\n<li><span style=\"color: #ff6600;\">Getreideverbrauch in Deutschland (\u00d6kologie, Ern\u00e4hrung) [<a style=\"color: #ff6600;\" href=\"https:\/\/www.bio-nickl.de\/wordpress\/wp-content\/uploads\/2023\/01\/AM_Getreide.docx\">word<\/a>] [<a style=\"color: #ff6600;\" href=\"https:\/\/www.bio-nickl.de\/wordpress\/wp-content\/uploads\/2023\/01\/AM_Getreide.pdf\">pdf<\/a>]<\/span><\/li>\n<li><span style=\"color: #ff6600;\">Abteilung Landwirtschaft im Deutschen Museum M\u00fcnchen (allgemeine Hinweise, konkrete Aufgabenstellungen und L\u00f6sungshinweise dazu; ver\u00e4ndert im Oktober 2023) im Rahmen der \u00d6kologie in den Klassen 8 und 9 [<a style=\"color: #ff6600;\" href=\"https:\/\/www.bio-nickl.de\/wordpress\/wp-content\/uploads\/2023\/10\/AM-Landwirtschaft-im-Deutschen-Museum_N1.docx\">word<\/a>] [<a style=\"color: #ff6600;\" href=\"https:\/\/www.bio-nickl.de\/wordpress\/wp-content\/uploads\/2023\/10\/AM-Landwirtschaft-im-Deutschen-Museum_N1.pdf\">pdf<\/a>]<\/span><\/li>\n<\/ul>\n<h3><a href=\"#klasse8\"><strong><span style=\"color: #0000ff;\">8. Klasse LehrplanPLUS (ab September 2020)<\/span><\/strong><\/a><\/h3>\n<h3><a href=\"#klasse9\"><span style=\"color: #0000ff;\"><strong>9. Klasse LehrplanPLUS (ab September 2021)<\/strong><\/span><\/a><\/h3>\n<h3><a href=\"#klasse10\"><span style=\"color: #0000ff;\"><strong>10. Klasse LehrplanPLUS (ab September 2022)<\/strong><\/span><\/a><\/h3>\n<h2><strong><span style=\"color: #000000;\"><span id=\"klasse8\" class=\"sta-anchor \" aria-hidden=\"true\"><\/span><span style=\"color: #0000ff;\">8. Klasse LehrplanPLUS (ab 2020)<\/span><\/span><br \/>\n<\/strong><\/h2>\n<p><em>Allgemeine Hinweise zur Didaktik und P\u00e4dagogik finden Sie unter Did.Met.P\u00e4d.<\/em><\/p>\n<p>Das Georg-Eckert-Institut (Leibnitz-Institut f\u00fcr internationale Schulbuchforschung) hat dem Lehrbuch Biologie 8, Gymnasium Bayern, des C. C. Buchner Verlags, f\u00fcr das ich als Berater fungierte, den 2. Preis in der Kategorie MINT verliehen (den 1. Preis bekam ein Informatik-Lehrbuch aus der Schweiz).<\/p>\n<p><span style=\"color: #ff6600;\"><strong>LehrplanPLUS Biologie 8. Klasse 2018, tabellarisch:\u00a0<\/strong>[<a style=\"color: #ff6600;\" href=\"https:\/\/www.bio-nickl.de\/wordpress\/wp-content\/uploads\/2022\/11\/8-Bio-Fachlehrplan-plus_N2.docx\">word<\/a>] [<a style=\"color: #ff6600;\" href=\"https:\/\/www.bio-nickl.de\/wordpress\/wp-content\/uploads\/2022\/11\/8-Bio-Fachlehrplan-plus_N2.pdf\">pdf<\/a>]<\/span><\/p>\n<p><img loading=\"lazy\" decoding=\"async\" class=\" wp-image-4842\" src=\"https:\/\/www.bio-nickl.de\/wordpress\/wp-content\/uploads\/2020\/02\/Ikon-Sinne-300x147.jpg\" alt=\"\" width=\"94\" height=\"46\" srcset=\"https:\/\/www.bio-nickl.de\/wordpress\/wp-content\/uploads\/2020\/02\/Ikon-Sinne-300x147.jpg 300w, https:\/\/www.bio-nickl.de\/wordpress\/wp-content\/uploads\/2020\/02\/Ikon-Sinne-1024x501.jpg 1024w, https:\/\/www.bio-nickl.de\/wordpress\/wp-content\/uploads\/2020\/02\/Ikon-Sinne-768x376.jpg 768w, https:\/\/www.bio-nickl.de\/wordpress\/wp-content\/uploads\/2020\/02\/Ikon-Sinne-1536x751.jpg 1536w, https:\/\/www.bio-nickl.de\/wordpress\/wp-content\/uploads\/2020\/02\/Ikon-Sinne-2048x1002.jpg 2048w\" sizes=\"auto, (max-width: 94px) 100vw, 94px\" \/><\/p>\n<p><span style=\"color: #0000ff;\"><strong>8.1 Informationsaufnahme, -verarbeitung und Reaktion beim Menschen<br \/>\n<\/strong><\/span><\/p>\n<ul>\n<li><span style=\"color: #ff6600;\">Didaktisch-methodisches Skript f\u00fcr dieses Kapitel [<a style=\"color: #ff6600;\" href=\"https:\/\/www.bio-nickl.de\/wordpress\/wp-content\/uploads\/2023\/08\/DM_B8_Didaktik_LP_01_Information_N8.docx\">word<\/a>] [<a style=\"color: #ff6600;\" href=\"https:\/\/www.bio-nickl.de\/wordpress\/wp-content\/uploads\/2023\/08\/DM_B8_Didaktik_LP_01_Information_N8.pdf\">pdf<\/a>]<br \/>\n<\/span><\/li>\n<\/ul>\n<p><a href=\"https:\/\/www.planet-schule.de\/mm\/brillensimulator\/\"><span style=\"color: #ff6600;\">https:\/\/www.planet-schule.de\/mm\/brillensimulator\/ <\/span><\/a>Erkl\u00e4rvideos f\u00fcr den Strahlengang und die Korrekturen f\u00fcr drei Entfernungen bei normal-, kurz-, weit- und alterssichtigen Menschen (die Sch\u00e4rfenebene im Bild ver\u00e4ndert sich entsprechend); interaktiv im Expertenmodus: stufenlose Einstellungen f\u00fcr die L\u00e4nge des Augapfels, die Form der Augenlinse sowie die Form des Brillenglases (der Bildpunkt wandert jeweils mit)<\/p>\n<ul>\n<li><span style=\"color: #ff6600;\">Arbeitsblatt zur Wiederholung des Grundwissens aus der Unterstufe f\u00fcr dieses Kapitel [<a style=\"color: #ff6600;\" href=\"https:\/\/www.bio-nickl.de\/wordpress\/wp-content\/uploads\/2020\/03\/AM_B8_Wdh_Grundwissen_zu_Information_LP.docx\">word<\/a>] [<a style=\"color: #ff6600;\" href=\"https:\/\/www.bio-nickl.de\/wordpress\/wp-content\/uploads\/2020\/03\/AM_B8_Wdh_Grundwissen_zu_Information_LP.pdf\">pdf<\/a>]<\/span><\/li>\n<li><span style=\"color: #ff6600;\">Arbeitsblatt zum Aufbau einer Nervenzelle [<a style=\"color: #ff6600;\" href=\"https:\/\/www.bio-nickl.de\/wordpress\/wp-content\/uploads\/2020\/03\/AM_B8_Bau_Neuron_AB_LP.docx\">word<\/a>] [<a style=\"color: #ff6600;\" href=\"https:\/\/www.bio-nickl.de\/wordpress\/wp-content\/uploads\/2020\/03\/AM_B8_Bau_Neuron_AB_LP.pdf\">pdf<\/a>]; das Bild einer marklosen Nervenzelle [<a style=\"color: #ff6600;\" href=\"https:\/\/www.bio-nickl.de\/wordpress\/wp-content\/uploads\/2020\/03\/B8_01_Neuron_einfach.jpg\">jpg<\/a>] und f\u00fcr alle, die es nicht lassen k\u00f6nnen, das Bild einer markhaltigen Nervenzelle\u00a0[<a style=\"color: #ff6600;\" href=\"https:\/\/www.bio-nickl.de\/wordpress\/wp-content\/uploads\/2020\/03\/B8_02_Neuron_komplex.jpg\">jpg<\/a>]<\/span><\/li>\n<li><span style=\"color: #ff6600;\">Arbeitsblatt Bau und Funktionsweise der Synapse [<a style=\"color: #ff6600;\" href=\"https:\/\/www.bio-nickl.de\/wordpress\/wp-content\/uploads\/2020\/03\/AM_B8_Synapse_LP.docx\">word<\/a>] [<a style=\"color: #ff6600;\" href=\"https:\/\/www.bio-nickl.de\/wordpress\/wp-content\/uploads\/2020\/03\/AM_B8_Synapse_LP.pdf\">pdf<\/a>]<\/span><\/li>\n<li><span style=\"color: #ff6600;\">Arbeitsblatt Aufbau des Auges [<a style=\"color: #ff6600;\" href=\"https:\/\/www.bio-nickl.de\/wordpress\/wp-content\/uploads\/2020\/03\/AM_B8_Bau_Auge_LP.docx\">word<\/a>] [<a style=\"color: #ff6600;\" href=\"https:\/\/www.bio-nickl.de\/wordpress\/wp-content\/uploads\/2020\/03\/AM_B8_Bau_Auge_LP.pdf\">pdf<\/a>]; das Bild alleine [<a style=\"color: #ff6600;\" href=\"https:\/\/www.bio-nickl.de\/wordpress\/wp-content\/uploads\/2020\/03\/B8_03_Auge_Bau.jpg\">jpg<\/a>]<\/span><\/li>\n<li><span style=\"color: #ff6600;\">Arbeitsblatt &#8222;Strahleng\u00e4nge in der Lochkamera\u201c [<a style=\"color: #ff6600;\" href=\"https:\/\/www.bio-nickl.de\/wordpress\/wp-content\/uploads\/2020\/03\/AM_B8_Strahleng\u00e4nge_Lochkamera_LP.docx\">word<\/a>] [<a style=\"color: #ff6600;\" href=\"https:\/\/www.bio-nickl.de\/wordpress\/wp-content\/uploads\/2020\/03\/AM_B8_Strahleng\u00e4nge_Lochkamera_LP.pdf\">pdf<\/a>]; zur eventuellen \u00dcberarbeitung die Originaldatei mit den Abbildungen [<a style=\"color: #ff6600;\" href=\"https:\/\/www.bio-nickl.de\/wordpress\/wp-content\/uploads\/2020\/03\/AM_B8_Strahleng\u00e4nge_Originaldokument_LP.docx\">word<\/a>] [<a style=\"color: #ff6600;\" href=\"https:\/\/www.bio-nickl.de\/wordpress\/wp-content\/uploads\/2020\/03\/AM_B8_Strahleng\u00e4nge_Originaldokument_LP.pdf\">pdf<\/a>]<\/span><\/li>\n<li><span style=\"color: #ff6600;\">Mohnbl\u00fcte f\u00fcr den Vergleich der Farbwahrnehmung von Mensch und Honigbiene [<a style=\"color: #ff6600;\" href=\"https:\/\/www.bio-nickl.de\/wordpress\/wp-content\/uploads\/2020\/03\/B8_04_Mohnbl\u00fcte.jpg\">jpg<\/a>]<\/span><\/li>\n<li><span style=\"color: #ff6600;\">Bilddateien zur Demonstration des farblichen Sukzessivkontrastes (Zeichnung, aquarelliert): Projektion 1 [<a style=\"color: #ff6600;\" href=\"https:\/\/www.bio-nickl.de\/wordpress\/wp-content\/uploads\/2020\/03\/B8_05_Nachbild_1.jpg\">jpg 1<\/a>] Projektion 2 [<a style=\"color: #ff6600;\" href=\"https:\/\/www.bio-nickl.de\/wordpress\/wp-content\/uploads\/2020\/03\/B8_06_Nachbild_2.jpg\">jpg 2<\/a>] Nachbildaspekt [<a style=\"color: #ff6600;\" href=\"https:\/\/www.bio-nickl.de\/wordpress\/wp-content\/uploads\/2020\/04\/B8_05_Nachbild_umgekehrt.jpg\">jpg 3<\/a>]<br \/>\n<\/span><\/li>\n<li><span style=\"color: #ff6600;\">Bilddateien zur Demonstration des farblichen Sukzessivkontrastes (Vektorgraphik): Projektion 1 [<a style=\"color: #ff6600;\" href=\"https:\/\/www.bio-nickl.de\/wordpress\/wp-content\/uploads\/2020\/04\/Nachbild-Farbe-Vektor-1.jpg\">jpg 1<\/a>] [<a style=\"color: #ff6600;\" href=\"https:\/\/www.bio-nickl.de\/wordpress\/wp-content\/uploads\/2020\/04\/Nachbild-Farbe-Vektor-1.docx\">word 1<\/a>] Projektion 2 [<a style=\"color: #ff6600;\" href=\"https:\/\/www.bio-nickl.de\/wordpress\/wp-content\/uploads\/2020\/04\/Nachbild-Farbe-Vektor-2.jpg\">jpg 2<\/a>] [<a style=\"color: #ff6600;\" href=\"https:\/\/www.bio-nickl.de\/wordpress\/wp-content\/uploads\/2020\/04\/Nachbild-Farbe-Vektor-2.docx\">word 2<\/a>] Nachbildaspekt [<a style=\"color: #ff6600;\" href=\"https:\/\/www.bio-nickl.de\/wordpress\/wp-content\/uploads\/2020\/04\/Nachbild-Farbe-Vektor-3.jpg\">jpg 3<\/a>]<\/span><\/li>\n<li><span style=\"color: #ff6600;\">Arbeitsblatt Aufbau des Ohres [<a style=\"color: #ff6600;\" href=\"https:\/\/www.bio-nickl.de\/wordpress\/wp-content\/uploads\/2020\/03\/AM_B8_Bau_Ohr_LP.pdf\">pdf<\/a>] [<a style=\"color: #ff6600;\" href=\"https:\/\/www.bio-nickl.de\/wordpress\/wp-content\/uploads\/2020\/03\/B8_07_Bau_Ohr_LP.jpg\">jpg<\/a>]<\/span><\/li>\n<li><span style=\"color: #ff6600;\">Arbeitsblatt zu den Betrachtungsebenen in der Sinnesbiologie [<a style=\"color: #ff6600;\" href=\"https:\/\/www.bio-nickl.de\/wordpress\/wp-content\/uploads\/2021\/01\/AM_B8_Sinne_Ebenen_LP.docx\">word<\/a>] [<a style=\"color: #ff6600;\" href=\"https:\/\/www.bio-nickl.de\/wordpress\/wp-content\/uploads\/2021\/01\/AM_B8_Sinne_Ebenen_LP.pdf\">pdf<\/a>]<\/span><\/li>\n<li><span style=\"color: #ff6600;\">Tafelbild zur Wirkungsweise von Hormonen [<a style=\"color: #ff6600;\" href=\"https:\/\/www.bio-nickl.de\/wordpress\/wp-content\/uploads\/2020\/09\/Tafelbild-Hormonwirkung-N1.docx\">word<\/a>] [<a style=\"color: #ff6600;\" href=\"https:\/\/www.bio-nickl.de\/wordpress\/wp-content\/uploads\/2020\/09\/Tafelbild-Hormonwirkung-N1.pdf\">pdf als scan<\/a>]<\/span><\/li>\n<li><span style=\"color: #ff6600;\">Arbeitsblatt zur Blutzuckerregulation [<a style=\"color: #ff6600;\" href=\"https:\/\/www.bio-nickl.de\/wordpress\/wp-content\/uploads\/2020\/03\/AM_B8_Blutzucker_LP.docx\">word<\/a>] [<a style=\"color: #ff6600;\" href=\"https:\/\/www.bio-nickl.de\/wordpress\/wp-content\/uploads\/2020\/03\/AM_B8_Blutzucker_LP.pdf\">pdf als scan<\/a>]<\/span><\/li>\n<li><span style=\"color: #ff6600;\">Arbeitsblatt Pseudo-Stegreifaufgabe zum Thema Stress [<a style=\"color: #ff6600;\" href=\"https:\/\/www.bio-nickl.de\/wordpress\/wp-content\/uploads\/2020\/03\/AM_B8_Stress-Ex_LP.docx\">word<\/a>] [<a style=\"color: #ff6600;\" href=\"https:\/\/www.bio-nickl.de\/wordpress\/wp-content\/uploads\/2020\/03\/AM_B8_Stress-Ex_LP.pdf\">pdf<\/a>]<\/span><\/li>\n<\/ul>\n<p><img loading=\"lazy\" decoding=\"async\" class=\"alignnone wp-image-4841\" src=\"https:\/\/www.bio-nickl.de\/wordpress\/wp-content\/uploads\/2020\/02\/Ikon-Fortpflanzung-300x255.jpg\" alt=\"\" width=\"94\" height=\"80\" srcset=\"https:\/\/www.bio-nickl.de\/wordpress\/wp-content\/uploads\/2020\/02\/Ikon-Fortpflanzung-300x255.jpg 300w, https:\/\/www.bio-nickl.de\/wordpress\/wp-content\/uploads\/2020\/02\/Ikon-Fortpflanzung-768x654.jpg 768w, https:\/\/www.bio-nickl.de\/wordpress\/wp-content\/uploads\/2020\/02\/Ikon-Fortpflanzung.jpg 827w\" sizes=\"auto, (max-width: 94px) 100vw, 94px\" \/><\/p>\n<p><span style=\"color: #0000ff;\"><strong>8.2 Familien- und Sexualerziehung<\/strong><\/span><\/p>\n<ul>\n<li><span style=\"color: #ff6600;\">Didaktisch-methodisches Skript f\u00fcr dieses Kapitel\u00a0 [<a style=\"color: #ff6600;\" href=\"https:\/\/www.bio-nickl.de\/wordpress\/wp-content\/uploads\/2022\/12\/DM_B8_Didaktik_LP_02_Fortpflanzung_N4.docx\">word<\/a>] [<a style=\"color: #ff6600;\" href=\"https:\/\/www.bio-nickl.de\/wordpress\/wp-content\/uploads\/2022\/12\/DM_B8_Didaktik_LP_02_Fortpflanzung_N4.pdf\">pdf<\/a>]<br \/>\n<\/span><\/li>\n<li><span style=\"color: #ff6600;\">Arbeitsblatt zur Wiederholung des Grundwissens aus der Unterstufe f\u00fcr dieses Kapitel [<a style=\"color: #ff6600;\" href=\"https:\/\/www.bio-nickl.de\/wordpress\/wp-content\/uploads\/2020\/04\/AM_B8_Wdh_Grundwissen_2_LP.docx\">word<\/a>] [<a style=\"color: #ff6600;\" href=\"https:\/\/www.bio-nickl.de\/wordpress\/wp-content\/uploads\/2020\/04\/AM_B8_Wdh_Grundwissen_2_LP.pdf\">pdf<\/a>]<\/span><\/li>\n<\/ul>\n<p><span style=\"color: #0000ff;\"><strong>8.3 Verhalten &#8211; genetisch bedingt und erlernt<\/strong><\/span><\/p>\n<ul>\n<li><span style=\"color: #ff6600;\">Didaktisch-methodisches Skript f\u00fcr dieses Kapitel [<a style=\"color: #ff6600;\" href=\"https:\/\/www.bio-nickl.de\/wordpress\/wp-content\/uploads\/2021\/07\/DM_B8_Didaktik_LP_03_Verhalten_N1.docx\">word<\/a>] [<a style=\"color: #ff6600;\" href=\"https:\/\/www.bio-nickl.de\/wordpress\/wp-content\/uploads\/2021\/07\/DM_B8_Didaktik_LP_03_Verhalten_N1.pdf\">pdf<\/a>]<\/span><\/li>\n<li><span style=\"color: #ff6600;\">Beutefang der Erdkr\u00f6te nach J. P. Ewert: Diagramm 1 [<a style=\"color: #ff6600;\" href=\"https:\/\/www.bio-nickl.de\/wordpress\/wp-content\/uploads\/2020\/04\/B8_Erdkr\u00f6te_Attr_1_LP.jpg\">jpg<\/a>]; Diagramm 2 [<a style=\"color: #ff6600;\" href=\"https:\/\/www.bio-nickl.de\/wordpress\/wp-content\/uploads\/2020\/04\/B8_Erdkr\u00f6te_Attr_2_LP.jpg\">jpg<\/a>]; Diagramm 3 [<a style=\"color: #ff6600;\" href=\"https:\/\/www.bio-nickl.de\/wordpress\/wp-content\/uploads\/2020\/04\/B8_Erdkr\u00f6te_Attr_3_LP.jpg\">jpg<\/a>]<\/span><\/li>\n<li><span style=\"color: #ff6600;\">Attrappen zum Aggressionsverhalten des Dreistacheligen Stichlings nach Nikolas Tinbergen [<a style=\"color: #ff6600;\" href=\"https:\/\/www.bio-nickl.de\/wordpress\/wp-content\/uploads\/2020\/04\/B8_Stichling_LP.jpg\">jpg<\/a>]<\/span><\/li>\n<li><span style=\"color: #ff6600;\">Springspinne: Balzdauer in Abh\u00e4ngigkeit von der Zeit nach der letzten Begattung nach O. Drees: schwarzwei\u00df [<a style=\"color: #ff6600;\" href=\"https:\/\/www.bio-nickl.de\/wordpress\/wp-content\/uploads\/2020\/04\/B8_Springspinne_1_sw_LP.jpg\">jpg<\/a>]; gef\u00e4rbt [<a style=\"color: #ff6600;\" href=\"https:\/\/www.bio-nickl.de\/wordpress\/wp-content\/uploads\/2020\/04\/B8_Springspinne_1_Farbe_LP.jpg\">jpg<\/a>]<\/span><\/li>\n<li><span style=\"color: #ff6600;\">Springspinne: H\u00e4ufigkeit von Balz- bzw. Beutefangverhalten in Abh\u00e4ngigkeit von der Anzahl der Hungertage nach O. Drees: schwarzwei\u00df [<a style=\"color: #ff6600;\" href=\"https:\/\/www.bio-nickl.de\/wordpress\/wp-content\/uploads\/2020\/04\/B8_Springspinne_2_sw_LP.jpg\">jpg<\/a>]; gef\u00e4rbt [<a style=\"color: #ff6600;\" href=\"https:\/\/www.bio-nickl.de\/wordpress\/wp-content\/uploads\/2020\/04\/B8_Springspinne_2_Farbe_LP.jpg\">jpg<\/a>]<\/span><\/li>\n<li><span style=\"color: #ff6600;\">Arbeitsblatt Sonagramme (Klangspektrogramme) [<a style=\"color: #ff6600;\" href=\"https:\/\/www.bio-nickl.de\/wordpress\/wp-content\/uploads\/2020\/04\/AM_B8_Sonagramme_LP.docx\">word<\/a>] [<a style=\"color: #ff6600;\" href=\"https:\/\/www.bio-nickl.de\/wordpress\/wp-content\/uploads\/2020\/04\/AM_B8_Sonagramme_LP.pdf\">pdf aus scan<\/a>]<\/span><\/li>\n<li><span style=\"color: #ff6600;\">Bilder einzelner Sonagramme: Buchfink Kaspar-Hauser [<a style=\"color: #ff6600;\" href=\"https:\/\/www.bio-nickl.de\/wordpress\/wp-content\/uploads\/2020\/02\/IR_Q12_Sonagramm_Buchfink-Kaspar-Hauser.jpg\">jpg<\/a>], Buchfink Strofe 1 [<a style=\"color: #ff6600;\" href=\"https:\/\/www.bio-nickl.de\/wordpress\/wp-content\/uploads\/2020\/02\/IR_Q12_Sonagramm_Buchfink-Strofe-1.jpg\">jpg<\/a>], Buchfink Strofe 2 [<a style=\"color: #ff6600;\" href=\"https:\/\/www.bio-nickl.de\/wordpress\/wp-content\/uploads\/2020\/02\/IR_Q12_Sonagramm_Buchfink-Strofe-2.jpg\">jpg<\/a>], Nachtigall Strofe 1 [<a style=\"color: #ff6600;\" href=\"https:\/\/www.bio-nickl.de\/wordpress\/wp-content\/uploads\/2020\/02\/IR_Q12_Sonagramm_Nachtigall-Strofe-1.jpg\">jpg<\/a>], Nachtigall Strofe 2\u00a0 [<a style=\"color: #ff6600;\" href=\"https:\/\/www.bio-nickl.de\/wordpress\/wp-content\/uploads\/2020\/02\/IR_Q12_Sonagramm_Nachtigall-Strofe-2.jpg\">jpg<\/a>], Nachtigall Strofe 3 [<a style=\"color: #ff6600;\" href=\"https:\/\/www.bio-nickl.de\/wordpress\/wp-content\/uploads\/2020\/02\/IR_Q12_Sonagramm_Nachtigall-Strofe-3.jpg\">jpg<\/a>], Zilzalp Strofe komplett [<a style=\"color: #ff6600;\" href=\"https:\/\/www.bio-nickl.de\/wordpress\/wp-content\/uploads\/2020\/02\/IR_Q12_Sonagramm_Zilpzalp-Strofe_ganz.jpg\">jpg<\/a>], Zilpzalp Strofe gek\u00fcrzt [<a style=\"color: #ff6600;\" href=\"https:\/\/www.bio-nickl.de\/wordpress\/wp-content\/uploads\/2020\/02\/IR_Q12_Sonagramm_Zilpzalp-Strofe_gek\u00fcrzt.jpg\">jpg<\/a>], Waldkauz [<a style=\"color: #ff6600;\" href=\"https:\/\/www.bio-nickl.de\/wordpress\/wp-content\/uploads\/2020\/02\/IR_Q12_Sonagramm_Waldkauz.jpg\">jpg<\/a>]<\/span><\/li>\n<li><span style=\"color: #ff6600;\">Arbeitsblatt Nachfolge-Pr\u00e4gung [<a style=\"color: #ff6600;\" href=\"https:\/\/www.bio-nickl.de\/wordpress\/wp-content\/uploads\/2020\/04\/AM_B8_Nachfolgepr\u00e4gung_LP.docx\">word<\/a>] [<a style=\"color: #ff6600;\" href=\"https:\/\/www.bio-nickl.de\/wordpress\/wp-content\/uploads\/2020\/04\/AM_B8_Nachfolgepr\u00e4gung_LP.pdf\">pdf<\/a>]<\/span><\/li>\n<li><span style=\"color: #ff6600;\">Nachfolge-Pr\u00e4gung: Diagramm 1 [<a style=\"color: #ff6600;\" href=\"https:\/\/www.bio-nickl.de\/wordpress\/wp-content\/uploads\/2020\/04\/B8_LP_Nachfolgepr\u00e4gung1.jpg\">jpg<\/a>]; Diagramm 2 [<a style=\"color: #ff6600;\" href=\"https:\/\/www.bio-nickl.de\/wordpress\/wp-content\/uploads\/2020\/04\/B8_LP_Nachfolgepr\u00e4gung2.jpg\">jpg<\/a>]<\/span><\/li>\n<li><span style=\"color: #ff6600;\">Funktionsschaltbilder zur klassischen Konditionierung nach Bernhard Hassenstein [<a style=\"color: #ff6600;\" href=\"https:\/\/www.bio-nickl.de\/wordpress\/wp-content\/uploads\/2020\/04\/B8_Funktionsschaltbilder_LP.jpg\">jpg<\/a>]<\/span><\/li>\n<\/ul>\n<p><span style=\"color: #0000ff;\"><strong>8.4 Suchtgefahren und Gesundheit<\/strong><\/span><\/p>\n<ul>\n<li><span style=\"color: #ff6600;\">Didaktisch-methodisches Skript f\u00fcr dieses Kapitel [<a style=\"color: #ff6600;\" href=\"https:\/\/www.bio-nickl.de\/wordpress\/wp-content\/uploads\/2023\/08\/DM_B8_Didaktik_LP_04_Sucht_N2.docx\">word<\/a>] [<a style=\"color: #ff6600;\" href=\"https:\/\/www.bio-nickl.de\/wordpress\/wp-content\/uploads\/2023\/08\/DM_B8_Didaktik_LP_04_Sucht_N2.pdf\">pdf<\/a>]<\/span><\/li>\n<li><span style=\"color: #ff6600;\">Links zu guten Materialien des Vereins &#8222;Keine Macht den Drogen&#8220;: [<a style=\"color: #ff6600;\" href=\"https:\/\/www.bio-nickl.de\/wordpress\/wp-content\/uploads\/2023\/03\/B8_Sucht_KMDD_Materialien_kurz.pdf\">pdf<\/a>]<\/span><\/li>\n<\/ul>\n<p><span style=\"color: #0000ff;\"><strong>8.5 \u00d6kosysteme unter den Einfluss des Menschen<\/strong><\/span><\/p>\n<ul>\n<li><span style=\"color: #ff6600;\">Didaktisch-methodisches Skript f\u00fcr dieses Kapitel [<a style=\"color: #ff6600;\" href=\"https:\/\/www.bio-nickl.de\/wordpress\/wp-content\/uploads\/2023\/10\/DM_B8_Didaktik_LP_05_Oekosysteme_N5.docx\">word<\/a>] [<a style=\"color: #ff6600;\" href=\"https:\/\/www.bio-nickl.de\/wordpress\/wp-content\/uploads\/2023\/10\/DM_B8_Didaktik_LP_05_Oekosysteme_N5.pdf\">pdf<\/a>]<br \/>\n<\/span><\/li>\n<li><span style=\"color: #ff6600;\">Arbeitsblatt zur Wiederholung und Anwendung von Grundwissen aus der \u00d6kologie [<a style=\"color: #ff6600;\" href=\"https:\/\/www.bio-nickl.de\/wordpress\/wp-content\/uploads\/2020\/05\/AM_B8_Wdh_GW_\u00d6kologie_LP.docx\">word<\/a>] [<a style=\"color: #ff6600;\" href=\"https:\/\/www.bio-nickl.de\/wordpress\/wp-content\/uploads\/2020\/05\/AM_B8_Wdh_GW_\u00d6kologie_LP.pdf\">pdf<\/a>]<\/span><\/li>\n<li><span style=\"color: #ff6600;\">Anregungen und Hinweise zur Freilandarbeit [<a style=\"color: #ff6600;\" href=\"https:\/\/www.bio-nickl.de\/wordpress\/wp-content\/uploads\/2020\/05\/AM_B8_Freilandarbeit_\u00d6kologie_LP.docx\">word<\/a>] [<a style=\"color: #ff6600;\" href=\"https:\/\/www.bio-nickl.de\/wordpress\/wp-content\/uploads\/2020\/05\/AM_B8_Freilandarbeit_\u00d6kologie_LP.pdf\">pdf<\/a>]<\/span><\/li>\n<li><span style=\"color: #ff6600;\">Informationsblatt zur Freilandarbeit: Fachbegriffe f\u00fcr wichtige Bestimmungsmerkmale von Geh\u00f6lzen [<a style=\"color: #ff6600;\" href=\"https:\/\/www.bio-nickl.de\/wordpress\/wp-content\/uploads\/2020\/05\/AM_B8_Geh\u00f6lze_Info_Begriffe_LP.docx\">word<\/a>] [<a style=\"color: #ff6600;\" href=\"https:\/\/www.bio-nickl.de\/wordpress\/wp-content\/uploads\/2020\/05\/AM_B8_Geh\u00f6lze_Info_Begriffe_LP.pdf\">pdf<\/a>]<\/span><\/li>\n<li><span style=\"color: #ff6600;\">Informationsblatt zur Freilandarbeit: Kennzeichen von ausgew\u00e4hlten Geh\u00f6lzen [<a style=\"color: #ff6600;\" href=\"https:\/\/www.bio-nickl.de\/wordpress\/wp-content\/uploads\/2020\/05\/AM_B8_Geh\u00f6lze_Info_Arten_LP.docx\">word<\/a>] [<a style=\"color: #ff6600;\" href=\"https:\/\/www.bio-nickl.de\/wordpress\/wp-content\/uploads\/2020\/05\/AM_B8_Geh\u00f6lze_Info_Arten_LP.pdf\">pdf<\/a>]<\/span><\/li>\n<li><span style=\"color: #ff6600;\">Abteilung Landwirtschaft im Deutschen Museum M\u00fcnchen (allgemeine Hinweise, konkrete Aufgabenstellungen und L\u00f6sungshinweise dazu; ver\u00e4ndert im Oktober 2023) [<a style=\"color: #ff6600;\" href=\"https:\/\/www.bio-nickl.de\/wordpress\/wp-content\/uploads\/2023\/10\/AM-Landwirtschaft-im-Deutschen-Museum_N1.docx\">word<\/a>] [<a style=\"color: #ff6600;\" href=\"https:\/\/www.bio-nickl.de\/wordpress\/wp-content\/uploads\/2023\/10\/AM-Landwirtschaft-im-Deutschen-Museum_N1.pdf\">pdf<\/a>]<\/span><\/li>\n<li><span style=\"color: #ff6600;\">Quellentext zu gescheiterten Ausgleichsma\u00dfnahmen bei Bauma\u00dfnahmen [<a style=\"color: #ff6600;\" href=\"https:\/\/www.bio-nickl.de\/wordpress\/wp-content\/uploads\/2022\/11\/AM_B8_Ausgleichsmassnahmen.docx\">word<\/a>] [<a style=\"color: #ff6600;\" href=\"https:\/\/www.bio-nickl.de\/wordpress\/wp-content\/uploads\/2022\/11\/AM_B8_Ausgleichsmassnahmen.pdf\">pdf<\/a>]<\/span><\/li>\n<li>Der <span style=\"color: #339966;\"><strong>Weltacker<\/strong><\/span>, Ende Juli in Landshut er\u00f6ffnet: Durchschnittlich stehen derzeit f\u00fcr jeden Menschen 2000 Quadratmeter Ackerfl\u00e4che f\u00fcr Nahrungsmittel und Nutztiernahrung zur Verf\u00fcgung. Dies ist auf dem Weltacker real dargestellt. Die Fl\u00e4che gen\u00fcgt f\u00fcr eine vollwertige Ern\u00e4hrung, nicht aber f\u00fcr die derzeitigen Anspr\u00fcche in Deutschland. Link: <a href=\"http:\/\/www.weltacker-landshut.de\">www.weltacker-landshut.de<\/a><\/li>\n<li>von Th\u00fcringen und vom Landesbund f\u00fcr Vogelschutz (LBV) empfohlene kostenlose <span style=\"color: #008000;\"><strong>Pflanzenbestimmungs-App Flora incognita <\/strong><span style=\"color: #000000;\">(Internetverbindung notwendig; verf\u00fcgbar f\u00fcr iOS und Android)<\/span><\/span>: <a href=\"https:\/\/floraincognita.com\/de\/apps\/flora-incognita\/\">https:\/\/floraincognita.com\/de\/apps\/flora-incognita\/<\/a><\/li>\n<li>ebenfalls vom LBV empfohlen: die kostenlose <strong><span style=\"color: #008000;\">Insektenbestimmungs-App &#8222;Insektenwelt&#8220;<\/span><\/strong> des NABU (Internetverbindung notwendig; verf\u00fcgbar f\u00fcr iOS und Android): <a href=\"https:\/\/www.nabu.de\/tiere-und-pflanzen\/aktionen-und-projekte\/insektensommer\/mitmachen\/24466.html\">https:\/\/www.nabu.de\/tiere-und-pflanzen\/aktionen-und-projekte\/insektensommer\/mitmachen\/24466.html<\/a><\/li>\n<li><strong>ObsIdentify<\/strong>: kostenlose App als Bestimmungshilfe bei Tieren (z. B. Insekten) mit erstaunlich guten Ergebnissen und einer Angabe, mit welcher Wahrscheinlichkeit die genannte Art richtig bestimmt ist<\/li>\n<li><strong>HINWEIS<\/strong>: Der LBV gibt in seinem Heft 4\/20 auf S. 30 ff detaillierte Kritiken zu Freiland-Apps. Die beiden genannten sind f\u00fcr den Einsatz bei Schulveranstaltungen derzeit die besten. <strong>VORSICHT<\/strong> bei <em>Picture Bird<\/em> oder <em>Picture This<\/em>: Hier tappt man sehr schnell in eine Abonnements-Falle!<\/li>\n<li>Speziell f\u00fcr B\u00e4ume gibt es die Internetseite <span style=\"color: #008000;\"><strong>www.baumkunde.de<\/strong><\/span>. Sie entspricht der digitalen Form klassischer Bilderbestimmungsb\u00fccher f\u00fcr B\u00e4ume und setzt voraus, dass der Nutzer zwischen einfachen und zusammengesetzten Bl\u00e4ttern sowie Gegen- und Wechselst\u00e4ndigkeit unterscheiden kann (das ist mit Bilder illustriert, aber ohne Hilfe k\u00f6nnen Sch\u00fcler zusammengesetzte Bl\u00e4tter in der Regel nicht erkennen). Aber insgesamt ist die Funktion &#8222;Baumbestimmung&#8220; f\u00fcr genau beobachtende Sch\u00fcler durchaus geeignet.<\/li>\n<li>sehr gutes aktuelles Material beim Bundesministerium f\u00fcr Ern\u00e4hrung und Landwirtschaft <a href=\"http:\/\/www.bmel.de\">www.bmel.de<\/a>; z. B. die 20-seitige Brosch\u00fcre &#8222;Zu gut f\u00fcr die Tonne &#8211; Material f\u00fcr Lehrkr\u00e4fte Klasse 7-9&#8220; vom 19.2.2019 mit vielen Daten z. B. (Prozentsatz weggeworfener Lebensmittel nach Sparten auf Seite 3 oder Wasserbedarf und Kohlenstoffdioxid-Belastung bei der Herstellung verschiedener Lebensmittel auf Seite 4).<\/li>\n<li>Andrea Koplitz-Wei\u00dfgerber hat ihre Bachelorarbeit an der LMU \u00fcber Fledermaus-Screening gemacht und davon ausgehend Materialien f\u00fcr die Schule erstellt (z. B. 8 Klasse \u00d6kologie). Ein Blick in ihre kurze und informative Webseite lohnt sich: <a href=\"https:\/\/www.biologie.uni-muenchen.de\/studium\/lehrerbildung_lmu\/ideenfinder\/fledermaus\/\">https:\/\/www.biologie.uni-muenchen.de\/studium\/lehrerbildung_lmu\/ideenfinder\/fledermaus\/<\/a><\/li>\n<\/ul>\n<h2><strong><span id=\"klasse9\" class=\"sta-anchor \" aria-hidden=\"true\"><\/span><span style=\"color: #0000ff;\">9. Klasse LehrplanPLUS (ab 2021)<\/span><\/strong><\/h2>\n<p><span style=\"color: #ff6600;\"><strong>LehrplanPLUS Biologie 9. Klasse 2018, tabellarisch<span style=\"color: #ff6600;\">:<\/span><\/strong> [<a style=\"color: #ff6600;\" href=\"https:\/\/www.bio-nickl.de\/wordpress\/wp-content\/uploads\/2022\/11\/9-Bio-Fachlehrplan-plus_N2.docx\">word<\/a>] [<a style=\"color: #ff6600;\" href=\"https:\/\/www.bio-nickl.de\/wordpress\/wp-content\/uploads\/2022\/11\/9-Bio-Fachlehrplan-plus_N2.pdf\">pdf<\/a>]<br \/>\n<\/span><\/p>\n<ul>\n<li><span style=\"color: #ff6600;\">Arbeitsblatt zur Wiederholung von Grundwissen [<a style=\"color: #ff6600;\" href=\"https:\/\/www.bio-nickl.de\/wordpress\/wp-content\/uploads\/2021\/01\/AM_B9_Wdh.GruWi_LP.docx\">word<\/a>] [<a style=\"color: #ff6600;\" href=\"https:\/\/www.bio-nickl.de\/wordpress\/wp-content\/uploads\/2021\/01\/AM_B9_Wdh.GruWi_LP-SHOT.pdf\">pdf aus scan<\/a>]<\/span><\/li>\n<li><span style=\"color: #ff6600;\">Arbeitsblatt Betrachtungsebenen (Mikroorg., Genetik) [<a style=\"color: #ff6600;\" href=\"https:\/\/www.bio-nickl.de\/wordpress\/wp-content\/uploads\/2021\/01\/AM_B9_Ebenen_LP.docx\">word<\/a>] [<a style=\"color: #ff6600;\" href=\"https:\/\/www.bio-nickl.de\/wordpress\/wp-content\/uploads\/2021\/01\/AM_B9_Ebenen_LP.pdf\">pdf<\/a>]<\/span><\/li>\n<li><span style=\"color: #ff6600;\">Allgemeine Vorbemerkungen zur 9. Klasse Biologie [<a style=\"color: #ff6600;\" href=\"https:\/\/www.bio-nickl.de\/wordpress\/wp-content\/uploads\/2021\/03\/DM_B9_Didaktik_LP_00_Allg._Vorbemerkungen.docx\">word<\/a>] [<a style=\"color: #ff6600;\" href=\"https:\/\/www.bio-nickl.de\/wordpress\/wp-content\/uploads\/2021\/03\/DM_B9_Didaktik_LP_00_Allg._Vorbemerkungen.pdf\">pdf<\/a>]<\/span><\/li>\n<\/ul>\n<p><strong>UDE BioSlides<\/strong> <strong>&#8211; Mikroskopie-Plattform online:<\/strong> Wenn zu wenige Mikroskope zur Verf\u00fcgung stehen oder die richtigen Pr\u00e4parate fehlen bzw. nicht hergestellt werden k\u00f6nnen, dann k\u00f6nnen die Sch\u00fcler auf folgende Plattform zugreifen: <a href=\"https:\/\/bioslides.biologie.uni-due.de\"><span style=\"color: #ff6600;\">https:\/\/bioslides.biologie.uni-due.de<\/span><\/a>. Dort k\u00f6nnen mehr als 200 Pr\u00e4parate von fast 80 Arten von Pflanzen, Tieren und Mikroorganismen im virtuellen Mikroskop betrachtet werden (unterschiedliche Vergr\u00f6\u00dferung; Durchfokussieren). Die Universit\u00e4t Duisburg-Essen stellt diesen Service kostenlos und zur Weiternutzung zur Verf\u00fcgung. Ein n\u00e4here Beschreibung finden Sie in biuz 2 | 2023: <span style=\"color: #ff6600;\"><a style=\"color: #ff6600;\" href=\"https:\/\/www.biuz.de\/index.php\/biuz\/article\/view\/6410\/5778\">https:\/\/www.biuz.de\/index.php\/biuz\/article\/view\/6410\/5778<\/a><\/span><\/p>\n<p><span style=\"color: #0000ff;\"><strong>9.1 Mikroorganismen<\/strong><\/span><\/p>\n<ul>\n<li><span style=\"color: #ff6600;\">Didaktisch-methodisches Skript f\u00fcr dieses Kapitel [<a style=\"color: #ff6600;\" href=\"https:\/\/www.bio-nickl.de\/wordpress\/wp-content\/uploads\/2021\/03\/DM_B9_Didaktik_LP_01_Mikroorganismen.docx\">word<\/a>] [<a style=\"color: #ff6600;\" href=\"https:\/\/www.bio-nickl.de\/wordpress\/wp-content\/uploads\/2021\/03\/DM_B9_Didaktik_LP_01_Mikroorganismen.pdf\">pdf<\/a>]<\/span><\/li>\n<li><span style=\"color: #ff6600;\">Umfrage zu Bakterien [<a style=\"color: #ff6600;\" href=\"https:\/\/www.bio-nickl.de\/wordpress\/wp-content\/uploads\/2021\/01\/AM_B9_Umfrage_Bakterien_LP.docx\">word<\/a>] [<a style=\"color: #ff6600;\" href=\"https:\/\/www.bio-nickl.de\/wordpress\/wp-content\/uploads\/2021\/01\/AM_B9_Umfrage_Bakterien_LP.pdf\">pdf<\/a>]<\/span><\/li>\n<li><span style=\"color: #ff6600;\">Arbeitsblatt Anleitung zur Mikroskopie [<a style=\"color: #ff6600;\" href=\"https:\/\/www.bio-nickl.de\/wordpress\/wp-content\/uploads\/2021\/01\/AM_B9_Mikroskopie_LP.docx\">word<\/a>] [<a style=\"color: #ff6600;\" href=\"https:\/\/www.bio-nickl.de\/wordpress\/wp-content\/uploads\/2021\/01\/AM_B9_Mikroskopie_LP.pdf\">pdf<\/a>]<\/span><\/li>\n<li><span style=\"color: #ff6600;\">Arbeitsblatt zu den Zelltypen bei Mikroorganismen [<a style=\"color: #ff6600;\" href=\"https:\/\/www.bio-nickl.de\/wordpress\/wp-content\/uploads\/2021\/01\/AM_B9_Zelltypen_bei_MO.docx\">word<\/a>] [<a style=\"color: #ff6600;\" href=\"https:\/\/www.bio-nickl.de\/wordpress\/wp-content\/uploads\/2021\/01\/AM_B9_Zelltypen_bei_MO.pdf\">pdf aus scan<\/a>]<\/span><\/li>\n<li><span style=\"color: #ff6600;\">Multimedia zum S\u00fc\u00dfwaren-Modell zur Zellteilung [<a style=\"color: #ff6600;\" href=\"https:\/\/www.bio-nickl.de\/wordpress\/wp-content\/uploads\/2019\/12\/CytGen04_Suesswaren-Modell_Mitose.pptx\">pptx<\/a>]<\/span><\/li>\n<li><span style=\"color: #ff6600;\">Erkl\u00e4rungen zum S\u00fc\u00dfwaren-Modell [<a style=\"color: #ff6600;\" href=\"https:\/\/www.bio-nickl.de\/wordpress\/wp-content\/uploads\/2019\/12\/CytGen04_Suessw.-Modell_Mitose_Hinweise.docx\">word<\/a>] [<a style=\"color: #ff6600;\" href=\"https:\/\/www.bio-nickl.de\/wordpress\/wp-content\/uploads\/2019\/12\/CytGen04_Suessw.-Modell_Mitose_Hinweise.pdf\">pdf<\/a>]<\/span><\/li>\n<li><span style=\"color: #ff6600;\">Arbeitsblatt zum Wachstum von Bakterienpopulationen [<a style=\"color: #ff6600;\" href=\"https:\/\/www.bio-nickl.de\/wordpress\/wp-content\/uploads\/2021\/01\/AM_B9_Populationswachstum_LP.docx\">word<\/a>] [<a style=\"color: #ff6600;\" href=\"https:\/\/www.bio-nickl.de\/wordpress\/wp-content\/uploads\/2021\/01\/AM_B9_Populationswachstum_LP.pdf\">pdf<\/a>]<\/span><\/li>\n<li><span style=\"color: #ff6600;\">Wachstumskurve ohne [<a style=\"color: #ff6600;\" href=\"https:\/\/www.bio-nickl.de\/wordpress\/wp-content\/uploads\/2020\/02\/Wachstumskurve_roh.jpg\">jpg<\/a>] und mit Beschriftung [<a style=\"color: #ff6600;\" href=\"https:\/\/www.bio-nickl.de\/wordpress\/wp-content\/uploads\/2020\/02\/Wachstumskurve_beschriftet.jpg\">jpg<\/a>]<\/span><\/li>\n<li><span style=\"color: #ff6600;\">Lied \u201eWachstum\u201c (Vielfalter live im KEKK 1986; \u00a9Thomas Nickl) [<a style=\"color: #ff6600;\" href=\"https:\/\/www.bio-nickl.de\/wordpress\/wp-content\/uploads\/2020\/02\/Wachstum.mp3\">MP3<\/a>]; Text dazu [<a style=\"color: #ff6600;\" href=\"https:\/\/www.bio-nickl.de\/wordpress\/wp-content\/uploads\/2020\/02\/AM_Liedtext_Wachstum.docx\">word<\/a>] [<a style=\"color: #ff6600;\" href=\"https:\/\/www.bio-nickl.de\/wordpress\/wp-content\/uploads\/2020\/02\/AM_Liedtext_Wachstum.pdf\">pdf<\/a>]<\/span><\/li>\n<li><span style=\"color: #ff6600;\">Mikrofotos von Hefezellen 1 [<a style=\"color: #ff6600;\" href=\"https:\/\/www.bio-nickl.de\/wordpress\/wp-content\/uploads\/2021\/01\/IR_Hefezellen_1.jpg\">jpg<\/a>], 2 [<a style=\"color: #ff6600;\" href=\"https:\/\/www.bio-nickl.de\/wordpress\/wp-content\/uploads\/2021\/01\/IR_Hefezellen_2.jpg\">jpg<\/a>]<\/span><\/li>\n<li><span style=\"color: #ff6600;\">Mikrofoto von Milchs\u00e4urebakterien aus Joghurt [<a style=\"color: #ff6600;\" href=\"https:\/\/www.bio-nickl.de\/wordpress\/wp-content\/uploads\/2021\/01\/IR_Lactobacillus_in_Jogurt.jpg\">jpg<\/a>]<\/span><\/li>\n<li><span style=\"color: #ff6600;\">Alternative zu Energie-Mais: Bilder der Becherblume Silphium perfoliatum [<a style=\"color: #ff6600;\" href=\"https:\/\/www.bio-nickl.de\/wordpress\/wp-content\/uploads\/2021\/01\/IR_B9_Silphium_perfoliatum_Hummel.jpg\">jpg<\/a>] [<a style=\"color: #ff6600;\" href=\"https:\/\/www.bio-nickl.de\/wordpress\/wp-content\/uploads\/2021\/01\/IR_B9_Silphium_perfoliatum_TN-scaled.jpg\">jpg<\/a>]<\/span><\/li>\n<\/ul>\n<p><strong><span style=\"color: #0000ff;\">9.2 Genetik<\/span><\/strong><\/p>\n<p>Das <strong>ISB<\/strong> hat 2011 eine ausf\u00fchrliche Handreichung zur Genetik und Gentechnik in der 9. Klasse heraus\u00adgebracht, die zu Recht allgemein sehr gelobt wird. Viele Ideen und Materialien daraus k\u00f6nnen problemlos auch im Unterricht nach LehrplanPLUS verwendet werden. Das Skript steht leider nicht mehr zur Verf\u00fcgung.<\/p>\n<p>Aminos\u00e4uresequenzen und computergenerierte Bilder von Proteinen finden Sie frei zug\u00e4nglich unter: <a href=\"https:\/\/alphafold.ebi.ac.uk\"><span style=\"color: #ff6600;\">https:\/\/alphafold.ebi.ac.uk<\/span><\/a><\/p>\n<p>Unter dem Link <a href=\"https:\/\/studyflix.de\/biologie\/thema\/genetik-172\"><span style=\"color: #ff6600;\">https:\/\/studyflix.de\/biologie\/thema\/genetik-172<\/span><\/a> finden Sie eine gro\u00dfe Auswahl an <strong>Erkl\u00e4rvideos<\/strong> zur Genetik. Die Benutzung ist kostenlos, man muss sich mit Email-Adresse und Passwort anmelden. Die Videos sind eigentlich f\u00fcr Studierende gedacht, lassen sich aber in der gymnasialen Oberstufe auch gut einsetzen. Wie alle Medien enthalten sie hier und dort Unsch\u00e4rfen, die die Sch\u00fcler entdecken, benennen und korrigieren sollten (Medienkritik). Die einfache Art der Darstellung ist sehr anschaulich.<\/p>\n<ul>\n<li><span style=\"color: #ff6600;\">Didaktisch-methodisches Skript f\u00fcr dieses Kapitel [<a style=\"color: #ff6600;\" href=\"https:\/\/www.bio-nickl.de\/wordpress\/wp-content\/uploads\/2023\/10\/DM_B9_Didaktik_LP_02_Genetik_N3.docx\">word<\/a>] [<a style=\"color: #ff6600;\" href=\"https:\/\/www.bio-nickl.de\/wordpress\/wp-content\/uploads\/2023\/10\/DM_B9_Didaktik_LP_02_Genetik_N3.pdf\">pdf<\/a>]<br \/>\n<\/span><\/li>\n<li><span style=\"color: #ff6600;\">Folie &#8222;Was ist &#8222;erben&#8220;? [<a style=\"color: #ff6600;\" href=\"http:\/\/www.bio-nickl.de\/wordpress\/wp-content\/uploads\/2018\/09\/AM_B9_Was_ist_erben_G8.docx\">word<\/a>] [<a style=\"color: #ff6600;\" href=\"http:\/\/www.bio-nickl.de\/wordpress\/wp-content\/uploads\/2018\/09\/AM_B9_Was_ist_erben_G8.pdf\">pdf<\/a>] [<a style=\"color: #ff6600;\" href=\"https:\/\/www.bio-nickl.de\/wordpress\/wp-content\/uploads\/2021\/01\/IR_B9_Was_ist_erben-scaled.jpg\">jpg<\/a>]<br \/>\n<\/span><\/li>\n<li><span style=\"color: #ff6600;\">Folienvorlage Aminos\u00e4uren zum Koppeln [<a style=\"color: #ff6600;\" href=\"https:\/\/www.bio-nickl.de\/wordpress\/wp-content\/uploads\/2021\/01\/AM_B9_Aminosaeuren_LP.docx\">word<\/a>]<br \/>\n<\/span><\/li>\n<li><span style=\"color: #ff6600;\">Aminos\u00e4urekette [<a style=\"color: #ff6600;\" href=\"https:\/\/www.bio-nickl.de\/wordpress\/wp-content\/uploads\/2021\/01\/IR_B9_Aminosaeurekette.jpg\">jpg<\/a>]<\/span><\/li>\n<li><span style=\"color: #ff6600;\">Arbeitsblatt Bau der DNA [<a style=\"color: #ff6600;\" href=\"https:\/\/www.bio-nickl.de\/wordpress\/wp-content\/uploads\/2021\/01\/AM_B9_DNA-Modell_LP.docx\">word<\/a>] [<a style=\"color: #ff6600;\" href=\"https:\/\/www.bio-nickl.de\/wordpress\/wp-content\/uploads\/2021\/01\/AM_B9_DNA-Modell_LP.pdf\">pdf<\/a>]<\/span><\/li>\n<li><span style=\"color: #ff6600;\">Arbeitsblatt Transkription [<a style=\"color: #ff6600;\" href=\"https:\/\/www.bio-nickl.de\/wordpress\/wp-content\/uploads\/2021\/01\/AM_B9_Transkription_N1.docx\">word<\/a>] [<a style=\"color: #ff6600;\" href=\"https:\/\/www.bio-nickl.de\/wordpress\/wp-content\/uploads\/2021\/01\/AM_B9_Transkription_N1.pdf\">pdf<\/a>]<\/span><\/li>\n<li><span style=\"color: #ff6600;\">Abbildung dazu [<a style=\"color: #ff6600;\" href=\"https:\/\/www.bio-nickl.de\/wordpress\/wp-content\/uploads\/2021\/01\/IR_B9_Transkription.jpg\">jpg<\/a>]<\/span><\/li>\n<li><span style=\"color: #ff6600;\">Arbeitsblatt Translation [<a style=\"color: #ff6600;\" href=\"https:\/\/www.bio-nickl.de\/wordpress\/wp-content\/uploads\/2021\/01\/AM_B9_Translation_N1.docx\">word<\/a>] [<a style=\"color: #ff6600;\" href=\"https:\/\/www.bio-nickl.de\/wordpress\/wp-content\/uploads\/2021\/01\/AM_B9_Translation_N1.pdf\">pdf<\/a>]<\/span><\/li>\n<li><span style=\"color: #ff6600;\">Abbildung dazu mit Zahlen [<a style=\"color: #ff6600;\" href=\"https:\/\/www.bio-nickl.de\/wordpress\/wp-content\/uploads\/2021\/01\/IR_B9_Translation_mit_Zahlen.jpg\">jpg<\/a>], ohne Zahlen [<a style=\"color: #ff6600;\" href=\"https:\/\/www.bio-nickl.de\/wordpress\/wp-content\/uploads\/2021\/01\/IR_B9_Translation_ohne_Zahlen.jpg\">jpg<\/a>]<\/span><\/li>\n<li><span style=\"color: #ff6600;\">Arbeitsblatt Replikation [<a style=\"color: #ff6600;\" href=\"https:\/\/www.bio-nickl.de\/wordpress\/wp-content\/uploads\/2021\/01\/AM_B9_Replikation_N1.docx\">word<\/a>] [<a style=\"color: #ff6600;\" href=\"https:\/\/www.bio-nickl.de\/wordpress\/wp-content\/uploads\/2021\/01\/AM_B9_Replikation_N1.pdf\">pdf<\/a>]<\/span><\/li>\n<li><span style=\"color: #ff6600;\">Abbildung dazu [<a style=\"color: #ff6600;\" href=\"https:\/\/www.bio-nickl.de\/wordpress\/wp-content\/uploads\/2021\/01\/IR_B9_Replikation.jpg\">jpg<\/a>]<\/span><\/li>\n<li><span style=\"color: #ff6600;\">Arbeitsblatt Zellzyklus farbig [<a style=\"color: #ff6600;\" href=\"https:\/\/www.bio-nickl.de\/wordpress\/wp-content\/uploads\/2021\/01\/AM_B9_Zellzyklus.docx\">word<\/a>] [<a style=\"color: #ff6600;\" href=\"https:\/\/www.bio-nickl.de\/wordpress\/wp-content\/uploads\/2021\/01\/AM_B9_Zellzyklus.pdf\">pdf<\/a>]<\/span><\/li>\n<li><span style=\"color: #ff6600;\">Abbildung dazu leer [<a style=\"color: #ff6600;\" href=\"https:\/\/www.bio-nickl.de\/wordpress\/wp-content\/uploads\/2021\/01\/IR_B9_Zellzyklus_leer.jpg\">jpg<\/a>]; mit Beschriftung [<a style=\"color: #ff6600;\" href=\"https:\/\/www.bio-nickl.de\/wordpress\/wp-content\/uploads\/2021\/01\/IR_B9_Zellzyklus_beschriftet.jpg\">jpg<\/a>]<\/span><\/li>\n<li><span style=\"color: #ff6600;\">Abbildung zu m\u00f6glichen und unm\u00f6glichen Trennungen von Chromosomen zur Diskussion [<a style=\"color: #ff6600;\" href=\"https:\/\/www.bio-nickl.de\/wordpress\/wp-content\/uploads\/2021\/01\/IR_B9_Trennung-Chromosomen.jpg\">jpg<\/a>]<\/span><\/li>\n<li><span style=\"color: #ff6600;\">Abbildung zur Homologentrennung [<a style=\"color: #ff6600;\" href=\"https:\/\/www.bio-nickl.de\/wordpress\/wp-content\/uploads\/2021\/01\/IR_B9_Homologentrennung.jpg\">jpg<\/a>]<\/span><\/li>\n<li><span style=\"color: #ff6600;\">Arbeitsblatt Meiose [<a style=\"color: #ff6600;\" href=\"https:\/\/www.bio-nickl.de\/wordpress\/wp-content\/uploads\/2021\/01\/AM_B9_Meiose_LPN1.docx\">word<\/a>] [<a style=\"color: #ff6600;\" href=\"https:\/\/www.bio-nickl.de\/wordpress\/wp-content\/uploads\/2021\/01\/AM_B9_Meiose_LPN1.pdf\">pdf<\/a>]<\/span><\/li>\n<li><span style=\"color: #ff6600;\">Arbeitsblatt Befruchtung [<a style=\"color: #ff6600;\" href=\"https:\/\/www.bio-nickl.de\/wordpress\/wp-content\/uploads\/2021\/05\/AM_B9_Befruchtung_LP_N1.docx\">word<\/a>] [<a style=\"color: #ff6600;\" href=\"https:\/\/www.bio-nickl.de\/wordpress\/wp-content\/uploads\/2021\/05\/AM_B9_Befruchtung_LP_N1.pdf\">pdf<\/a>]<\/span><\/li>\n<li><span style=\"color: #ff6600;\">Arbeitsblatt Meiose-Fehler: Trisomie 21 [<a style=\"color: #ff6600;\" href=\"https:\/\/www.bio-nickl.de\/wordpress\/wp-content\/uploads\/2021\/01\/AM_B9_Meiosefehler_LP.docx\">word<\/a>] [<a style=\"color: #ff6600;\" href=\"https:\/\/www.bio-nickl.de\/wordpress\/wp-content\/uploads\/2021\/01\/AM_B9_Meiose_Fehlertext_LP.pdf\">pdf<\/a>]<\/span><\/li>\n<li><span style=\"color: #ff6600;\">Arbeitsblatt Fehlertext zu Zellteilungen [<a style=\"color: #ff6600;\" href=\"https:\/\/www.bio-nickl.de\/wordpress\/wp-content\/uploads\/2021\/01\/AM_B9_Zellteilung_Fehlertext_LP.docx\">word<\/a>] [<a style=\"color: #ff6600;\" href=\"https:\/\/www.bio-nickl.de\/wordpress\/wp-content\/uploads\/2021\/01\/AM_B9_Zellteilung_Fehlertext_LP.pdf\">pdf<\/a>]<\/span><\/li>\n<li><span style=\"color: #ff6600;\">Arbeitsblatt Fehlertext zur Meiose [<a style=\"color: #ff6600;\" href=\"https:\/\/www.bio-nickl.de\/wordpress\/wp-content\/uploads\/2021\/01\/AM_B9_Meiose_Fehlertext_LP.docx\">word<\/a>] [<a style=\"color: #ff6600;\" href=\"https:\/\/www.bio-nickl.de\/wordpress\/wp-content\/uploads\/2021\/01\/AM_B9_Meiose_Fehlertext_LP.pdf\">pdf<\/a>]<\/span><\/li>\n<li><span style=\"color: #ff6600;\">Arbeitsblatt Aufgaben zur Cytogenetik [<a style=\"color: #ff6600;\" href=\"https:\/\/www.bio-nickl.de\/wordpress\/wp-content\/uploads\/2021\/01\/AM_B9_Aufg._Cytogenetik_LP.docx\">word<\/a>] [<a style=\"color: #ff6600;\" href=\"https:\/\/www.bio-nickl.de\/wordpress\/wp-content\/uploads\/2021\/01\/AM_B9_Aufg._Cytogenetik_LP.pdf\">pdf<\/a>]<\/span><\/li>\n<\/ul>\n<p><strong><span style=\"color: #0000ff;\">9.3 Evolution<\/span><\/strong><\/p>\n<ul>\n<li><span style=\"color: #ff6600;\">Didaktisch-methodisches Skript f\u00fcr dieses Kapitel [<a style=\"color: #ff6600;\" href=\"https:\/\/www.bio-nickl.de\/wordpress\/wp-content\/uploads\/2025\/04\/DM_B9_Didaktik_LP_03_Evolution_N4.docx\">docx<\/a>] [<a style=\"color: #ff6600;\" href=\"https:\/\/www.bio-nickl.de\/wordpress\/wp-content\/uploads\/2025\/04\/DM_B9_Didaktik_LP_03_Evolution_N4.pdf\">pdf<\/a>]<br \/>\n<\/span><\/li>\n<li><span style=\"color: #ff6600;\">Arbeitsblatt zum Vorwissen \u00fcber Evolution [<a style=\"color: #ff6600;\" href=\"https:\/\/www.bio-nickl.de\/wordpress\/wp-content\/uploads\/2025\/04\/AM_B9_Vorwissen_Evolution_N3.docx\">docx<\/a>] [<a style=\"color: #ff6600;\" href=\"https:\/\/www.bio-nickl.de\/wordpress\/wp-content\/uploads\/2025\/04\/AM_B9_Vorwissen_Evolution_N3.pdf\">pdf<\/a>]<br \/>\n<\/span><\/li>\n<li><span style=\"color: #ff6600;\">Arbeitsblatt am Ende: Evolution im \u00dcberblick [<a style=\"color: #ff6600;\" href=\"https:\/\/www.bio-nickl.de\/wordpress\/wp-content\/uploads\/2021\/03\/AM_B9_Evolution-im-Ueberblick.docx\">word<\/a>] [<a style=\"color: #ff6600;\" href=\"https:\/\/www.bio-nickl.de\/wordpress\/wp-content\/uploads\/2021\/03\/AM_B9_Evolution-im-Ueberblick.pdf\">pdf<\/a>]<\/span><\/li>\n<li><span style=\"color: #ff6600;\">Arbeitsblatt am Ende: Dackelzucht [<a style=\"color: #ff6600;\" href=\"https:\/\/www.bio-nickl.de\/wordpress\/wp-content\/uploads\/2021\/03\/AM_B9_Dackelzucht.docx\">word<\/a>] [<a style=\"color: #ff6600;\" href=\"https:\/\/www.bio-nickl.de\/wordpress\/wp-content\/uploads\/2021\/03\/AM_B9_Dackelzucht.pdf\">pdf<\/a>]<\/span><\/li>\n<li><span style=\"color: #ff6600;\">Arbeitsblatt am Ende: Evolution der Giraffen [<a style=\"color: #ff6600;\" href=\"https:\/\/www.bio-nickl.de\/wordpress\/wp-content\/uploads\/2021\/03\/AM_B9_Evo_Giraffen.docx\">word<\/a>] [<a style=\"color: #ff6600;\" href=\"https:\/\/www.bio-nickl.de\/wordpress\/wp-content\/uploads\/2021\/03\/AM_B9_Evo_Giraffen.pdf\">pdf<\/a>]<\/span><\/li>\n<\/ul>\n<p><strong><span style=\"color: #0000ff;\">9.4 Wirbellose Tiere<\/span><\/strong><\/p>\n<ul>\n<li><span style=\"color: #ff6600;\">Didaktisch-methodisches Skript f\u00fcr dieses Kapitel [<a style=\"color: #ff6600;\" href=\"https:\/\/www.bio-nickl.de\/wordpress\/wp-content\/uploads\/2021\/08\/DM_B9_Didaktik_LP_04_Wirbellose_N1.docx\">word<\/a>] [<a style=\"color: #ff6600;\" href=\"https:\/\/www.bio-nickl.de\/wordpress\/wp-content\/uploads\/2021\/08\/DM_B9_Didaktik_LP_04_Wirbellose_N1.pdf\">pdf<\/a>]<br \/>\n<\/span><\/li>\n<li><span style=\"color: #ff6600;\">Arbeitsblatt zur Wiederholung von Grundwissen, das f\u00fcr diesen Lernbereich wichtig ist [<a style=\"color: #ff6600;\" href=\"https:\/\/www.bio-nickl.de\/wordpress\/wp-content\/uploads\/2021\/03\/AM_B9_Wdh_GruWi_Wirbellose.docx\">word<\/a>] [<a style=\"color: #ff6600;\" href=\"https:\/\/www.bio-nickl.de\/wordpress\/wp-content\/uploads\/2021\/03\/AM_B9_Wdh_GruWi_Wirbellose.pdf\">pdf<\/a>]<\/span><\/li>\n<li><span style=\"color: #ff6600;\">Einteilung des Insektenk\u00f6rpers (Biene) [<a style=\"color: #ff6600;\" href=\"https:\/\/www.bio-nickl.de\/wordpress\/wp-content\/uploads\/2021\/03\/Biene-Koerperteile.jpg\">jpg<\/a>]<\/span><\/li>\n<li><span style=\"color: #ff6600;\">Gliederung des Insektenbeins (Biene Hinterbein) [<a style=\"color: #ff6600;\" href=\"https:\/\/www.bio-nickl.de\/wordpress\/wp-content\/uploads\/2021\/03\/Biene-Hinterbein.jpg\">jpg<\/a>]<\/span><\/li>\n<li><span style=\"color: #ff6600;\">Arbeitsblatt zur indirekten Flugmuskulatur bei Insekten [<a style=\"color: #ff6600;\" href=\"https:\/\/www.bio-nickl.de\/wordpress\/wp-content\/uploads\/2021\/03\/AM_B9_Indirekte_Flugmuskulatur.docx\">word<\/a>] [<a style=\"color: #ff6600;\" href=\"https:\/\/www.bio-nickl.de\/wordpress\/wp-content\/uploads\/2021\/03\/AM_B9_Indirekte_Flugmuskulatur.pdf\">pdf<\/a>]<\/span><\/li>\n<li><span style=\"color: #ff6600;\">Indirekte Flugmuskulatur: L\u00e4ngsschnitt [<a style=\"color: #ff6600;\" href=\"https:\/\/www.bio-nickl.de\/wordpress\/wp-content\/uploads\/2021\/03\/Insekten-Flug-Laengsschnitt.jpg\">jpg<\/a>]; Querschnitte [<a style=\"color: #ff6600;\" href=\"https:\/\/www.bio-nickl.de\/wordpress\/wp-content\/uploads\/2021\/03\/Insekten-Flug-Querschnitte.jpg\">jpg<\/a>]<\/span><\/li>\n<li><span style=\"color: #ff6600;\">Praktikum mit Ringelw\u00fcrmern [<a style=\"color: #ff6600;\" href=\"https:\/\/www.bio-nickl.de\/wordpress\/wp-content\/uploads\/2021\/03\/AM_B9_Praktikum-Ringelwurm.docx\">word<\/a>] [<a style=\"color: #ff6600;\" href=\"https:\/\/www.bio-nickl.de\/wordpress\/wp-content\/uploads\/2021\/03\/AM_B9_Praktikum-Ringelwurm.pdf\">pdf<\/a>]<\/span><\/li>\n<li><span style=\"color: #ff6600;\">Abbildung Formen der Honigbiene: A Arbeiterin, B Drohne, C K\u00f6nigin [<a style=\"color: #ff6600;\" href=\"https:\/\/www.bio-nickl.de\/wordpress\/wp-content\/uploads\/2021\/03\/IR_B9_Honigbiene_Formen.jpg\">jpg<\/a>]<\/span><\/li>\n<li><span style=\"color: #ff6600;\">Arbeitsblatt mit Aufgaben zu Schn\u00fcrungsversuchen an Raupen (vollkommene Verwandlung) [<a style=\"color: #ff6600;\" href=\"https:\/\/www.bio-nickl.de\/wordpress\/wp-content\/uploads\/2021\/03\/AM_B9_Entwicklung_Versuche.docx\">word<\/a>] [<a style=\"color: #ff6600;\" href=\"https:\/\/www.bio-nickl.de\/wordpress\/wp-content\/uploads\/2021\/03\/AM_B9_Entwicklung_Versuche.pdf\">pdf<\/a>]<\/span><\/li>\n<li><span style=\"color: #ff6600;\">Die Einzelbilder zum obigen Arbeitsblatt ungef\u00e4rbt (sw) und gef\u00e4rbt (f): [<a style=\"color: #ff6600;\" href=\"https:\/\/www.bio-nickl.de\/wordpress\/wp-content\/uploads\/2021\/03\/IR_B9-Raupe-sw.jpg\">Raupe sw<\/a>] [<a style=\"color: #ff6600;\" href=\"https:\/\/www.bio-nickl.de\/wordpress\/wp-content\/uploads\/2021\/03\/IR_B9-Raupe-farbig.jpg\">Raupe f<\/a>] [<a style=\"color: #ff6600;\" href=\"https:\/\/www.bio-nickl.de\/wordpress\/wp-content\/uploads\/2021\/03\/IR_B9-Puppe-sw.jpg\">Puppe sw<\/a>] [<a style=\"color: #ff6600;\" href=\"https:\/\/www.bio-nickl.de\/wordpress\/wp-content\/uploads\/2021\/03\/IR_B9-Puppe-farbig.jpg\">Puppe f<\/a>] [<a style=\"color: #ff6600;\" href=\"https:\/\/www.bio-nickl.de\/wordpress\/wp-content\/uploads\/2021\/03\/IR_B9-Raupe-geschnuert-sw.jpg\">Raupe geschn\u00fcrt sw<\/a>] [<a style=\"color: #ff6600;\" href=\"https:\/\/www.bio-nickl.de\/wordpress\/wp-content\/uploads\/2021\/03\/IR_B9-Raupe-geschnuert-farbig.jpg\">Raupe geschn\u00fcrt f<\/a>] [ <a style=\"color: #ff6600;\" href=\"https:\/\/www.bio-nickl.de\/wordpress\/wp-content\/uploads\/2021\/03\/IR_B9-Puppe-geschnuert-sw.jpg\">Puppe geschn\u00fcrt sw<\/a>] [<a style=\"color: #ff6600;\" href=\"https:\/\/www.bio-nickl.de\/wordpress\/wp-content\/uploads\/2021\/03\/IR_B9-Puppe-geschnuert-farbig.jpg\">Puppe geschn\u00fcrt f<\/a>]<\/span><\/li>\n<li><span style=\"color: #ff6600;\">Arbeitsblatt zur Untersuchung der Entwicklung beim Mehlk\u00e4fer [<a style=\"color: #ff6600;\" href=\"https:\/\/www.bio-nickl.de\/wordpress\/wp-content\/uploads\/2021\/03\/AM_B9_-Entwicklung_Mehlkaefer.docx\">word<\/a>] [<a style=\"color: #ff6600;\" href=\"https:\/\/www.bio-nickl.de\/wordpress\/wp-content\/uploads\/2021\/03\/AM_B9_-Entwicklung_Mehlkaefer.pdf\">pdf<\/a>]<\/span><\/li>\n<li><span style=\"color: #ff6600;\">Abbildung: Strickleiter-Nervensystem [<a style=\"color: #ff6600;\" href=\"https:\/\/www.bio-nickl.de\/wordpress\/wp-content\/uploads\/2021\/03\/IR_B9_Strickleiter-NS-scaled.jpg\">jpg<\/a>]<\/span><\/li>\n<li><span style=\"color: #ff6600;\">Abbildung: Einzelauge eines Facettenauges [<a style=\"color: #ff6600;\" href=\"https:\/\/www.bio-nickl.de\/wordpress\/wp-content\/uploads\/2021\/03\/IR_B9_Einzelauge.jpg\">jpg<\/a>]<\/span><\/li>\n<li><span style=\"color: #ff6600;\">Multimedia zum r\u00e4umlichen Aufl\u00f6sungsverm\u00f6gen [<a style=\"color: #ff6600;\" href=\"https:\/\/www.bio-nickl.de\/wordpress\/wp-content\/uploads\/2021\/03\/Raeumliches-Aufloesungsvermoegen.pptx\">pptx<\/a>]<\/span><\/li>\n<li><span style=\"color: #ff6600;\">Arbeitsblatt mit Stammbaum einiger Tierst\u00e4mme (dichotomer Bestimmungsschl\u00fcssel) [<a style=\"color: #ff6600;\" href=\"https:\/\/www.bio-nickl.de\/wordpress\/wp-content\/uploads\/2021\/03\/AM_B9_Stammbaum.docx\">word<\/a>] [<a style=\"color: #ff6600;\" href=\"https:\/\/www.bio-nickl.de\/wordpress\/wp-content\/uploads\/2021\/03\/AM_B9_Stammbaum.pdf\">pdf<\/a>]<\/span><\/li>\n<li><span style=\"color: #ff6600;\">Arbeitsblatt zu den 4 Klassen der Gliedertiere [<a style=\"color: #ff6600;\" href=\"https:\/\/www.bio-nickl.de\/wordpress\/wp-content\/uploads\/2021\/03\/AM_B9_Klassen_Gliedertiere.docx\">word<\/a>] [<a style=\"color: #ff6600;\" href=\"https:\/\/www.bio-nickl.de\/wordpress\/wp-content\/uploads\/2021\/03\/AM_B9_Klassen_Gliedertiere.pdf\">pdf<\/a>]<\/span><\/li>\n<li><span style=\"color: #ff6600;\">Arbeitsblatt zu einigen Ordnungen der Insekten [<a style=\"color: #ff6600;\" href=\"https:\/\/www.bio-nickl.de\/wordpress\/wp-content\/uploads\/2021\/03\/AM_B9_Ordnungen_Insekten.docx\">word<\/a>] [<a style=\"color: #ff6600;\" href=\"https:\/\/www.bio-nickl.de\/wordpress\/wp-content\/uploads\/2021\/03\/AM_B9_Ordnungen_Insekten.pdf\">pdf<\/a>]<\/span><\/li>\n<\/ul>\n<p><strong>Wirbellose Tiere in einheimischen Gew\u00e4ssern:<\/strong> Das Bayerische Landesamt f\u00fcr Umwelt hat einen Bestimmungsf\u00e4cher f\u00fcr wirbellose Tiere in einheimischen Gew\u00e4ssern entwickelt, der f\u00fcr 5 \u20ac dort bestellt werden kann: [<a href=\"https:\/\/www.bestellen.bayern.de\/application\/applstarter?APPL=eshop&amp;DIR=eshop&amp;ACTIONxSETVAL(artdtl.htm,APGxNODENR:3771,AARTxNR:lfu_was_00080,AARTxNODENR:356271,USERxBODYURL:artdtl.htm,KATALOG:StMUG,AKATxNAME:StMUG,ALLE:x)=X\">Link<\/a>]. Zum gleichen Thema hat Franz Hammerl-Pfister ein Memory erstellt, das auf Anfrage bei ihm [Hammerl.Pfister@t-online.de] oder bei mir [nickl-tom@web.de] unter dem Betreff &#8222;Memory Wasser&#8220; als Word-Datei erh\u00e4ltlich ist.<\/p>\n<p><strong><span style=\"color: #0000ff;\">9.5 \u00d6kosystem Boden<\/span><\/strong><\/p>\n<ul>\n<li><span style=\"color: #ff6600;\">Didaktisch-methodisches Skript f\u00fcr dieses Kapitel [<a style=\"color: #ff6600;\" href=\"https:\/\/www.bio-nickl.de\/wordpress\/wp-content\/uploads\/2023\/08\/DM_B9_Didaktik_LP_05_Boden_N7.docx\">word<\/a>] [<a style=\"color: #ff6600;\" href=\"https:\/\/www.bio-nickl.de\/wordpress\/wp-content\/uploads\/2023\/08\/DM_B9_Didaktik_LP_05_Boden_N7.pdf\">pdf<\/a>]<br \/>\n<\/span><\/li>\n<li><span style=\"color: #ff6600;\">Praktikum mit Ringelw\u00fcrmern [<a style=\"color: #ff6600;\" href=\"https:\/\/www.bio-nickl.de\/wordpress\/wp-content\/uploads\/2021\/03\/AM_B9_Praktikum-Ringelwurm.docx\">word<\/a>] [<a style=\"color: #ff6600;\" href=\"https:\/\/www.bio-nickl.de\/wordpress\/wp-content\/uploads\/2021\/03\/AM_B9_Praktikum-Ringelwurm.pdf\">pdf<\/a>]<\/span><\/li>\n<li><span style=\"color: #ff6600;\">Kreislauf der Kohlenstoff-Atome [<a style=\"color: #ff6600;\" href=\"https:\/\/www.bio-nickl.de\/wordpress\/wp-content\/uploads\/2021\/06\/Kohlenstoffatom-Kreislauf_N2.docx\">word<\/a>] [<a style=\"color: #ff6600;\" href=\"https:\/\/www.bio-nickl.de\/wordpress\/wp-content\/uploads\/2021\/06\/Kohlenstoffatom-Kreislauf_N2.pdf\">pdf<\/a>] [<a style=\"color: #ff6600;\" href=\"https:\/\/www.bio-nickl.de\/wordpress\/wp-content\/uploads\/2021\/06\/Kohlenstoffatom-Kreislauf_N2-scaled.jpg\">jpg<\/a>]<\/span><\/li>\n<li><span style=\"color: #ff6600;\">Interaktive Webseite zum \u00d6kologischen Fu\u00dfabdruck: [<a style=\"color: #ff6600;\" href=\"https:\/\/www.mein-fussabdruck.at\/\">LINK<\/a>]<\/span><\/li>\n<li><span style=\"color: #ff6600;\">Abteilung Landwirtschaft im Deutschen Museum M\u00fcnchen (allgemeine Hinweise, konkrete Aufgabenstellungen und L\u00f6sungshinweise dazu; ver\u00e4ndert im Oktober 2023) [<a style=\"color: #ff6600;\" href=\"https:\/\/www.bio-nickl.de\/wordpress\/wp-content\/uploads\/2023\/10\/AM-Landwirtschaft-im-Deutschen-Museum_N1.docx\">word<\/a>] [<a style=\"color: #ff6600;\" href=\"https:\/\/www.bio-nickl.de\/wordpress\/wp-content\/uploads\/2023\/10\/AM-Landwirtschaft-im-Deutschen-Museum_N1.pdf\">pdf<\/a>]<\/span><\/li>\n<li><span style=\"color: #ff6600;\">Einige konkrete Daten sowie ein Literaturhinweis zur Kohlenstoffdioxid-Belastung: [<a style=\"color: #ff6600;\" href=\"https:\/\/www.bio-nickl.de\/wordpress\/wp-content\/uploads\/2022\/01\/Kohlenstoffdioxid-Belastung.docx\">word<\/a>] [<a style=\"color: #ff6600;\" href=\"https:\/\/www.bio-nickl.de\/wordpress\/wp-content\/uploads\/2022\/01\/Kohlenstoffdioxid-Belastung.pdf\">pdf<\/a>]<\/span><\/li>\n<li>Der <span style=\"color: #339966;\"><strong>Weltacker<\/strong><\/span>, Ende Juli in Landshut er\u00f6ffnet: Durchschnittlich stehen derzeit f\u00fcr jeden Menschen 2000 Quadratmeter Ackerfl\u00e4che f\u00fcr Nahrungsmittel und Nutztiernahrung zur Verf\u00fcgung. Dies ist auf dem Weltacker real dargestellt. Die Fl\u00e4che gen\u00fcgt f\u00fcr eine vollwertige Ern\u00e4hrung, nicht aber f\u00fcr die derzeitigen Anspr\u00fcche in Deutschland. Link: <a href=\"http:\/\/www.weltacker-landshut.de\"><span style=\"color: #ff6600;\">www.weltacker-landshut.de<\/span><\/a><\/li>\n<\/ul>\n<p><strong><span style=\"color: #0000ff;\"><span id=\"klasse10\" class=\"sta-anchor \" aria-hidden=\"true\"><\/span>10. Klasse LehrplanPLUS (ab September 2022)<\/span><\/strong><\/p>\n<p><span style=\"color: #ff6600;\"><strong>LehrplanPLUS Biologie 10. Klasse 2018, tabellarisch:<\/strong> [<a style=\"color: #ff6600;\" href=\"https:\/\/www.bio-nickl.de\/wordpress\/wp-content\/uploads\/2024\/03\/10-Bio-Fachlehrplan-plus-N2.docx\">word<\/a>] [<a style=\"color: #ff6600;\" href=\"https:\/\/www.bio-nickl.de\/wordpress\/wp-content\/uploads\/2024\/03\/10-Bio-Fachlehrplan-plus-N2.pdf\">pdf<\/a>]<br \/>\n<\/span><\/p>\n<ul>\n<li><span style=\"color: #ff6600;\">Allgemeine Anmerkungen zu Didaktik, Methodik und\u00a0 P\u00e4dagogik der 10. Klasse Biologie [<a style=\"color: #ff6600;\" href=\"https:\/\/www.bio-nickl.de\/wordpress\/wp-content\/uploads\/2022\/01\/DM_B10_Didaktik_LP_00_Allg._Vorbemerkungen.docx\">word<\/a>] [<a style=\"color: #ff6600;\" href=\"https:\/\/www.bio-nickl.de\/wordpress\/wp-content\/uploads\/2022\/01\/DM_B10_Didaktik_LP_00_Allg._Vorbemerkungen.pdf\">pdf<\/a>]<\/span><\/li>\n<\/ul>\n<p><span style=\"color: #0000ff;\"><strong>10.1 \u00d6kosystem Mensch<\/strong><\/span><\/p>\n<ul>\n<li><span style=\"color: #ff6600;\">Didaktisch-methodisches Skript zu \u00d6kosystem Mensch [<a style=\"color: #ff6600;\" href=\"https:\/\/www.bio-nickl.de\/wordpress\/wp-content\/uploads\/2024\/03\/DM_B10_Didaktik_LP_01_Oekosystem_Mensch_N10.docx\">word<\/a>] [<a style=\"color: #ff6600;\" href=\"https:\/\/www.bio-nickl.de\/wordpress\/wp-content\/uploads\/2024\/03\/DM_B10_Didaktik_LP_01_Oekosystem_Mensch_N10.pdf\">pdf<\/a>]<\/span><\/li>\n<li><span style=\"color: #ff6600;\">Arbeitsblatt: Vorwissen Stoff- und Teilchenebene [<a style=\"color: #ff6600;\" href=\"https:\/\/www.bio-nickl.de\/wordpress\/wp-content\/uploads\/2020\/03\/3-Vorwissen-Stoff-und-Teilchenebene_N1.docx\">word<\/a>] [<a style=\"color: #ff6600;\" href=\"https:\/\/www.bio-nickl.de\/wordpress\/wp-content\/uploads\/2020\/03\/3-Vorwissen-Stoff-und-Teilchenebene_N1.pdf\">pdf<\/a>]<\/span><\/li>\n<li><span style=\"color: #ff6600;\">Wachstumskurve ohne [<a style=\"color: #ff6600;\" href=\"https:\/\/www.bio-nickl.de\/wordpress\/wp-content\/uploads\/2020\/02\/Wachstumskurve_roh.jpg\">jpg<\/a>] und mit Beschriftung [<a style=\"color: #ff6600;\" href=\"https:\/\/www.bio-nickl.de\/wordpress\/wp-content\/uploads\/2020\/02\/Wachstumskurve_beschriftet.jpg\">jpg<\/a>]<\/span><\/li>\n<li><span style=\"color: #ff6600;\">Lied \u201eWachstum\u201c (Vielfalter live im KEKK 1986; \u00a9Thomas Nickl) [<a style=\"color: #ff6600;\" href=\"https:\/\/www.bio-nickl.de\/wordpress\/wp-content\/uploads\/2020\/02\/Wachstum.mp3\">MP3<\/a>]; Text dazu [<a style=\"color: #ff6600;\" href=\"https:\/\/www.bio-nickl.de\/wordpress\/wp-content\/uploads\/2020\/02\/AM_Liedtext_Wachstum.docx\">word<\/a>] [<a style=\"color: #ff6600;\" href=\"https:\/\/www.bio-nickl.de\/wordpress\/wp-content\/uploads\/2020\/02\/AM_Liedtext_Wachstum.pdf\">pdf<\/a>]<\/span><\/li>\n<li><span style=\"color: #ff6600;\">Arbeitsblatt &#8222;Aufgaben 1: \u00d6kosystem Mensch&#8220; (Wiederholung von Grundwissen, Formulierung von Vorkonzepten) [<a style=\"color: #ff6600;\" href=\"https:\/\/www.bio-nickl.de\/wordpress\/wp-content\/uploads\/2021\/12\/AM-10-Aufgaben-1-Oekosystem-Mensch_N1.docx\">word<\/a>] [<a style=\"color: #ff6600;\" href=\"https:\/\/www.bio-nickl.de\/wordpress\/wp-content\/uploads\/2021\/12\/AM-10-Aufgaben-1-Oekosystem-Mensch_N1.pdf\">pdf<\/a>]<\/span><\/li>\n<li><span style=\"color: #ff6600;\">Arbeitsblatt Immunsystem 1: Antigene erkennen [<a style=\"color: #ff6600;\" href=\"https:\/\/www.bio-nickl.de\/wordpress\/wp-content\/uploads\/2021\/11\/AM-10-Immuns.-1-Antigene.docx\">word<\/a>] [<a style=\"color: #ff6600;\" href=\"https:\/\/www.bio-nickl.de\/wordpress\/wp-content\/uploads\/2021\/11\/AM-10-Immuns.-1-Antigene.pdf\">pdf<\/a>];<\/span> <span style=\"color: #ff6600;\">Abbildung in sw [<a style=\"color: #ff6600;\" href=\"https:\/\/www.bio-nickl.de\/wordpress\/wp-content\/uploads\/2021\/11\/AM-10.1-Antigene-sw-Bild.jpg\">jpg<\/a>], in Farbe [<a style=\"color: #ff6600;\" href=\"https:\/\/www.bio-nickl.de\/wordpress\/wp-content\/uploads\/2021\/11\/AM-10.1-Antigene-Farbe-Bild.jpg\">jpg<\/a>]; Legende in sw [<a style=\"color: #ff6600;\" href=\"https:\/\/www.bio-nickl.de\/wordpress\/wp-content\/uploads\/2021\/11\/AM-10.1-Antigene-sw-Legende.jpg\">jpg<\/a>], in Farbe [<a style=\"color: #ff6600;\" href=\"https:\/\/www.bio-nickl.de\/wordpress\/wp-content\/uploads\/2021\/11\/AM-10.1-Antigene-Farbe-Legende.jpg\">jpg<\/a>]<\/span><\/li>\n<li><span style=\"color: #ff6600;\">Arbeitsblatt Immunsystem 2: Antik\u00f6rper [<a style=\"color: #ff6600;\" href=\"https:\/\/www.bio-nickl.de\/wordpress\/wp-content\/uploads\/2021\/11\/AM-10-Immuns.-2-Antikoerper.docx\">word<\/a>] [<a style=\"color: #ff6600;\" href=\"https:\/\/www.bio-nickl.de\/wordpress\/wp-content\/uploads\/2021\/11\/AM-10-Immuns.-2-Antikoerper.pdf\">pdf<\/a>];<\/span> <span style=\"color: #ff6600;\">Abbildung [<a style=\"color: #ff6600;\" href=\"https:\/\/www.bio-nickl.de\/wordpress\/wp-content\/uploads\/2021\/11\/AM-10.1-Antikoerper.jpg\">jpg<\/a>]<\/span><\/li>\n<li><span style=\"color: #ff6600;\">Arbeitsblatt Immunsystem 3: prim\u00e4re und sekund\u00e4re Immunantwort [word] [<a style=\"color: #ff6600;\" href=\"https:\/\/www.bio-nickl.de\/wordpress\/wp-content\/uploads\/2021\/11\/AM-10-Immuns.-3-Prim.Sek_.x-.pdf\">pdf aus scan<\/a>]; Abbildung Diagramme [<a style=\"color: #ff6600;\" href=\"https:\/\/www.bio-nickl.de\/wordpress\/wp-content\/uploads\/2021\/11\/AM-10.1.-pr.sek_.Diagramm.jpg\">jpg<\/a>], Legende [<a style=\"color: #ff6600;\" href=\"https:\/\/www.bio-nickl.de\/wordpress\/wp-content\/uploads\/2021\/11\/AM-10.1.-pr.sek_.Legende.jpg\">jpg<\/a>]<\/span><\/li>\n<li><span style=\"color: #ff6600;\">Richtlinien zur AIDS-Pr\u00e4vention [<a style=\"color: #ff6600;\" href=\"http:\/\/www.gesetze-bayern.de\/Content\/Document\/BayVV_2126_2_UK_138\/true\">Link<\/a>]<\/span><\/li>\n<li><span style=\"color: #ff6600;\">Fotos: Denkmal f\u00fcr Alexander Fleming in Madrid [<a style=\"color: #ff6600;\" href=\"http:\/\/www.bio-nickl.de\/wordpress\/wp-content\/uploads\/2018\/09\/Fleming-Denkmal-8.1994.jpg\">jpg 1<\/a>] [<a style=\"color: #ff6600;\" href=\"http:\/\/www.bio-nickl.de\/wordpress\/wp-content\/uploads\/2018\/09\/Fleming0003.jpg\">jpg 2<\/a>] [<a style=\"color: #ff6600;\" href=\"https:\/\/www.bio-nickl.de\/wordpress\/wp-content\/uploads\/2023\/07\/IMG_9260.jpg\">jpg 3<\/a>]<br \/>\n<\/span><\/li>\n<li><span style=\"color: #ff6600;\">Meldung von 1957: Antibiotika vorbeugend gegen Rost [<a style=\"color: #ff6600;\" href=\"https:\/\/www.bio-nickl.de\/wordpress\/wp-content\/uploads\/2023\/12\/Antibiotika-gegen-Rost-1957.jpg\">jpg<\/a>]<\/span><\/li>\n<li><span style=\"color: #ff6600;\">Informationen f\u00fcr Lehrkr\u00e4fte zu SARS-CoV-2 [<a style=\"color: #ff6600;\" href=\"https:\/\/www.bio-nickl.de\/wordpress\/wp-content\/uploads\/2021\/12\/AM-10-Infos-zu-Sars-CoV-2_N1.docx\">word<\/a>] [<a style=\"color: #ff6600;\" href=\"https:\/\/www.bio-nickl.de\/wordpress\/wp-content\/uploads\/2021\/12\/AM-10-Infos-zu-Sars-CoV-2_N1.pdf\">pdf<\/a>]<\/span><\/li>\n<li><span style=\"color: #ff6600;\">Informationen f\u00fcr Lehrkr\u00e4fte zur mRNA-Technologie (Zusammenfassung eines Artikels in biuz) [<a style=\"color: #ff6600;\" href=\"https:\/\/www.bio-nickl.de\/wordpress\/wp-content\/uploads\/2021\/09\/AM-10-Info-mRNA-Technologie.docx\">word<\/a>] [<a style=\"color: #ff6600;\" href=\"https:\/\/www.bio-nickl.de\/wordpress\/wp-content\/uploads\/2021\/09\/AM-10-Info-mRNA-Technologie.pdf\">pdf<\/a>]<\/span><\/li>\n<li><span style=\"color: #ff6600;\">Informationen f\u00fcr Lehrkr\u00e4fte zur Geschichte der mRNA-Technologie und bestimmter Fake-News (Zusammenfassung eines Artikels in Spektrum der Wissenschaft) [<a style=\"color: #ff6600;\" href=\"https:\/\/www.bio-nickl.de\/wordpress\/wp-content\/uploads\/2022\/02\/AM-10-Info-mRNA-Technologie-Teil-2.docx\">word<\/a>] [<a style=\"color: #ff6600;\" href=\"https:\/\/www.bio-nickl.de\/wordpress\/wp-content\/uploads\/2022\/02\/AM-10-Info-mRNA-Technologie-Teil-2.pdf\">pdf<\/a>]<\/span><\/li>\n<\/ul>\n<p><span style=\"color: #0000ff;\"><strong>10.2 Stoffwechsel Mensch<\/strong><\/span><\/p>\n<ul>\n<li><span style=\"color: #ff6600;\">Informationsblatt mit Zahlen und Tipps zur Ern\u00e4hrung [<a style=\"color: #ff6600;\" href=\"https:\/\/www.bio-nickl.de\/wordpress\/wp-content\/uploads\/2022\/01\/AM-10-Ernaehrung-Zahlen.docx\">word<\/a>] [<a style=\"color: #ff6600;\" href=\"https:\/\/www.bio-nickl.de\/wordpress\/wp-content\/uploads\/2022\/01\/AM-10-Ernaehrung-Zahlen.pdf\">pdf<\/a>]<\/span><\/li>\n<\/ul>\n<p><span style=\"color: #0000ff;\">10.2.1 Biomolek\u00fcle<\/span><\/p>\n<ul>\n<li><span style=\"color: #ff6600;\">Didaktisch-methodisches Skript 2.1 Biomolek\u00fcle [<a style=\"color: #ff6600;\" href=\"https:\/\/www.bio-nickl.de\/wordpress\/wp-content\/uploads\/2022\/02\/DM_B10_Didaktik_LP_02.1_Biomolekuele-N2.docx\">word<\/a>] [<a style=\"color: #ff6600;\" href=\"https:\/\/www.bio-nickl.de\/wordpress\/wp-content\/uploads\/2022\/02\/DM_B10_Didaktik_LP_02.1_Biomolekuele-N2.pdf\">pdf<\/a>]<br \/>\n<\/span><\/li>\n<li><span style=\"color: #ff6600;\">Arbeitsblatt Aufgaben 2: Stoffwechsel Mensch [<a style=\"color: #ff6600;\" href=\"https:\/\/www.bio-nickl.de\/wordpress\/wp-content\/uploads\/2021\/12\/AM-10-Aufgaben-2-Stoffwechsel_N1.docx\">word<\/a>] [<a style=\"color: #ff6600;\" href=\"https:\/\/www.bio-nickl.de\/wordpress\/wp-content\/uploads\/2021\/12\/AM-10-Aufgaben-2-Stoffwechsel_N1.pdf\">pdf<\/a>]<\/span><\/li>\n<li><span style=\"color: #ff6600;\">Umriss Mensch [<a style=\"color: #ff6600;\" href=\"https:\/\/www.bio-nickl.de\/wordpress\/wp-content\/uploads\/2021\/11\/AM-10-Umriss-Mensch.jpg\">jpg<\/a>]<\/span><\/li>\n<li><span style=\"color: #ff6600;\">Abbildung zur Wiederholung der Proteinbiosynthese [<a style=\"color: #ff6600;\" href=\"https:\/\/www.bio-nickl.de\/wordpress\/wp-content\/uploads\/2021\/12\/AM-10-PBS-Wdh.jpg\">jpg<\/a>]<\/span><\/li>\n<li><span style=\"color: #ff6600;\">Arbeitsblatt zur Stoffklasse Kohlenhydrate [<a style=\"color: #ff6600;\" href=\"https:\/\/www.bio-nickl.de\/wordpress\/wp-content\/uploads\/2021\/11\/AM-10-Kohlenhydrate.docx\">word<\/a>] [<a style=\"color: #ff6600;\" href=\"https:\/\/www.bio-nickl.de\/wordpress\/wp-content\/uploads\/2021\/11\/AM-10-Kohlenhydrate.pdf\">pdf<\/a>]<\/span><\/li>\n<li><span style=\"color: #ff6600;\">dazu Abbildungen: Amylose-Helix [<a style=\"color: #ff6600;\" href=\"https:\/\/www.bio-nickl.de\/wordpress\/wp-content\/uploads\/2021\/11\/AM-10-Staerke-Nickl-scaled.jpg\">jpg<\/a>], Glycogen [<a style=\"color: #ff6600;\" href=\"https:\/\/www.bio-nickl.de\/wordpress\/wp-content\/uploads\/2021\/11\/AM-10-Glycogen-Nickl.jpg\">jpg<\/a>]<\/span><\/li>\n<li><span style=\"color: #ff6600;\">Arbeitsblatt zur Stoffklasse Fette [<a style=\"color: #ff6600;\" href=\"https:\/\/www.bio-nickl.de\/wordpress\/wp-content\/uploads\/2021\/11\/AM-10-Fette.docx\">word<\/a>] [<a style=\"color: #ff6600;\" href=\"https:\/\/www.bio-nickl.de\/wordpress\/wp-content\/uploads\/2021\/11\/AM-10-Fette.pdf\">pdf<\/a>]<\/span><\/li>\n<li><span style=\"color: #ff6600;\">dazu Abbildung: Hydrolyse eines Fett-Molek\u00fcls [<a style=\"color: #ff6600;\" href=\"https:\/\/www.bio-nickl.de\/wordpress\/wp-content\/uploads\/2021\/11\/Abbildung-Fette.jpg\">pdf<\/a>]<\/span><\/li>\n<li><span style=\"color: #ff6600;\">Arbeitsblatt zur Stoffklasse Proteine [<a style=\"color: #ff6600;\" href=\"https:\/\/www.bio-nickl.de\/wordpress\/wp-content\/uploads\/2021\/12\/AM-10-Proteine_N1.docx\">word<\/a>] [<a style=\"color: #ff6600;\" href=\"https:\/\/www.bio-nickl.de\/wordpress\/wp-content\/uploads\/2021\/12\/AM-10-Proteine_N1.pdf\">pdf<\/a>]<\/span><\/li>\n<li><span style=\"color: #ff6600;\">dazu Abbildungen: Aminos\u00e4ure-Kette [<a style=\"color: #ff6600;\" href=\"https:\/\/www.bio-nickl.de\/wordpress\/wp-content\/uploads\/2021\/11\/Aminosaeure-Kette.jpg\">jpg<\/a>], Aminos\u00e4ure-Modelle [<a style=\"color: #ff6600;\" href=\"https:\/\/www.bio-nickl.de\/wordpress\/wp-content\/uploads\/2021\/11\/Aminosaeure-Modelle.jpg\">jpg<\/a>]<\/span><\/li>\n<\/ul>\n<p><span style=\"color: #0000ff;\">10.2.2 Verdauung (und Enzyme)<\/span><\/p>\n<ul>\n<li><span style=\"color: #ff6600;\">Didaktisch-methodisches Skript 2.2 Verdauung \/ Enzyme mit integriertem <strong>Kompetenz-Lernprogramm<\/strong> (vgl. auch die Links unten) [<a style=\"color: #ff6600;\" href=\"https:\/\/www.bio-nickl.de\/wordpress\/wp-content\/uploads\/2023\/11\/DM_B10_Didaktik_LP_02.2_Enzyme_Verdauung_N2.docx\">word<\/a>] [<a style=\"color: #ff6600;\" href=\"https:\/\/www.bio-nickl.de\/wordpress\/wp-content\/uploads\/2023\/11\/DM_B10_Didaktik_LP_02.2_Enzyme_Verdauung_N2.pdf\">pdf<\/a>]<br \/>\n<\/span><\/li>\n<li><span style=\"color: #ff6600;\">Arbeitsblatt: Vorwissen Diagrammkompetenz [<a style=\"color: #ff6600;\" href=\"https:\/\/www.bio-nickl.de\/wordpress\/wp-content\/uploads\/2020\/03\/4-Vorwissen-Diagrammkompetenz_N1.docx\">word<\/a>] [<a style=\"color: #ff6600;\" href=\"https:\/\/www.bio-nickl.de\/wordpress\/wp-content\/uploads\/2020\/03\/4-Vorwissen-Diagrammkompetenz_N1.pdf\">pdf<\/a>]<\/span><\/li>\n<li><span style=\"color: #ff6600;\">Arbeitsblatt: Vorwissen zum Weg des Erkenntnisgewinns [<a style=\"color: #ff6600;\" href=\"http:\/\/www.bio-nickl.de\/wordpress\/wp-content\/uploads\/2019\/09\/5-Der-Weg-des-Erkenntnisgewinns.docx\">word<\/a>] [<a style=\"color: #ff6600;\" href=\"http:\/\/www.bio-nickl.de\/wordpress\/wp-content\/uploads\/2019\/09\/5-Der-Weg-des-Erkenntnisgewinns.pdf\">pdf<\/a>]<\/span><\/li>\n<li><span style=\"color: #ff6600;\">Arbeitsblatt Aufgaben 2: Stoffwechsel Mensch [<a style=\"color: #ff6600;\" href=\"https:\/\/www.bio-nickl.de\/wordpress\/wp-content\/uploads\/2021\/12\/AM-10-Aufgaben-2-Stoffwechsel_N1.docx\">word<\/a>] [<a style=\"color: #ff6600;\" href=\"https:\/\/www.bio-nickl.de\/wordpress\/wp-content\/uploads\/2021\/12\/AM-10-Aufgaben-2-Stoffwechsel_N1.pdf\">pdf<\/a>]<br \/>\n<\/span><\/li>\n<li><span style=\"color: #ff6600;\">Arbeitsblatt: Tabelle Verdauung [<a style=\"color: #ff6600;\" href=\"https:\/\/www.bio-nickl.de\/wordpress\/wp-content\/uploads\/2021\/12\/AM-10-Tabelle-Verdauung.docx\">word<\/a>] [<a style=\"color: #ff6600;\" href=\"https:\/\/www.bio-nickl.de\/wordpress\/wp-content\/uploads\/2021\/12\/AM-10-Tabelle-Verdauung.pdf\">pdf<\/a>] als Alternative zu Aufgabe 4.3 auf dem Aufgabenblatt 2<\/span><\/li>\n<li><span style=\"color: #ff6600;\">Abbildung: Verdauungsorgane zum Beschriften [<a style=\"color: #ff6600;\" href=\"https:\/\/www.bio-nickl.de\/wordpress\/wp-content\/uploads\/2021\/12\/Verdauungsorgane.jpg\">jpg<\/a>]<\/span><\/li>\n<li><span style=\"color: #ff6600;\">Abbildung: Energiediagramm zur enzymatischen Katalyse leer [<a style=\"color: #ff6600;\" href=\"https:\/\/www.bio-nickl.de\/wordpress\/wp-content\/uploads\/2021\/12\/AM-10-Katalyse-E-Diagramm-leer.jpg\">jpg<\/a>] und beschriftet [<a style=\"color: #ff6600;\" href=\"https:\/\/www.bio-nickl.de\/wordpress\/wp-content\/uploads\/2021\/12\/AM-10-Katalyse-E-Diagramm-beschriftet.jpg\">jpg<\/a>]<\/span><\/li>\n<li><span style=\"color: #ff6600;\">Bilderfolge zur Enzymwirkung (Beispiel Maltase-Reaktion) in Farbe [<a style=\"color: #ff6600;\" href=\"https:\/\/www.bio-nickl.de\/wordpress\/wp-content\/uploads\/2021\/12\/AM-10-Enzymwirkung-1-farbig.jpg\">jpg1<\/a>] [<a style=\"color: #ff6600;\" href=\"https:\/\/www.bio-nickl.de\/wordpress\/wp-content\/uploads\/2021\/12\/AM-10-Enzymwirkung-2-farbig.jpg\">jpg2<\/a>] [<a style=\"color: #ff6600;\" href=\"https:\/\/www.bio-nickl.de\/wordpress\/wp-content\/uploads\/2021\/12\/AM-10-Enzymwirkung-3-farbig.jpg\">jpg3<\/a>] und schwarzwei\u00df [<a style=\"color: #ff6600;\" href=\"https:\/\/www.bio-nickl.de\/wordpress\/wp-content\/uploads\/2021\/12\/AM-10-Enzymwirkung-1.jpg\">jpg1<\/a>] [<a style=\"color: #ff6600;\" href=\"https:\/\/www.bio-nickl.de\/wordpress\/wp-content\/uploads\/2021\/12\/AM-10-Enzymwirkung-2.jpg\">jpg2<\/a>] [<a style=\"color: #ff6600;\" href=\"https:\/\/www.bio-nickl.de\/wordpress\/wp-content\/uploads\/2021\/12\/AM-10-Enzymwirkung-3.jpg\">jpg3<\/a>]<\/span><\/li>\n<li><span style=\"color: #ff6600;\">Abbildungen zur Substrat- und Wirkungsspezifit\u00e4t: Enzyme [<a style=\"color: #ff6600;\" href=\"https:\/\/www.bio-nickl.de\/wordpress\/wp-content\/uploads\/2021\/12\/AM-10-Enzymspez.-Enzyme.jpg\">jpg<\/a>], Substrate [<a style=\"color: #ff6600;\" href=\"https:\/\/www.bio-nickl.de\/wordpress\/wp-content\/uploads\/2021\/12\/AM-10-Enzymspez.-Substrate.jpg\">jpg<\/a>], Produktpaare [<a style=\"color: #ff6600;\" href=\"https:\/\/www.bio-nickl.de\/wordpress\/wp-content\/uploads\/2021\/12\/AM-10-Enzymspez.-Produkte.jpg\">jpg<\/a>]<\/span><\/li>\n<li><span style=\"color: #ff6600;\">Arbeitsblatt mit \u00dcbersicht \u00fcber die Verdauungsprozesse leer [<a style=\"color: #ff6600;\" href=\"https:\/\/www.bio-nickl.de\/wordpress\/wp-content\/uploads\/2021\/12\/AM-10-Verdauung-Uebersicht-scaled.jpg\">jpg<\/a>] und ausgef\u00fcllt [<a style=\"color: #ff6600;\" href=\"https:\/\/www.bio-nickl.de\/wordpress\/wp-content\/uploads\/2021\/12\/AM-10-Verdauung-Uebersicht-ausgefuellt.jpg\">jpg<\/a>]<\/span><\/li>\n<li><span style=\"color: #ff6600;\">Druckvorlage &#8222;Darmtore&#8220; [<a style=\"color: #ff6600;\" href=\"http:\/\/www.bio-nickl.de\/wordpress\/wp-content\/uploads\/2019\/09\/AM_B10_AB_Darmtore.docx\">word<\/a>] [<a style=\"color: #ff6600;\" href=\"http:\/\/www.bio-nickl.de\/wordpress\/wp-content\/uploads\/2019\/09\/AM_B10_AB_Darmtore.pdf\">pdf<\/a>]<\/span><\/li>\n<li><span style=\"color: #ff6600;\">Endevaluation zur Erkenntnisgewinnung [<a style=\"color: #ff6600;\" href=\"https:\/\/www.bio-nickl.de\/wordpress\/wp-content\/uploads\/2020\/03\/6-Aufgaben-zur-Evaluation_N1.docx\">word<\/a>] [<a style=\"color: #ff6600;\" href=\"https:\/\/www.bio-nickl.de\/wordpress\/wp-content\/uploads\/2020\/03\/6-Aufgaben-zur-Evaluation_N1.pdf\">pdf<\/a>]<\/span><\/li>\n<li><span style=\"color: #ff6600;\">Endevaluation zur Diagrammkompetenz [<a style=\"color: #ff6600;\" href=\"http:\/\/www.bio-nickl.de\/wordpress\/wp-content\/uploads\/2019\/09\/AM_B10_Auswertung_Aufg.docx\">word<\/a>] [<a style=\"color: #ff6600;\" href=\"http:\/\/www.bio-nickl.de\/wordpress\/wp-content\/uploads\/2019\/09\/AM_B10_Auswertung_Aufg.pdf\">pdf<\/a>]<\/span><\/li>\n<\/ul>\n<ul>\n<li><strong>Kompetenztraining Enzyme Diagramme <\/strong>(identisch mit den Dokumenten zum G8):\n<ul>\n<li><span style=\"color: #ff6600;\">0 Lernprogramm Enzyme in Jgst. 10 und 11 [<a style=\"color: #ff6600;\" href=\"https:\/\/www.bio-nickl.de\/wordpress\/wp-content\/uploads\/2021\/08\/0-Lernprogramm-Enzyme-in-Jgst.-10-und-11_N2.docx\">word<\/a>] [<a style=\"color: #ff6600;\" href=\"https:\/\/www.bio-nickl.de\/wordpress\/wp-content\/uploads\/2021\/08\/0-Lernprogramm-Enzyme-in-Jgst.-10-und-11_N2.pdf\">pdf<\/a>]<\/span><\/li>\n<li><span style=\"color: #ff6600;\">1 Vorwissen Verdauung [<a style=\"color: #ff6600;\" href=\"https:\/\/www.bio-nickl.de\/wordpress\/wp-content\/uploads\/2020\/03\/1-Vorwissen-Verdauung_N1.docx\">word<\/a>] [<a style=\"color: #ff6600;\" href=\"https:\/\/www.bio-nickl.de\/wordpress\/wp-content\/uploads\/2020\/03\/1-Vorwissen-Verdauung_N1.pdf\">pdf<\/a>]<\/span><\/li>\n<li><span style=\"color: #ff6600;\">2 Vorwissen Proteine [<a style=\"color: #ff6600;\" href=\"https:\/\/www.bio-nickl.de\/wordpress\/wp-content\/uploads\/2020\/03\/2-Vorwissen-Proteine-Enzyme-N1.docx\">word<\/a>] [<a style=\"color: #ff6600;\" href=\"https:\/\/www.bio-nickl.de\/wordpress\/wp-content\/uploads\/2020\/03\/2-Vorwissen-Proteine-Enzyme-N1.pdf\">pdf<\/a>]<\/span><\/li>\n<li><span style=\"color: #ff6600;\">3 Vorwissen Stoff- und Teilchenebene [<a style=\"color: #ff6600;\" href=\"https:\/\/www.bio-nickl.de\/wordpress\/wp-content\/uploads\/2020\/03\/3-Vorwissen-Stoff-und-Teilchenebene_N1.docx\">word<\/a>] [<a style=\"color: #ff6600;\" href=\"https:\/\/www.bio-nickl.de\/wordpress\/wp-content\/uploads\/2020\/03\/3-Vorwissen-Stoff-und-Teilchenebene_N1.pdf\">pdf<\/a>]<\/span><\/li>\n<li><span style=\"color: #ff6600;\">4 Vorwissen Diagrammkompetenz [<a style=\"color: #ff6600;\" href=\"https:\/\/www.bio-nickl.de\/wordpress\/wp-content\/uploads\/2020\/03\/4-Vorwissen-Diagrammkompetenz_N1.docx\">word<\/a>] [<a style=\"color: #ff6600;\" href=\"https:\/\/www.bio-nickl.de\/wordpress\/wp-content\/uploads\/2020\/03\/4-Vorwissen-Diagrammkompetenz_N1.pdf\">pdf<\/a>]<\/span><\/li>\n<li><span style=\"color: #ff6600;\">5 Der Weg des Erkenntnisgewinns [<a style=\"color: #ff6600;\" href=\"http:\/\/www.bio-nickl.de\/wordpress\/wp-content\/uploads\/2019\/09\/5-Der-Weg-des-Erkenntnisgewinns.docx\">word<\/a>] [<a style=\"color: #ff6600;\" href=\"http:\/\/www.bio-nickl.de\/wordpress\/wp-content\/uploads\/2019\/09\/5-Der-Weg-des-Erkenntnisgewinns.pdf\">pdf<\/a>]<\/span><\/li>\n<li><span style=\"color: #ff6600;\">6 Aufgaben zur Zwischen- und Endevaluation\u00a0[<a style=\"color: #ff6600;\" href=\"https:\/\/www.bio-nickl.de\/wordpress\/wp-content\/uploads\/2026\/02\/6-Aufgaben-zur-Evaluation_N2.docx\">word<\/a>] [<a style=\"color: #ff6600;\" href=\"https:\/\/www.bio-nickl.de\/wordpress\/wp-content\/uploads\/2026\/02\/6-Aufgaben-zur-Evaluation_N2.pdf\">pdf<\/a>]<\/span><\/li>\n<li><span style=\"color: #ff6600;\">Anspruchsvolle Aufgaben zu Diagrammen [<a style=\"color: #ff6600;\" href=\"http:\/\/www.bio-nickl.de\/wordpress\/wp-content\/uploads\/2019\/09\/AM_B10_Auswertung_Aufg.docx\">word<\/a>] [<a style=\"color: #ff6600;\" href=\"http:\/\/www.bio-nickl.de\/wordpress\/wp-content\/uploads\/2019\/09\/AM_B10_Auswertung_Aufg.pdf\">pdf<\/a>]<\/span><\/li>\n<li><span style=\"color: #ff6600;\">Umweltfaktoren: Kompetenzschulung zur Erkenntnisgewinnung [<a style=\"color: #ff6600;\" href=\"http:\/\/www.bio-nickl.de\/wordpress\/wp-content\/uploads\/2019\/09\/AM_B10_Umweltfaktoren.docx\">word<\/a>] [<a style=\"color: #ff6600;\" href=\"http:\/\/www.bio-nickl.de\/wordpress\/wp-content\/uploads\/2019\/09\/AM_B10_Umweltfaktoren.pdf\">pdf<\/a>]<\/span><\/li>\n<\/ul>\n<\/li>\n<\/ul>\n<p><span style=\"color: #0000ff;\">10.2.3 Atemgase und Blutkreislauf<br \/>\n<\/span><\/p>\n<ul>\n<li><span style=\"color: #ff6600;\">Didaktisch-methodisches Skript 2.3 Atemgase \/ Blutkreislauf [<a style=\"color: #ff6600;\" href=\"https:\/\/www.bio-nickl.de\/wordpress\/wp-content\/uploads\/2023\/12\/DM_B10_Didaktik_LP_02.3_Atemgase_N2.docx\">word<\/a>] [<a style=\"color: #ff6600;\" href=\"https:\/\/www.bio-nickl.de\/wordpress\/wp-content\/uploads\/2023\/12\/DM_B10_Didaktik_LP_02.3_Atemgase_N2.pdf\">pdf<\/a>]<\/span><\/li>\n<li><span style=\"color: #ff6600;\">Arbeitsblatt Aufgaben 3: Ate<\/span><span style=\"color: #ff6600;\">mgase [<a style=\"color: #ff6600;\" href=\"https:\/\/www.bio-nickl.de\/wordpress\/wp-content\/uploads\/2021\/12\/AM-10-Aufgaben-3-Atemgase.docx\">word<\/a>] [<a style=\"color: #ff6600;\" href=\"https:\/\/www.bio-nickl.de\/wordpress\/wp-content\/uploads\/2021\/12\/AM-10-Aufgaben-3-Atemgase.pdf\">pdf<\/a>]<\/span><\/li>\n<li><span style=\"color: #ff6600;\">Arbeitsblatt Teilchenmodell Gasaustausch in der Lunge [<a style=\"color: #ff6600;\" href=\"http:\/\/www.bio-nickl.de\/wordpress\/wp-content\/uploads\/2019\/01\/AM_B5_Teilchenmodell_Gasaustausch_Lunge-N1.docx\">word<\/a>] [<a style=\"color: #ff6600;\" href=\"http:\/\/www.bio-nickl.de\/wordpress\/wp-content\/uploads\/2019\/01\/AM_B5_Teilchenmodell_Gasaustausch_Lunge-N1.pdf\">pdf<\/a>]<\/span><\/li>\n<li><span style=\"color: #ff6600;\">Teilchenmodell Gasaustausch Lunge (atomar) [<a style=\"color: #ff6600;\" href=\"http:\/\/www.bio-nickl.de\/wordpress\/wp-content\/uploads\/2019\/01\/AM_B5_Gasaustausch_Lunge_atomar.jpg\">jpg<\/a>]<\/span><\/li>\n<li><span style=\"color: #ff6600;\">Abbildung: Versuchsaufbau Kalkwasserprobe Atemluft [<a style=\"color: #ff6600;\" href=\"https:\/\/www.bio-nickl.de\/wordpress\/wp-content\/uploads\/2021\/12\/AM-10-VA-Kalkwasserprobe.jpg\">jpg<\/a>]<\/span><\/li>\n<li><span style=\"color: #ff6600;\">Abbildung: Anzahl an Erythrozyten mit der H\u00f6he [<a style=\"color: #ff6600;\" href=\"https:\/\/www.bio-nickl.de\/wordpress\/wp-content\/uploads\/2021\/12\/AM-10-Eryzahl-Hoehe.jpg\">jpg<\/a>]<\/span><\/li>\n<li><span style=\"color: #ff6600;\">Abbildung: Gasvolumina Atemluft [<a style=\"color: #ff6600;\" href=\"https:\/\/www.bio-nickl.de\/wordpress\/wp-content\/uploads\/2021\/12\/AM-10-Gasvolumina-scaled.jpg\">jpg<\/a>]<\/span><\/li>\n<li><span style=\"color: #ff6600;\">Arbeitsblatt Aufgaben 4: Blutkreislauf [<a style=\"color: #ff6600;\" href=\"https:\/\/www.bio-nickl.de\/wordpress\/wp-content\/uploads\/2023\/12\/AM-10-Aufgaben-4-Blutkreislauf_N1.docx\">word<\/a>] [<a style=\"color: #ff6600;\" href=\"https:\/\/www.bio-nickl.de\/wordpress\/wp-content\/uploads\/2023\/12\/AM-10-Aufgaben-4-Blutkreislauf_N1.pdf\">pdf<\/a>]<br \/>\n<\/span><\/li>\n<li><span style=\"color: #ff6600;\">Abbildung dazu: [<a style=\"color: #ff6600;\" href=\"https:\/\/www.bio-nickl.de\/wordpress\/wp-content\/uploads\/2023\/12\/AM-10-Abb.-Blutkreislauf-scaled.jpg\">jpg<\/a>] [<a style=\"color: #ff6600;\" href=\"https:\/\/www.bio-nickl.de\/wordpress\/wp-content\/uploads\/2023\/12\/AM-10-Abb.-Blutkreislauf.pdf\">pdf<\/a>]<\/span><\/li>\n<li><span style=\"color: #ff6600;\">Umriss Mensch [<a style=\"color: #ff6600;\" href=\"https:\/\/www.bio-nickl.de\/wordpress\/wp-content\/uploads\/2021\/11\/AM-10-Umriss-Mensch.jpg\">jpg]<\/a><\/span><\/li>\n<li><span style=\"color: #ff6600;\">Fehlerhafte Bilder zum Blutkreislauf [<a style=\"color: #ff6600;\" href=\"http:\/\/www.bio-nickl.de\/wordpress\/wp-content\/uploads\/2017\/07\/IR_Fehlerbilder_Kreislauf.jpg\">jpg<\/a>]<\/span><\/li>\n<li><span style=\"color: #ff6600;\">Arbeitsblatt Kreislaufmodell von Galen (historisch) [<a style=\"color: #ff6600;\" href=\"http:\/\/www.bio-nickl.de\/wordpress\/wp-content\/uploads\/2019\/09\/AM_B5_Blutkreislauf_historisch_N4.docx\">word<\/a>] [<a style=\"color: #ff6600;\" href=\"http:\/\/www.bio-nickl.de\/wordpress\/wp-content\/uploads\/2019\/09\/AM_B5_Blutkreislauf_historisch_N4.pdf\">pdf<\/a>]<\/span><\/li>\n<li><span style=\"color: #ff6600;\">Abbildung:\u00a0 Kreislaufsysteme im Vergleich (Fisch, Amphibium, Insekt) [<a style=\"color: #ff6600;\" href=\"https:\/\/www.bio-nickl.de\/wordpress\/wp-content\/uploads\/2021\/12\/AM-10-Kreislaufsysteme.jpg\"><span style=\"color: #ff6600;\">j<\/span>pg<\/a>]<\/span><\/li>\n<li><span style=\"color: #ff6600;\">Abbildung: Kreislaufschema mit Nummerierung [<a style=\"color: #ff6600;\" href=\"https:\/\/www.bio-nickl.de\/wordpress\/wp-content\/uploads\/2021\/12\/AM-10-Kreislauf-Schema.jpg\">jpg<\/a>]<\/span><\/li>\n<li><span style=\"color: #ff6600;\">Sauerstoffbindungskurve von H\u00e4moglobin [<a style=\"color: #ff6600;\" href=\"https:\/\/www.bio-nickl.de\/wordpress\/wp-content\/uploads\/2021\/12\/AM-10-Sauerstoffbindungskurve-Hb.jpg\">jpg<\/a>]<\/span><\/li>\n<\/ul>\n<p><span style=\"color: #0000ff;\">10.2.4 Stoffwechselwege<\/span><\/p>\n<ul>\n<li><span style=\"color: #ff6600;\">Didaktisch-methodisches Skript 2.4 Stoffwechselwege [<a style=\"color: #ff6600;\" href=\"https:\/\/www.bio-nickl.de\/wordpress\/wp-content\/uploads\/2024\/06\/DM_B10_Didaktik_LP_02.4_SW-Wege-N3.docx\">docx<\/a>] [<a style=\"color: #ff6600;\" href=\"https:\/\/www.bio-nickl.de\/wordpress\/wp-content\/uploads\/2024\/06\/DM_B10_Didaktik_LP_02.4_SW-Wege-N3.pdf\">pdf<\/a>]<br \/>\n<\/span><\/li>\n<li><span style=\"color: #ff6600;\">Arbeitsblatt Aufgaben 5: Stoffwechselwege [<a style=\"color: #ff6600;\" href=\"https:\/\/www.bio-nickl.de\/wordpress\/wp-content\/uploads\/2021\/12\/AM-10-Aufgaben-5-Stoffwechselwege.docx\">word<\/a>] [<a style=\"color: #ff6600;\" href=\"https:\/\/www.bio-nickl.de\/wordpress\/wp-content\/uploads\/2021\/12\/AM-10-Aufgaben-5-Stoffwechselwege.pdf\">pdf<\/a>]<\/span><\/li>\n<li><span style=\"color: #ff6600;\">Abbildung ATP-Synthese (ohne Beschriftung) [<a style=\"color: #ff6600;\" href=\"https:\/\/www.bio-nickl.de\/wordpress\/wp-content\/uploads\/2021\/12\/ATP-Synthese.jpg\">jpg<\/a>]<\/span><\/li>\n<li><span style=\"color: #ff6600;\">alternative Abbildung ATP-Synthese (ohne Beschriftung) [<a style=\"color: #ff6600;\" href=\"https:\/\/www.bio-nickl.de\/wordpress\/wp-content\/uploads\/2021\/12\/ATP-Synthese-alternativ.jpg\">jpg<\/a>]<\/span><\/li>\n<li><span style=\"color: #ff6600;\">Abbildung Stoffwechselwege zur Energiebereitstellung bei Belastung [<a style=\"color: #ff6600;\" href=\"https:\/\/www.bio-nickl.de\/wordpress\/wp-content\/uploads\/2021\/12\/AM-10-Diagramm-SW.jpg\">jpg<\/a>]; Legende dazu [<a style=\"color: #ff6600;\" href=\"https:\/\/www.bio-nickl.de\/wordpress\/wp-content\/uploads\/2021\/12\/AM-10-Diagramm-SW-Legende.jpg\">jpg<\/a>]<\/span><\/li>\n<li><span style=\"color: #ff6600;\">Abbildung Sauerstoffbedarf bei Belastung [<a style=\"color: #ff6600;\" href=\"https:\/\/www.bio-nickl.de\/wordpress\/wp-content\/uploads\/2021\/12\/AM-10-Diagramm-Sauerstoff-Bedarf.jpg\">jpg<\/a>]<\/span><\/li>\n<\/ul>\n<p><span style=\"color: #0000ff;\">10.3 Vergangenheit und Zukunft des Menschen<\/span><\/p>\n<ul>\n<li><span style=\"color: #ff6600;\">Didaktisch-methodisches Skript 3 Vergangenheit und Zukunft des Menschen [<a style=\"color: #ff6600;\" href=\"https:\/\/www.bio-nickl.de\/wordpress\/wp-content\/uploads\/2022\/02\/DM_B10_Didaktik_LP_03_Evo_Mensch_N1.docx\">word<\/a>] [<a style=\"color: #ff6600;\" href=\"https:\/\/www.bio-nickl.de\/wordpress\/wp-content\/uploads\/2022\/02\/DM_B10_Didaktik_LP_03_Evo_Mensch_N1.pdf\">pdf<\/a>]<\/span><\/li>\n<li><span style=\"color: #ff6600;\">Arbeitsblatt Aufgaben 6: Verg. und Zukunft des Menschen [<a style=\"color: #ff6600;\" href=\"https:\/\/www.bio-nickl.de\/wordpress\/wp-content\/uploads\/2022\/01\/AM-10-Aufgaben-6-Evo-Mensch.docx\">word<\/a>] [<a style=\"color: #ff6600;\" href=\"https:\/\/www.bio-nickl.de\/wordpress\/wp-content\/uploads\/2022\/01\/AM-10-Aufgaben-6-Evo-Mensch.pdf\">pdf<\/a>]<\/span><\/li>\n<li><span style=\"color: #ff6600;\">Informationsblatt zur Systematik der Amphibien [<a style=\"color: #ff6600;\" href=\"https:\/\/www.bio-nickl.de\/wordpress\/wp-content\/uploads\/2022\/01\/Info-Systematik-Amphibien.docx\">word<\/a>] [<a style=\"color: #ff6600;\" href=\"https:\/\/www.bio-nickl.de\/wordpress\/wp-content\/uploads\/2022\/01\/Info-Systematik-Amphibien.pdf\">pdf<\/a>]<\/span><\/li>\n<li><span style=\"color: #ff6600;\">Informationsblatt zur Systematik der Reptilien [<a style=\"color: #ff6600;\" href=\"https:\/\/www.bio-nickl.de\/wordpress\/wp-content\/uploads\/2022\/01\/Info-Systematik-Reptilien.docx\">word<\/a>] [<a style=\"color: #ff6600;\" href=\"https:\/\/www.bio-nickl.de\/wordpress\/wp-content\/uploads\/2022\/01\/Info-Systematik-Reptilien.pdf\">pdf<\/a>]<\/span><\/li>\n<li><span style=\"color: #ff6600;\">Arbeitsblatt \u00dcbersicht Erdzeitalter (mit Vorschlag zu Grundwissen) [<a style=\"color: #ff6600;\" href=\"http:\/\/www.bio-nickl.de\/wordpress\/wp-content\/uploads\/2018\/02\/AM_B5_Erdzeitalter.docx\">word<\/a>] [<a style=\"color: #ff6600;\" href=\"http:\/\/www.bio-nickl.de\/wordpress\/wp-content\/uploads\/2018\/02\/AM_B5_Erdzeitalter_AB.jpg\">jpg<\/a>] [<a style=\"color: #ff6600;\" href=\"http:\/\/www.bio-nickl.de\/wordpress\/wp-content\/uploads\/2019\/09\/AM_B5_Erdzeitalter.pdf\">pdf aus scan<\/a>]<\/span><\/li>\n<li><span style=\"color: #ff6600;\">Arbeitsblatt zur Populations-Entwicklung des Menschen [<a style=\"color: #ff6600;\" href=\"https:\/\/www.bio-nickl.de\/wordpress\/wp-content\/uploads\/2022\/01\/AM-10-Bev.entwicklung.docx\">word<\/a>] [<a style=\"color: #ff6600;\" href=\"https:\/\/www.bio-nickl.de\/wordpress\/wp-content\/uploads\/2022\/01\/AM-10-Bev.entwicklung.pdf\">pdf<\/a>]<\/span><\/li>\n<li><span style=\"color: #ff6600;\">Weiterf\u00fchrende Information und Daten \u00fcber Prognosen zur Bev\u00f6lkerungsentwicklung bis 2100<a style=\"color: #ff6600;\" href=\"https:\/\/www.bio-nickl.de\/wordpress\/wp-content\/uploads\/2022\/01\/Info-Bev.entw_.-Prognosen.docx\"> [word<\/a>] [<a style=\"color: #ff6600;\" href=\"https:\/\/www.bio-nickl.de\/wordpress\/wp-content\/uploads\/2022\/01\/Info-Bev.entw_.-Prognosen.pdf\">pdf<\/a>]<\/span><\/li>\n<li><span style=\"color: #ff6600;\">Einige konkrete Daten sowie in Literaturhinweis zur Kohlenstoffdioxid-Belastung: [<a style=\"color: #ff6600;\" href=\"https:\/\/www.bio-nickl.de\/wordpress\/wp-content\/uploads\/2022\/01\/Kohlenstoffdioxid-Belastung.docx\">word<\/a>] [<a style=\"color: #ff6600;\" href=\"https:\/\/www.bio-nickl.de\/wordpress\/wp-content\/uploads\/2022\/01\/Kohlenstoffdioxid-Belastung.pdf\">pdf<\/a>]<\/span><\/li>\n<\/ul>\n","protected":false},"excerpt":{"rendered":"<p>Der Praktikumsordner \u201eBio? \u2013 Logisch!\u201c, Akademiebericht 506 der Akademie f\u00fcr Lehrerfortbildung und Personalf\u00fchrung Dillingen (ALP) enth\u00e4lt Beschreibungen und Unterlagen zu Experimenten, Untersuchungen, Rollenspielen usw. f\u00fcr den Biologie-Unterricht. Er kann nur in Dillingen bestellt werden: https:\/\/alp.dillingen.de\/akademie\/akademieberichte\/ Stichwort \u201e506\u201c oder \u201ebio logisch\u201c; Kostenpunkt: 45,00 Euro. Mit der 2. Auflage ver\u00e4ndern sich einige Nummern der Praktikumsbl\u00e4tter. Hier ist &hellip; <\/p>\n<p class=\"link-more\"><a href=\"https:\/\/www.bio-nickl.de\/wordpress\/materialien-mittelstufe-lehrplanplus\/\" class=\"more-link\"><span class=\"screen-reader-text\">\u201eMaterialien Mittelstufe LehrplanPLUS\u201c<\/span> weiterlesen<\/a><\/p>\n","protected":false},"author":1,"featured_media":0,"parent":0,"menu_order":0,"comment_status":"closed","ping_status":"closed","template":"","meta":{"om_disable_all_campaigns":false,"_monsterinsights_skip_tracking":false,"_monsterinsights_sitenote_active":false,"_monsterinsights_sitenote_note":"","_monsterinsights_sitenote_category":0,"footnotes":""},"class_list":["post-5121","page","type-page","status-publish","hentry"],"aioseo_notices":[],"_links":{"self":[{"href":"https:\/\/www.bio-nickl.de\/wordpress\/wp-json\/wp\/v2\/pages\/5121","targetHints":{"allow":["GET"]}}],"collection":[{"href":"https:\/\/www.bio-nickl.de\/wordpress\/wp-json\/wp\/v2\/pages"}],"about":[{"href":"https:\/\/www.bio-nickl.de\/wordpress\/wp-json\/wp\/v2\/types\/page"}],"author":[{"embeddable":true,"href":"https:\/\/www.bio-nickl.de\/wordpress\/wp-json\/wp\/v2\/users\/1"}],"replies":[{"embeddable":true,"href":"https:\/\/www.bio-nickl.de\/wordpress\/wp-json\/wp\/v2\/comments?post=5121"}],"version-history":[{"count":501,"href":"https:\/\/www.bio-nickl.de\/wordpress\/wp-json\/wp\/v2\/pages\/5121\/revisions"}],"predecessor-version":[{"id":8925,"href":"https:\/\/www.bio-nickl.de\/wordpress\/wp-json\/wp\/v2\/pages\/5121\/revisions\/8925"}],"wp:attachment":[{"href":"https:\/\/www.bio-nickl.de\/wordpress\/wp-json\/wp\/v2\/media?parent=5121"}],"curies":[{"name":"wp","href":"https:\/\/api.w.org\/{rel}","templated":true}]}}